{"id":2452,"date":"2024-12-01T11:00:07","date_gmt":"2024-12-01T10:00:07","guid":{"rendered":"https:\/\/nuvem.paris\/?post_type=product&#038;p=2452"},"modified":"2024-12-16T21:15:28","modified_gmt":"2024-12-16T20:15:28","slug":"sweat-nuvem-ville-noir-personnalisable","status":"publish","type":"product","link":"https:\/\/nuvem.paris\/index.php\/produit\/sweat-nuvem-ville-noir-personnalisable\/","title":{"rendered":"SWEAT NUVEM <br\/> Personnalisable"},"content":{"rendered":"<div class=\"woocommerce-tabs wc-tabs-wrapper\">\n<div id=\"tab-description\" class=\"woocommerce-Tabs-panel woocommerce-Tabs-panel--description panel entry-content wc-tab\" role=\"tabpanel\" aria-labelledby=\"tab-title-description\">\n<p>ATTENTION : ajouter UNIQUEMENT le nom de la ville portugaise dans les notes de la commande apr\u00e8s avoir cliqu\u00e9 sur \u00ab\u00a0proc\u00e9der au paiement\u00a0\u00bb, ne pas payer avec Apple pay ou Google pay.<\/p>\n<\/div>\n<p>Toute erreur produite et la commande sera annul\u00e9e et rembours\u00e9e<\/p>\n<\/div>\n<p>Merci d&rsquo;ajouter le nom de la ville ici :<\/p>\n<p><img decoding=\"async\" class=\"alignnone size-medium wp-image-2494\" src=\"https:\/\/nuvem.paris\/wp-content\/uploads\/2024\/11\/Capture-decran-2024-11-30-a-12.25.47-300x163.png\" alt=\"\" width=\"300\" height=\"163\" srcset=\"https:\/\/nuvem.paris\/wp-content\/uploads\/2024\/11\/Capture-decran-2024-11-30-a-12.25.47-300x163.png 300w, https:\/\/nuvem.paris\/wp-content\/uploads\/2024\/11\/Capture-decran-2024-11-30-a-12.25.47-1024x555.png 1024w, https:\/\/nuvem.paris\/wp-content\/uploads\/2024\/11\/Capture-decran-2024-11-30-a-12.25.47-768x416.png 768w, https:\/\/nuvem.paris\/wp-content\/uploads\/2024\/11\/Capture-decran-2024-11-30-a-12.25.47-1536x832.png 1536w, https:\/\/nuvem.paris\/wp-content\/uploads\/2024\/11\/Capture-decran-2024-11-30-a-12.25.47-2048x1110.png 2048w, https:\/\/nuvem.paris\/wp-content\/uploads\/2024\/11\/Capture-decran-2024-11-30-a-12.25.47-600x325.png 600w\" sizes=\"(max-width: 300px) 100vw, 300px\" \/><\/p>\n<p><img decoding=\"async\" class=\"alignnone size-medium wp-image-2496\" src=\"https:\/\/nuvem.paris\/wp-content\/uploads\/2024\/11\/Capture-decran-2024-11-30-a-12.28.14-1-300x162.png\" alt=\"\" width=\"300\" height=\"162\" srcset=\"https:\/\/nuvem.paris\/wp-content\/uploads\/2024\/11\/Capture-decran-2024-11-30-a-12.28.14-1-300x162.png 300w, https:\/\/nuvem.paris\/wp-content\/uploads\/2024\/11\/Capture-decran-2024-11-30-a-12.28.14-1-1024x552.png 1024w, https:\/\/nuvem.paris\/wp-content\/uploads\/2024\/11\/Capture-decran-2024-11-30-a-12.28.14-1-768x414.png 768w, https:\/\/nuvem.paris\/wp-content\/uploads\/2024\/11\/Capture-decran-2024-11-30-a-12.28.14-1-1536x828.png 1536w, https:\/\/nuvem.paris\/wp-content\/uploads\/2024\/11\/Capture-decran-2024-11-30-a-12.28.14-1-2048x1104.png 2048w, https:\/\/nuvem.paris\/wp-content\/uploads\/2024\/11\/Capture-decran-2024-11-30-a-12.28.14-1-600x324.png 600w\" sizes=\"(max-width: 300px) 100vw, 300px\" \/><\/p>\n<div class=\"woocommerce-tabs wc-tabs-wrapper\">\n<div id=\"tab-description\" class=\"woocommerce-Tabs-panel woocommerce-Tabs-panel--description panel entry-content wc-tab\" role=\"tabpanel\" aria-labelledby=\"tab-title-description\">\n<p>Les retours ne sont pas possible merci de bien \u00eatre vigilant sur les tailles.<\/p>\n<p>Votre nouveau sweat pr\u00e9f\u00e9r\u00e9 vous vient d\u2019arriver : ultra-confort, d\u2019excellente qualit\u00e9 et fabriqu\u00e9 de mani\u00e8re responsable. Un classique que vous n\u2019aurez jamais envie d\u2019enlever.<\/p>\n<ul class=\"listMCE\">\n<li>Sweat \u00e0 capuche unisexe \u00e0 coupe droite avec des manches mont\u00e9es<\/li>\n<li>Capuche doubl\u00e9e avec \u0153illets m\u00e9talliques, cordon de serrage rond et uni avec des extr\u00e9mit\u00e9s m\u00e9talliques<\/li>\n<li>Poche kangourou \u00e0 l\u2019avant avec une large couture<\/li>\n<li>Bords c\u00f4tel\u00e9s 1\/1 et double surpiq\u00fbre au col, bords et manches<\/li>\n<li>Bande \u00e0 chevrons et empi\u00e8cements en forme de demi-lune au niveau de la nuque<\/li>\n<li>Tissu doux et \u00e9pais\u00a0: 350 g\/m\u00b2<\/li>\n<li>Composition : 100 % coton bio<\/li>\n<\/ul>\n<div class=\"size-table \">\n<div class=\"size-image-wrapper\">\n<p><img decoding=\"async\" src=\"https:\/\/image.spreadshirtmedia.net\/image-server\/v1\/productTypes\/2091\/variants\/size?width=200&amp;height=200\" alt=\"Sweat \u00e0 capuche bio CRUISER Stanley\/Stella Unisexe\" width=\"200\" height=\"200\" \/><\/p>\n<div class=\"size-hint\">taille normal<\/div>\n<\/div>\n<div class=\"size-table-wrapper\">\n<table>\n<thead>\n<tr>\n<th><\/th>\n<th class=\"measure-name\">A<\/th>\n<th class=\"measure-name\">B<\/th>\n<th class=\"measure-name\">C<\/th>\n<\/tr>\n<\/thead>\n<tbody>\n<tr class=\"size size-1\">\n<td class=\"size-cell\">XS<\/td>\n<td class=\"measure-cell measure-cell-0\">650 mm<\/td>\n<td class=\"measure-cell measure-cell-1\">530 mm<\/td>\n<td class=\"measure-cell measure-cell-2\">595 mm<\/td>\n<\/tr>\n<tr class=\"size size-2\">\n<td class=\"size-cell\">S<\/td>\n<td class=\"measure-cell measure-cell-0\">690 mm<\/td>\n<td class=\"measure-cell measure-cell-1\">550 mm<\/td>\n<td class=\"measure-cell measure-cell-2\">630 mm<\/td>\n<\/tr>\n<tr class=\"size size-3\">\n<td class=\"size-cell\">M<\/td>\n<td class=\"measure-cell measure-cell-0\">730 mm<\/td>\n<td class=\"measure-cell measure-cell-1\">590 mm<\/td>\n<td class=\"measure-cell measure-cell-2\">655 mm<\/td>\n<\/tr>\n<tr class=\"size size-4\">\n<td class=\"size-cell\">L<\/td>\n<td class=\"measure-cell measure-cell-0\">750 mm<\/td>\n<td class=\"measure-cell measure-cell-1\">620 mm<\/td>\n<td class=\"measure-cell measure-cell-2\">675 mm<\/td>\n<\/tr>\n<tr class=\"size size-5\">\n<td class=\"size-cell\">XL<\/td>\n<td class=\"measure-cell measure-cell-0\">770 mm<\/td>\n<td class=\"measure-cell measure-cell-1\">650 mm<\/td>\n<td class=\"measure-cell measure-cell-2\">680 mm<\/td>\n<\/tr>\n<tr class=\"size size-6\">\n<td class=\"size-cell\">XXL<\/td>\n<td class=\"measure-cell measure-cell-0\">790 mm<\/td>\n<td class=\"measure-cell measure-cell-1\">690 mm<\/td>\n<td class=\"measure-cell measure-cell-2\">685 mm<\/td>\n<\/tr>\n<\/tbody>\n<\/table>\n<\/div>\n<\/div>\n<\/div>\n<\/div>\n","protected":false},"excerpt":{"rendered":"<p>Je confirme, ajouter UNIQUEMENT le nom de la ville portugaise dans les notes de la commande apr\u00e8s avoir cliqu\u00e9 sur \u00ab\u00a0Ajouter au panier\u00a0\u00bb puis \u00ab\u00a0proc\u00e9der au paiement\u00a0\u00bb, ne pas payer avec <strong>Apple Pay ou Google Pay.<\/strong><\/p>\n<p>Nuvem Paris ne peut pas \u00eatre tenu responsable en cas de faute d&rsquo;orthographe<\/p>\n<p>Merci \ud83d\ude42<\/p>\n","protected":false},"featured_media":2507,"comment_status":"open","ping_status":"closed","template":"","meta":[],"product_brand":[],"product_cat":[66],"product_tag":[],"class_list":{"0":"post-2452","1":"product","2":"type-product","3":"status-publish","4":"has-post-thumbnail","6":"product_cat-sweat","8":"first","9":"instock","10":"shipping-taxable","11":"purchasable","12":"product-type-variable"},"yoast_head":"<!-- This site is optimized with the Yoast SEO plugin v26.2 - https:\/\/yoast.com\/wordpress\/plugins\/seo\/ -->\n<title>SWEAT NUVEM  Personnalisable - Nuvem<\/title>\n<meta name=\"robots\" content=\"index, follow, max-snippet:-1, max-image-preview:large, max-video-preview:-1\" \/>\n<link rel=\"canonical\" href=\"https:\/\/nuvem.paris\/index.php\/produit\/sweat-nuvem-ville-noir-personnalisable\/\" \/>\n<meta property=\"og:locale\" content=\"fr_FR\" \/>\n<meta property=\"og:type\" content=\"article\" \/>\n<meta property=\"og:title\" content=\"SWEAT NUVEM  Personnalisable - Nuvem\" \/>\n<meta property=\"og:description\" content=\"Je confirme, ajouter UNIQUEMENT le nom de la ville portugaise dans les notes de la commande apr\u00e8s avoir cliqu\u00e9 sur &quot;Ajouter au panier&quot; puis &quot;proc\u00e9der au paiement&quot;, ne pas payer avec Apple Pay ou Google Pay.  Nuvem Paris ne peut pas \u00eatre tenu responsable en cas de faute d&#039;orthographe  Merci :)\" \/>\n<meta property=\"og:url\" content=\"https:\/\/nuvem.paris\/index.php\/produit\/sweat-nuvem-ville-noir-personnalisable\/\" \/>\n<meta property=\"og:site_name\" content=\"Nuvem\" \/>\n<meta property=\"article:modified_time\" content=\"2024-12-16T20:15:28+00:00\" \/>\n<meta property=\"og:image\" content=\"https:\/\/nuvem.paris\/wp-content\/uploads\/2024\/11\/spod-3059267-2-null-null-2.png\" \/>\n\t<meta property=\"og:image:width\" content=\"1000\" \/>\n\t<meta property=\"og:image:height\" content=\"1000\" \/>\n\t<meta property=\"og:image:type\" content=\"image\/png\" \/>\n<meta name=\"twitter:card\" content=\"summary_large_image\" \/>\n<meta name=\"twitter:label1\" content=\"Dur\u00e9e de lecture estim\u00e9e\" \/>\n\t<meta name=\"twitter:data1\" content=\"2 minutes\" \/>\n<script type=\"application\/ld+json\" class=\"yoast-schema-graph\">{\"@context\":\"https:\/\/schema.org\",\"@graph\":[{\"@type\":\"WebPage\",\"@id\":\"https:\/\/nuvem.paris\/index.php\/produit\/sweat-nuvem-ville-noir-personnalisable\/\",\"url\":\"https:\/\/nuvem.paris\/index.php\/produit\/sweat-nuvem-ville-noir-personnalisable\/\",\"name\":\"SWEAT NUVEM Personnalisable - Nuvem\",\"isPartOf\":{\"@id\":\"https:\/\/nuvem.paris\/#website\"},\"primaryImageOfPage\":{\"@id\":\"https:\/\/nuvem.paris\/index.php\/produit\/sweat-nuvem-ville-noir-personnalisable\/#primaryimage\"},\"image\":{\"@id\":\"https:\/\/nuvem.paris\/index.php\/produit\/sweat-nuvem-ville-noir-personnalisable\/#primaryimage\"},\"thumbnailUrl\":\"https:\/\/nuvem.paris\/wp-content\/uploads\/2024\/11\/spod-3059267-2-null-null-2.png\",\"datePublished\":\"2024-12-01T10:00:07+00:00\",\"dateModified\":\"2024-12-16T20:15:28+00:00\",\"breadcrumb\":{\"@id\":\"https:\/\/nuvem.paris\/index.php\/produit\/sweat-nuvem-ville-noir-personnalisable\/#breadcrumb\"},\"inLanguage\":\"fr-FR\",\"potentialAction\":[{\"@type\":\"ReadAction\",\"target\":[\"https:\/\/nuvem.paris\/index.php\/produit\/sweat-nuvem-ville-noir-personnalisable\/\"]}]},{\"@type\":\"ImageObject\",\"inLanguage\":\"fr-FR\",\"@id\":\"https:\/\/nuvem.paris\/index.php\/produit\/sweat-nuvem-ville-noir-personnalisable\/#primaryimage\",\"url\":\"https:\/\/nuvem.paris\/wp-content\/uploads\/2024\/11\/spod-3059267-2-null-null-2.png\",\"contentUrl\":\"https:\/\/nuvem.paris\/wp-content\/uploads\/2024\/11\/spod-3059267-2-null-null-2.png\",\"width\":1000,\"height\":1000},{\"@type\":\"BreadcrumbList\",\"@id\":\"https:\/\/nuvem.paris\/index.php\/produit\/sweat-nuvem-ville-noir-personnalisable\/#breadcrumb\",\"itemListElement\":[{\"@type\":\"ListItem\",\"position\":1,\"name\":\"Accueil\",\"item\":\"https:\/\/nuvem.paris\/\"},{\"@type\":\"ListItem\",\"position\":2,\"name\":\"Boutique\",\"item\":\"https:\/\/nuvem.paris\/index.php\/boutique\/\"},{\"@type\":\"ListItem\",\"position\":3,\"name\":\"SWEAT NUVEM Personnalisable\"}]},{\"@type\":\"WebSite\",\"@id\":\"https:\/\/nuvem.paris\/#website\",\"url\":\"https:\/\/nuvem.paris\/\",\"name\":\"Nuvem\",\"description\":\"Portugal inspir\u00e9, nature pr\u00e9serv\u00e9e - la mode \u00e9co-consciente\",\"publisher\":{\"@id\":\"https:\/\/nuvem.paris\/#organization\"},\"potentialAction\":[{\"@type\":\"SearchAction\",\"target\":{\"@type\":\"EntryPoint\",\"urlTemplate\":\"https:\/\/nuvem.paris\/?s={search_term_string}\"},\"query-input\":{\"@type\":\"PropertyValueSpecification\",\"valueRequired\":true,\"valueName\":\"search_term_string\"}}],\"inLanguage\":\"fr-FR\"},{\"@type\":\"Organization\",\"@id\":\"https:\/\/nuvem.paris\/#organization\",\"name\":\"Nuvem\",\"url\":\"https:\/\/nuvem.paris\/\",\"logo\":{\"@type\":\"ImageObject\",\"inLanguage\":\"fr-FR\",\"@id\":\"https:\/\/nuvem.paris\/#\/schema\/logo\/image\/\",\"url\":\"https:\/\/nuvem.paris\/wp-content\/uploads\/2024\/04\/autocollant.png\",\"contentUrl\":\"https:\/\/nuvem.paris\/wp-content\/uploads\/2024\/04\/autocollant.png\",\"width\":800,\"height\":360,\"caption\":\"Nuvem\"},\"image\":{\"@id\":\"https:\/\/nuvem.paris\/#\/schema\/logo\/image\/\"}}]}<\/script>\n<!-- \/ Yoast SEO plugin. -->","yoast_head_json":{"title":"SWEAT NUVEM  Personnalisable - Nuvem","robots":{"index":"index","follow":"follow","max-snippet":"max-snippet:-1","max-image-preview":"max-image-preview:large","max-video-preview":"max-video-preview:-1"},"canonical":"https:\/\/nuvem.paris\/index.php\/produit\/sweat-nuvem-ville-noir-personnalisable\/","og_locale":"fr_FR","og_type":"article","og_title":"SWEAT NUVEM  Personnalisable - Nuvem","og_description":"Je confirme, ajouter UNIQUEMENT le nom de la ville portugaise dans les notes de la commande apr\u00e8s avoir cliqu\u00e9 sur \"Ajouter au panier\" puis \"proc\u00e9der au paiement\", ne pas payer avec Apple Pay ou Google Pay.  Nuvem Paris ne peut pas \u00eatre tenu responsable en cas de faute d'orthographe  Merci :)","og_url":"https:\/\/nuvem.paris\/index.php\/produit\/sweat-nuvem-ville-noir-personnalisable\/","og_site_name":"Nuvem","article_modified_time":"2024-12-16T20:15:28+00:00","og_image":[{"width":1000,"height":1000,"url":"https:\/\/nuvem.paris\/wp-content\/uploads\/2024\/11\/spod-3059267-2-null-null-2.png","type":"image\/png"}],"twitter_card":"summary_large_image","twitter_misc":{"Dur\u00e9e de lecture estim\u00e9e":"2 minutes"},"schema":{"@context":"https:\/\/schema.org","@graph":[{"@type":"WebPage","@id":"https:\/\/nuvem.paris\/index.php\/produit\/sweat-nuvem-ville-noir-personnalisable\/","url":"https:\/\/nuvem.paris\/index.php\/produit\/sweat-nuvem-ville-noir-personnalisable\/","name":"SWEAT NUVEM Personnalisable - Nuvem","isPartOf":{"@id":"https:\/\/nuvem.paris\/#website"},"primaryImageOfPage":{"@id":"https:\/\/nuvem.paris\/index.php\/produit\/sweat-nuvem-ville-noir-personnalisable\/#primaryimage"},"image":{"@id":"https:\/\/nuvem.paris\/index.php\/produit\/sweat-nuvem-ville-noir-personnalisable\/#primaryimage"},"thumbnailUrl":"https:\/\/nuvem.paris\/wp-content\/uploads\/2024\/11\/spod-3059267-2-null-null-2.png","datePublished":"2024-12-01T10:00:07+00:00","dateModified":"2024-12-16T20:15:28+00:00","breadcrumb":{"@id":"https:\/\/nuvem.paris\/index.php\/produit\/sweat-nuvem-ville-noir-personnalisable\/#breadcrumb"},"inLanguage":"fr-FR","potentialAction":[{"@type":"ReadAction","target":["https:\/\/nuvem.paris\/index.php\/produit\/sweat-nuvem-ville-noir-personnalisable\/"]}]},{"@type":"ImageObject","inLanguage":"fr-FR","@id":"https:\/\/nuvem.paris\/index.php\/produit\/sweat-nuvem-ville-noir-personnalisable\/#primaryimage","url":"https:\/\/nuvem.paris\/wp-content\/uploads\/2024\/11\/spod-3059267-2-null-null-2.png","contentUrl":"https:\/\/nuvem.paris\/wp-content\/uploads\/2024\/11\/spod-3059267-2-null-null-2.png","width":1000,"height":1000},{"@type":"BreadcrumbList","@id":"https:\/\/nuvem.paris\/index.php\/produit\/sweat-nuvem-ville-noir-personnalisable\/#breadcrumb","itemListElement":[{"@type":"ListItem","position":1,"name":"Accueil","item":"https:\/\/nuvem.paris\/"},{"@type":"ListItem","position":2,"name":"Boutique","item":"https:\/\/nuvem.paris\/index.php\/boutique\/"},{"@type":"ListItem","position":3,"name":"SWEAT NUVEM Personnalisable"}]},{"@type":"WebSite","@id":"https:\/\/nuvem.paris\/#website","url":"https:\/\/nuvem.paris\/","name":"Nuvem","description":"Portugal inspir\u00e9, nature pr\u00e9serv\u00e9e - la mode \u00e9co-consciente","publisher":{"@id":"https:\/\/nuvem.paris\/#organization"},"potentialAction":[{"@type":"SearchAction","target":{"@type":"EntryPoint","urlTemplate":"https:\/\/nuvem.paris\/?s={search_term_string}"},"query-input":{"@type":"PropertyValueSpecification","valueRequired":true,"valueName":"search_term_string"}}],"inLanguage":"fr-FR"},{"@type":"Organization","@id":"https:\/\/nuvem.paris\/#organization","name":"Nuvem","url":"https:\/\/nuvem.paris\/","logo":{"@type":"ImageObject","inLanguage":"fr-FR","@id":"https:\/\/nuvem.paris\/#\/schema\/logo\/image\/","url":"https:\/\/nuvem.paris\/wp-content\/uploads\/2024\/04\/autocollant.png","contentUrl":"https:\/\/nuvem.paris\/wp-content\/uploads\/2024\/04\/autocollant.png","width":800,"height":360,"caption":"Nuvem"},"image":{"@id":"https:\/\/nuvem.paris\/#\/schema\/logo\/image\/"}}]}},"_links":{"self":[{"href":"https:\/\/nuvem.paris\/index.php\/wp-json\/wp\/v2\/product\/2452","targetHints":{"allow":["GET"]}}],"collection":[{"href":"https:\/\/nuvem.paris\/index.php\/wp-json\/wp\/v2\/product"}],"about":[{"href":"https:\/\/nuvem.paris\/index.php\/wp-json\/wp\/v2\/types\/product"}],"replies":[{"embeddable":true,"href":"https:\/\/nuvem.paris\/index.php\/wp-json\/wp\/v2\/comments?post=2452"}],"version-history":[{"count":10,"href":"https:\/\/nuvem.paris\/index.php\/wp-json\/wp\/v2\/product\/2452\/revisions"}],"predecessor-version":[{"id":2695,"href":"https:\/\/nuvem.paris\/index.php\/wp-json\/wp\/v2\/product\/2452\/revisions\/2695"}],"wp:featuredmedia":[{"embeddable":true,"href":"https:\/\/nuvem.paris\/index.php\/wp-json\/wp\/v2\/media\/2507"}],"wp:attachment":[{"href":"https:\/\/nuvem.paris\/index.php\/wp-json\/wp\/v2\/media?parent=2452"}],"wp:term":[{"taxonomy":"product_brand","embeddable":true,"href":"https:\/\/nuvem.paris\/index.php\/wp-json\/wp\/v2\/product_brand?post=2452"},{"taxonomy":"product_cat","embeddable":true,"href":"https:\/\/nuvem.paris\/index.php\/wp-json\/wp\/v2\/product_cat?post=2452"},{"taxonomy":"product_tag","embeddable":true,"href":"https:\/\/nuvem.paris\/index.php\/wp-json\/wp\/v2\/product_tag?post=2452"}],"curies":[{"name":"wp","href":"https:\/\/api.w.org\/{rel}","templated":true}]}}