{"id":942,"date":"2024-04-21T22:42:11","date_gmt":"2024-04-21T20:42:11","guid":{"rendered":"https:\/\/nuvem.paris\/?page_id=942"},"modified":"2025-12-11T19:17:46","modified_gmt":"2025-12-11T18:17:46","slug":"condition-general-de-vente","status":"publish","type":"page","link":"https:\/\/nuvem.paris\/index.php\/condition-general-de-vente\/","title":{"rendered":"Condition g\u00e9n\u00e9ral de vente"},"content":{"rendered":"\t\t<div data-elementor-type=\"wp-page\" data-elementor-id=\"942\" class=\"elementor elementor-942\" data-elementor-post-type=\"page\">\n\t\t\t\t<div class=\"elementor-element elementor-element-fe93807 e-flex e-con-boxed e-con e-parent\" data-id=\"fe93807\" data-element_type=\"container\">\n\t\t\t\t\t<div class=\"e-con-inner\">\n\t\t\t\t<div class=\"elementor-element elementor-element-6e275c2 elementor-widget elementor-widget-spacer\" data-id=\"6e275c2\" data-element_type=\"widget\" data-widget_type=\"spacer.default\">\n\t\t\t\t<div class=\"elementor-widget-container\">\n\t\t\t\t\t\t\t<div class=\"elementor-spacer\">\n\t\t\t<div class=\"elementor-spacer-inner\"><\/div>\n\t\t<\/div>\n\t\t\t\t\t\t<\/div>\n\t\t\t\t<\/div>\n\t\t\t\t<div class=\"elementor-element elementor-element-06ca3be elementor-widget elementor-widget-heading\" data-id=\"06ca3be\" data-element_type=\"widget\" data-widget_type=\"heading.default\">\n\t\t\t\t<div class=\"elementor-widget-container\">\n\t\t\t\t\t<h2 class=\"elementor-heading-title elementor-size-default\">Conditions g\u00e9n\u00e9rales de vente<\/h2>\t\t\t\t<\/div>\n\t\t\t\t<\/div>\n\t\t\t\t<div class=\"elementor-element elementor-element-e4c568f elementor-widget elementor-widget-text-editor\" data-id=\"e4c568f\" data-element_type=\"widget\" data-widget_type=\"text-editor.default\">\n\t\t\t\t<div class=\"elementor-widget-container\">\n\t\t\t\t\t\t\t\t\t<p>Article 1 \u2013 Objet<br \/>Les pr\u00e9sentes conditions r\u00e9gissent les ventes par la soci\u00e9t\u00e9 Nuvem Paris<\/p><p>Article 2 \u2013 Prix<br \/>Les prix de nos produits sont indiqu\u00e9s en euros toutes taxes comprises (TVA et autres taxes applicables au jour de la commande), sauf indication contraire et hors frais de traitement et d\u2019exp\u00e9dition.<br \/>Toutes les commandes quelle que soit leur origine sont payables en euros.<br \/>La soci\u00e9t\u00e9 Nuvem Paris se r\u00e9serve le droit de modifier ses prix \u00e0 tout moment, mais le produit sera factur\u00e9 sur la base du tarif en vigueur au moment de la validation de la commande et sous r\u00e9serve de disponibilit\u00e9.<br \/>Les produits demeurent la propri\u00e9t\u00e9 de la soci\u00e9t\u00e9 Nuvem Paris jusqu\u2019au paiement complet du prix.<br \/>Attention : d\u00e8s que vous prenez possession physiquement des produits command\u00e9s, les risques de perte ou d\u2019endommagement des produits vous sont transf\u00e9r\u00e9s.<\/p><p>Article 3 \u2013 Commandes<br \/>Vous pouvez passer commande :<br \/>D\u00e9tailler les modalit\u00e9s choisies, par exemple :<br \/>Sur Internet :\u00a0Nuvem.paris<br \/>Les informations contractuelles sont pr\u00e9sent\u00e9es en langue fran\u00e7aise et feront l\u2019objet d\u2019une confirmation au plus tard au moment de la validation de votre commande.<br \/>La soci\u00e9t\u00e9 Nuvem Paris se r\u00e9serve le droit de ne pas enregistrer un paiement, et de ne pas confirmer une commande pour quelque raison que ce soit, et plus particuli\u00e8rement en cas de probl\u00e8me d\u2019approvisionnement, ou en cas de difficult\u00e9 concernant la commande re\u00e7ue.<\/p><p>Article 4 \u2013 Validation de votre commande<br \/>Toute commande figurant sur le site Internet\u00a0Nuvem.paris suppose l\u2019adh\u00e9sion aux pr\u00e9sentes Conditions G\u00e9n\u00e9rales. Toute confirmation de commande entra\u00eene votre adh\u00e9sion pleine et enti\u00e8re aux pr\u00e9sentes conditions g\u00e9n\u00e9rales de vente, sans exception ni r\u00e9serve.<br \/>L\u2019ensemble des donn\u00e9es fournies et la confirmation enregistr\u00e9e vaudront preuve de la transaction.<br \/>Vous d\u00e9clarez en avoir parfaite connaissance.<br \/>La confirmation de commande vaudra signature et acceptation des op\u00e9rations effectu\u00e9es.<br \/>Un r\u00e9capitulatif des informations de votre commande et des pr\u00e9sentes Conditions G\u00e9n\u00e9rales, vous sera communiqu\u00e9 en format PDF via l\u2019adresse e-mail de confirmation de votre commande.<\/p><p>Article 5 \u2013 Paiement<br \/>Le fait de valider votre commande implique pour vous l\u2019obligation de payer le prix indiqu\u00e9.<br \/>Le r\u00e8glement de vos achats s\u2019effectue par carte bancaire gr\u00e2ce au syst\u00e8me s\u00e9curis\u00e9 Stripe<br \/>Le d\u00e9bit de la carte n\u2019est effectu\u00e9 qu\u2019au moment de l\u2019exp\u00e9dition de la commande.<\/p><p>Article 6 \u2013 R\u00e9tractation<br \/>Conform\u00e9ment aux dispositions de l\u2019article L.121-21 du Code de la Consommation, le droit de r\u00e9tractation ne peut pas \u00eatre exerc\u00e9 pour les commandes de t-shirts personnalis\u00e9s et r\u00e9alis\u00e9s \u00e0 la commande, car ces articles sont consid\u00e9r\u00e9s comme des biens confectionn\u00e9s selon les sp\u00e9cifications du consommateur ou nettement personnalis\u00e9s.<\/p><p>Article 7- Disponibilit\u00e9<br \/>Nos produits sont propos\u00e9s tant qu\u2019ils sont visibles sur le site\u00a0Nuvem.paris et dans la limite des stocks disponibles. Pour les produits non stock\u00e9s, nos offres sont valables sous r\u00e9serve de disponibilit\u00e9 chez nos fournisseurs.<br \/>En cas d\u2019indisponibilit\u00e9 de produit apr\u00e8s passation de votre commande, nous vous en informerons par mail. Votre commande sera automatiquement annul\u00e9e et aucun d\u00e9bit bancaire ne sera effectu\u00e9.<br \/>En outre, le site Internet\u00a0Nuvem.paris n\u2019a pas vocation \u00e0 vendre ses produits en quantit\u00e9s importantes.<\/p><p>Article 8 \u2013 Livraison<br \/>Les produits sont livr\u00e9s \u00e0 l\u2019adresse de livraison indiqu\u00e9e au cours du processus de commande, dans le d\u00e9lai indiqu\u00e9 sur la page de validation de la commande.<br \/>En cas de retard d\u2019exp\u00e9dition, un mail vous sera adress\u00e9 pour vous informer d\u2019une \u00e9ventuelle cons\u00e9quence sur le d\u00e9lai de livraison qui vous a \u00e9t\u00e9 indiqu\u00e9.<br \/>Conform\u00e9ment aux dispositions l\u00e9gales, en cas de retard de livraison, vous b\u00e9n\u00e9ficiez de la possibilit\u00e9 d\u2019annuler la commande dans les conditions et modalit\u00e9s d\u00e9finies \u00e0 l\u2019article L 138-2 du Code de la Consommation. Si entre temps vous recevez le produit nous proc\u00e9derons \u00e0 son remboursement et aux frais d\u2019acheminement dans les conditions de l\u2019article L 138-3 du Code de la Consommation.<br \/>En cas de livraisons par une transporteur, la soci\u00e9t\u00e9 Nuvem.paris ne peut \u00eatre tenue pour responsable de retard de livraison d\u00fb exclusivement \u00e0 une indisponibilit\u00e9 du client apr\u00e8s plusieurs propositions de rendez-vous.<\/p><p>Article 9 \u2013 Garantie<\/p><p data-start=\"284\" data-end=\"646\">Tous nos produits b\u00e9n\u00e9ficient de la garantie l\u00e9gale de conformit\u00e9 et de la garantie des vices cach\u00e9s, pr\u00e9vues par les articles 1641 et suivants du Code civil.<br data-start=\"442\" data-end=\"445\" \/>En cas de non-conformit\u00e9 d\u2019un produit vendu, notamment si l\u2019article arrive tach\u00e9, ab\u00eem\u00e9, endommag\u00e9 ou non conforme au design pr\u00e9sent\u00e9 lors de la commande, il pourra \u00eatre retourn\u00e9, \u00e9chang\u00e9 ou rembours\u00e9.<\/p><p data-start=\"648\" data-end=\"794\">Toutes les r\u00e9clamations, demandes d\u2019\u00e9change ou de remboursement doivent \u00eatre effectu\u00e9es par e-mail dans un d\u00e9lai de 14 jours suivant la livraison.<\/p><p data-start=\"796\" data-end=\"1075\">Les produits doivent nous \u00eatre retourn\u00e9s dans l\u2019\u00e9tat dans lequel vous les avez re\u00e7us, avec l\u2019ensemble des \u00e9l\u00e9ments livr\u00e9s. Les frais d\u2019envoi initiaux vous seront rembours\u00e9s sur la base du tarif factur\u00e9, et les frais de retour seront rembours\u00e9s sur pr\u00e9sentation des justificatifs.<\/p><p data-start=\"1077\" data-end=\"1194\">Les dispositions du pr\u00e9sent Article ne vous emp\u00eachent pas de b\u00e9n\u00e9ficier du droit de r\u00e9tractation pr\u00e9vu \u00e0 l\u2019article 6.<\/p><p>Article 10 \u2013 Responsabilit\u00e9<br \/>Les produits propos\u00e9s sont conformes \u00e0 la l\u00e9gislation fran\u00e7aise en vigueur. La responsabilit\u00e9 de la soci\u00e9t\u00e9 Nuvem Paris ne saurait \u00eatre engag\u00e9e en cas de non-respect de la l\u00e9gislation du pays o\u00f9 le produit est livr\u00e9. Il vous appartient de v\u00e9rifier aupr\u00e8s des autorit\u00e9s locales les possibilit\u00e9s d\u2019importation ou d\u2019utilisation des produits ou services que vous envisagez de commander.<br \/>Par ailleurs, la soci\u00e9t\u00e9 Nuvem Paris\u00a0ne saurait \u00eatre tenue pour responsable des dommages r\u00e9sultant d\u2019une mauvaise utilisation du produit achet\u00e9.<br \/>Enfin la responsabilit\u00e9 de la soci\u00e9t\u00e9 Nuvem Paris\u00a0ne saurait \u00eatre engag\u00e9e pour tous les inconv\u00e9nients ou dommages inh\u00e9rents \u00e0 l\u2019utilisation du r\u00e9seau Internet, notamment une rupture de service, une intrusion ext\u00e9rieure ou la pr\u00e9sence de virus informatiques.<\/p><p>Article 11 \u2013 Droit applicable en cas de litiges<br \/>La langue du pr\u00e9sent contrat est la langue fran\u00e7aise. Les pr\u00e9sentes conditions de vente sont soumises \u00e0 la loi fran\u00e7aise. En cas de litige, les tribunaux fran\u00e7ais seront les seuls comp\u00e9tents.<\/p><p>Article 12 \u2013 Propri\u00e9t\u00e9 intellectuelle<br \/>Tous les \u00e9l\u00e9ments du site\u00a0Nuvem.paris sont et restent la propri\u00e9t\u00e9 intellectuelle et exclusive de la soci\u00e9t\u00e9 Nuvem Paris. Nul n\u2019est autoris\u00e9 \u00e0 reproduire, exploiter, rediffuser, ou utiliser \u00e0 quelque titre que ce soit, m\u00eame partiellement, des \u00e9l\u00e9ments du site qu\u2019ils soient logiciels, visuels ou sonores.<\/p><p>Article 13 \u2013 Donn\u00e9es personnelles<br \/>La soci\u00e9t\u00e9 Nuvem Paris se r\u00e9serve le droit de collecter les informations nominatives et les donn\u00e9es personnelles vous concernant. Elles sont n\u00e9cessaires \u00e0 la gestion de votre commande, ainsi qu\u2019\u00e0 l\u2019am\u00e9lioration des services et des informations que nous vous adressons.<br \/>Elles peuvent aussi \u00eatre transmises aux soci\u00e9t\u00e9s qui contribuent \u00e0 ces relations, telles que celles charg\u00e9es de l\u2019ex\u00e9cution des services et commandes pour leur gestion, ex\u00e9cution, traitement et paiement.<br \/>Ces informations et donn\u00e9es sont \u00e9galement conserv\u00e9es \u00e0 des fins de s\u00e9curit\u00e9, afin de respecter les obligations l\u00e9gales et r\u00e9glementaires.<br \/>Conform\u00e9ment \u00e0 la loi du 6 janvier 1978, vous disposez d\u2019un droit d\u2019acc\u00e8s, de rectification et d\u2019opposition aux informations nominatives et aux donn\u00e9es personnelles vous concernant, directement sur le site Internet.<\/p><p>Article 14 \u2013 Archivage Preuve<br \/>La soci\u00e9t\u00e9 Nuvem Paris\u00a0archivera les bons de commandes et les factures sur un support fiable et durable constituant une copie fid\u00e8le conform\u00e9ment aux dispositions de l\u2019article 1348 du Code civil.<br \/>Les registres informatis\u00e9s de la soci\u00e9t\u00e9 Nuvem Paris seront consid\u00e9r\u00e9s par toutes les parties concern\u00e9es comme preuve des communications, commandes, paiements et transactions intervenus entre les parties.<\/p><p>Article 15 \u2013 Changement de taille\u00a0<\/p><p>La soci\u00e9t\u00e9 Nuvem Paris n\u2019offre pas de syst\u00e8me de changement de taille pour les t-shirts command\u00e9s. Si la taille du t-shirt re\u00e7u ne correspond pas au client, aucun \u00e9change pour une taille diff\u00e9rente ne sera possible. Nous vous conseillons de bien v\u00e9rifier votre taille avant de passer commande.<\/p>\t\t\t\t\t\t\t\t<\/div>\n\t\t\t\t<\/div>\n\t\t\t\t\t<\/div>\n\t\t\t\t<\/div>\n\t\t\t\t<\/div>\n\t\t","protected":false},"excerpt":{"rendered":"<p>Conditions g\u00e9n\u00e9rales de vente Article 1 \u2013 ObjetLes pr\u00e9sentes conditions r\u00e9gissent les ventes par la soci\u00e9t\u00e9 Nuvem Paris Article 2 \u2013 PrixLes prix de nos produits sont indiqu\u00e9s en euros toutes taxes comprises (TVA et autres taxes applicables au jour de la commande), sauf indication contraire et hors frais de traitement et d\u2019exp\u00e9dition.Toutes les commandes [&hellip;]<\/p>\n","protected":false},"author":2,"featured_media":0,"parent":0,"menu_order":0,"comment_status":"closed","ping_status":"closed","template":"elementor_header_footer","meta":{"footnotes":""},"class_list":["post-942","page","type-page","status-publish","hentry"],"yoast_head":"<!-- This site is optimized with the Yoast SEO plugin v26.2 - https:\/\/yoast.com\/wordpress\/plugins\/seo\/ -->\n<title>Condition g\u00e9n\u00e9ral de vente - Nuvem<\/title>\n<meta name=\"robots\" content=\"index, follow, max-snippet:-1, max-image-preview:large, max-video-preview:-1\" \/>\n<link rel=\"canonical\" href=\"https:\/\/nuvem.paris\/index.php\/condition-general-de-vente\/\" \/>\n<meta property=\"og:locale\" content=\"fr_FR\" \/>\n<meta property=\"og:type\" content=\"article\" \/>\n<meta property=\"og:title\" content=\"Condition g\u00e9n\u00e9ral de vente - Nuvem\" \/>\n<meta property=\"og:description\" content=\"Conditions g\u00e9n\u00e9rales de vente Article 1 \u2013 ObjetLes pr\u00e9sentes conditions r\u00e9gissent les ventes par la soci\u00e9t\u00e9 Nuvem Paris Article 2 \u2013 PrixLes prix de nos produits sont indiqu\u00e9s en euros toutes taxes comprises (TVA et autres taxes applicables au jour de la commande), sauf indication contraire et hors frais de traitement et d\u2019exp\u00e9dition.Toutes les commandes [&hellip;]\" \/>\n<meta property=\"og:url\" content=\"https:\/\/nuvem.paris\/index.php\/condition-general-de-vente\/\" \/>\n<meta property=\"og:site_name\" content=\"Nuvem\" \/>\n<meta property=\"article:modified_time\" content=\"2025-12-11T18:17:46+00:00\" \/>\n<meta name=\"twitter:card\" content=\"summary_large_image\" \/>\n<meta name=\"twitter:label1\" content=\"Dur\u00e9e de lecture estim\u00e9e\" \/>\n\t<meta name=\"twitter:data1\" content=\"7 minutes\" \/>\n<script type=\"application\/ld+json\" class=\"yoast-schema-graph\">{\"@context\":\"https:\/\/schema.org\",\"@graph\":[{\"@type\":\"WebPage\",\"@id\":\"https:\/\/nuvem.paris\/index.php\/condition-general-de-vente\/\",\"url\":\"https:\/\/nuvem.paris\/index.php\/condition-general-de-vente\/\",\"name\":\"Condition g\u00e9n\u00e9ral de vente - Nuvem\",\"isPartOf\":{\"@id\":\"https:\/\/nuvem.paris\/#website\"},\"datePublished\":\"2024-04-21T20:42:11+00:00\",\"dateModified\":\"2025-12-11T18:17:46+00:00\",\"breadcrumb\":{\"@id\":\"https:\/\/nuvem.paris\/index.php\/condition-general-de-vente\/#breadcrumb\"},\"inLanguage\":\"fr-FR\",\"potentialAction\":[{\"@type\":\"ReadAction\",\"target\":[\"https:\/\/nuvem.paris\/index.php\/condition-general-de-vente\/\"]}]},{\"@type\":\"BreadcrumbList\",\"@id\":\"https:\/\/nuvem.paris\/index.php\/condition-general-de-vente\/#breadcrumb\",\"itemListElement\":[{\"@type\":\"ListItem\",\"position\":1,\"name\":\"Accueil\",\"item\":\"https:\/\/nuvem.paris\/\"},{\"@type\":\"ListItem\",\"position\":2,\"name\":\"Condition g\u00e9n\u00e9ral de vente\"}]},{\"@type\":\"WebSite\",\"@id\":\"https:\/\/nuvem.paris\/#website\",\"url\":\"https:\/\/nuvem.paris\/\",\"name\":\"Nuvem\",\"description\":\"Portugal inspir\u00e9, nature pr\u00e9serv\u00e9e - la mode \u00e9co-consciente\",\"publisher\":{\"@id\":\"https:\/\/nuvem.paris\/#organization\"},\"potentialAction\":[{\"@type\":\"SearchAction\",\"target\":{\"@type\":\"EntryPoint\",\"urlTemplate\":\"https:\/\/nuvem.paris\/?s={search_term_string}\"},\"query-input\":{\"@type\":\"PropertyValueSpecification\",\"valueRequired\":true,\"valueName\":\"search_term_string\"}}],\"inLanguage\":\"fr-FR\"},{\"@type\":\"Organization\",\"@id\":\"https:\/\/nuvem.paris\/#organization\",\"name\":\"Nuvem\",\"url\":\"https:\/\/nuvem.paris\/\",\"logo\":{\"@type\":\"ImageObject\",\"inLanguage\":\"fr-FR\",\"@id\":\"https:\/\/nuvem.paris\/#\/schema\/logo\/image\/\",\"url\":\"https:\/\/nuvem.paris\/wp-content\/uploads\/2024\/04\/autocollant.png\",\"contentUrl\":\"https:\/\/nuvem.paris\/wp-content\/uploads\/2024\/04\/autocollant.png\",\"width\":800,\"height\":360,\"caption\":\"Nuvem\"},\"image\":{\"@id\":\"https:\/\/nuvem.paris\/#\/schema\/logo\/image\/\"}}]}<\/script>\n<!-- \/ Yoast SEO plugin. -->","yoast_head_json":{"title":"Condition g\u00e9n\u00e9ral de vente - Nuvem","robots":{"index":"index","follow":"follow","max-snippet":"max-snippet:-1","max-image-preview":"max-image-preview:large","max-video-preview":"max-video-preview:-1"},"canonical":"https:\/\/nuvem.paris\/index.php\/condition-general-de-vente\/","og_locale":"fr_FR","og_type":"article","og_title":"Condition g\u00e9n\u00e9ral de vente - Nuvem","og_description":"Conditions g\u00e9n\u00e9rales de vente Article 1 \u2013 ObjetLes pr\u00e9sentes conditions r\u00e9gissent les ventes par la soci\u00e9t\u00e9 Nuvem Paris Article 2 \u2013 PrixLes prix de nos produits sont indiqu\u00e9s en euros toutes taxes comprises (TVA et autres taxes applicables au jour de la commande), sauf indication contraire et hors frais de traitement et d\u2019exp\u00e9dition.Toutes les commandes [&hellip;]","og_url":"https:\/\/nuvem.paris\/index.php\/condition-general-de-vente\/","og_site_name":"Nuvem","article_modified_time":"2025-12-11T18:17:46+00:00","twitter_card":"summary_large_image","twitter_misc":{"Dur\u00e9e de lecture estim\u00e9e":"7 minutes"},"schema":{"@context":"https:\/\/schema.org","@graph":[{"@type":"WebPage","@id":"https:\/\/nuvem.paris\/index.php\/condition-general-de-vente\/","url":"https:\/\/nuvem.paris\/index.php\/condition-general-de-vente\/","name":"Condition g\u00e9n\u00e9ral de vente - Nuvem","isPartOf":{"@id":"https:\/\/nuvem.paris\/#website"},"datePublished":"2024-04-21T20:42:11+00:00","dateModified":"2025-12-11T18:17:46+00:00","breadcrumb":{"@id":"https:\/\/nuvem.paris\/index.php\/condition-general-de-vente\/#breadcrumb"},"inLanguage":"fr-FR","potentialAction":[{"@type":"ReadAction","target":["https:\/\/nuvem.paris\/index.php\/condition-general-de-vente\/"]}]},{"@type":"BreadcrumbList","@id":"https:\/\/nuvem.paris\/index.php\/condition-general-de-vente\/#breadcrumb","itemListElement":[{"@type":"ListItem","position":1,"name":"Accueil","item":"https:\/\/nuvem.paris\/"},{"@type":"ListItem","position":2,"name":"Condition g\u00e9n\u00e9ral de vente"}]},{"@type":"WebSite","@id":"https:\/\/nuvem.paris\/#website","url":"https:\/\/nuvem.paris\/","name":"Nuvem","description":"Portugal inspir\u00e9, nature pr\u00e9serv\u00e9e - la mode \u00e9co-consciente","publisher":{"@id":"https:\/\/nuvem.paris\/#organization"},"potentialAction":[{"@type":"SearchAction","target":{"@type":"EntryPoint","urlTemplate":"https:\/\/nuvem.paris\/?s={search_term_string}"},"query-input":{"@type":"PropertyValueSpecification","valueRequired":true,"valueName":"search_term_string"}}],"inLanguage":"fr-FR"},{"@type":"Organization","@id":"https:\/\/nuvem.paris\/#organization","name":"Nuvem","url":"https:\/\/nuvem.paris\/","logo":{"@type":"ImageObject","inLanguage":"fr-FR","@id":"https:\/\/nuvem.paris\/#\/schema\/logo\/image\/","url":"https:\/\/nuvem.paris\/wp-content\/uploads\/2024\/04\/autocollant.png","contentUrl":"https:\/\/nuvem.paris\/wp-content\/uploads\/2024\/04\/autocollant.png","width":800,"height":360,"caption":"Nuvem"},"image":{"@id":"https:\/\/nuvem.paris\/#\/schema\/logo\/image\/"}}]}},"_links":{"self":[{"href":"https:\/\/nuvem.paris\/index.php\/wp-json\/wp\/v2\/pages\/942","targetHints":{"allow":["GET"]}}],"collection":[{"href":"https:\/\/nuvem.paris\/index.php\/wp-json\/wp\/v2\/pages"}],"about":[{"href":"https:\/\/nuvem.paris\/index.php\/wp-json\/wp\/v2\/types\/page"}],"author":[{"embeddable":true,"href":"https:\/\/nuvem.paris\/index.php\/wp-json\/wp\/v2\/users\/2"}],"replies":[{"embeddable":true,"href":"https:\/\/nuvem.paris\/index.php\/wp-json\/wp\/v2\/comments?post=942"}],"version-history":[{"count":25,"href":"https:\/\/nuvem.paris\/index.php\/wp-json\/wp\/v2\/pages\/942\/revisions"}],"predecessor-version":[{"id":7930,"href":"https:\/\/nuvem.paris\/index.php\/wp-json\/wp\/v2\/pages\/942\/revisions\/7930"}],"wp:attachment":[{"href":"https:\/\/nuvem.paris\/index.php\/wp-json\/wp\/v2\/media?parent=942"}],"curies":[{"name":"wp","href":"https:\/\/api.w.org\/{rel}","templated":true}]}}