{"id":2835,"date":"2025-01-26T16:44:01","date_gmt":"2025-01-26T15:44:01","guid":{"rendered":"https:\/\/nuvem.paris\/?page_id=2835"},"modified":"2025-01-26T16:45:16","modified_gmt":"2025-01-26T15:45:16","slug":"ados","status":"publish","type":"page","link":"https:\/\/nuvem.paris\/index.php\/ados\/","title":{"rendered":"Ados"},"content":{"rendered":"\t\t<div data-elementor-type=\"wp-page\" data-elementor-id=\"2835\" class=\"elementor elementor-2835\" data-elementor-post-type=\"page\">\n\t\t\t\t<div class=\"elementor-element elementor-element-3896e34 e-flex e-con-boxed e-con e-parent\" data-id=\"3896e34\" data-element_type=\"container\">\n\t\t\t\t\t<div class=\"e-con-inner\">\n\t\t<div class=\"elementor-element elementor-element-92d13cd e-con-full e-flex e-con e-child\" data-id=\"92d13cd\" data-element_type=\"container\">\n\t\t<div class=\"elementor-element elementor-element-119b108 e-con-full e-flex e-con e-child\" data-id=\"119b108\" data-element_type=\"container\">\n\t\t\t\t<div class=\"elementor-element elementor-element-61a0d5c elementor-view-default elementor-widget elementor-widget-icon\" data-id=\"61a0d5c\" data-element_type=\"widget\" data-widget_type=\"icon.default\">\n\t\t\t\t<div class=\"elementor-widget-container\">\n\t\t\t\t\t\t\t<div class=\"elementor-icon-wrapper\">\n\t\t\t<a class=\"elementor-icon\" href=\"https:\/\/nuvem.paris\/index.php\/shop\/\">\n\t\t\t<svg aria-hidden=\"true\" class=\"e-font-icon-svg e-fas-arrow-alt-circle-left\" viewBox=\"0 0 512 512\" xmlns=\"http:\/\/www.w3.org\/2000\/svg\"><path d=\"M256 504C119 504 8 393 8 256S119 8 256 8s248 111 248 248-111 248-248 248zm116-292H256v-70.9c0-10.7-13-16.1-20.5-8.5L121.2 247.5c-4.7 4.7-4.7 12.2 0 16.9l114.3 114.9c7.6 7.6 20.5 2.2 20.5-8.5V300h116c6.6 0 12-5.4 12-12v-64c0-6.6-5.4-12-12-12z\"><\/path><\/svg>\t\t\t<\/a>\n\t\t<\/div>\n\t\t\t\t\t\t<\/div>\n\t\t\t\t<\/div>\n\t\t\t\t<\/div>\n\t\t<div class=\"elementor-element elementor-element-db33095 e-con-full e-flex e-con e-child\" data-id=\"db33095\" data-element_type=\"container\">\n\t\t\t\t<\/div>\n\t\t<div class=\"elementor-element elementor-element-51fa97d e-con-full e-flex e-con e-child\" data-id=\"51fa97d\" data-element_type=\"container\">\n\t\t\t\t<\/div>\n\t\t<div class=\"elementor-element elementor-element-12a4173 e-con-full e-flex e-con e-child\" data-id=\"12a4173\" data-element_type=\"container\">\n\t\t\t\t<\/div>\n\t\t\t\t<\/div>\n\t\t\t\t\t<\/div>\n\t\t\t\t<\/div>\n\t\t<div class=\"elementor-element elementor-element-149d78d e-flex e-con-boxed e-con e-parent\" data-id=\"149d78d\" data-element_type=\"container\">\n\t\t\t\t\t<div class=\"e-con-inner\">\n\t\t\t\t<div class=\"elementor-element elementor-element-8aaff42 elementor-product-loop-item--align-center elementor-grid-4 elementor-grid-tablet-3 elementor-grid-mobile-2 elementor-products-grid elementor-wc-products elementor-widget elementor-widget-woocommerce-products\" data-id=\"8aaff42\" data-element_type=\"widget\" data-widget_type=\"woocommerce-products.default\">\n\t\t\t\t<div class=\"elementor-widget-container\">\n\t\t\t\t\t<div class=\"woocommerce columns-4 \"><ul class=\"products elementor-grid columns-4\">\n<li class=\"product type-product post-7506 status-publish first instock product_cat-noel product_cat-sweat-ados has-post-thumbnail shipping-taxable purchasable product-type-variable\">\n\t<a href=\"https:\/\/nuvem.paris\/index.php\/produit\/t-shirt-feliz-natal-ado-personnalisable\/\" class=\"woocommerce-LoopProduct-link woocommerce-loop-product__link\"><img fetchpriority=\"high\" decoding=\"async\" width=\"300\" height=\"300\" src=\"https:\/\/nuvem.paris\/wp-content\/uploads\/2025\/11\/1-4-300x300.png\" class=\"attachment-woocommerce_thumbnail size-woocommerce_thumbnail\" alt=\"T SHIRT Ado &lt;br\/&gt; Feliz Natal\" srcset=\"https:\/\/nuvem.paris\/wp-content\/uploads\/2025\/11\/1-4-300x300.png 300w, https:\/\/nuvem.paris\/wp-content\/uploads\/2025\/11\/1-4-150x150.png 150w, https:\/\/nuvem.paris\/wp-content\/uploads\/2025\/11\/1-4-768x768.png 768w, https:\/\/nuvem.paris\/wp-content\/uploads\/2025\/11\/1-4-600x600.png 600w, https:\/\/nuvem.paris\/wp-content\/uploads\/2025\/11\/1-4-100x100.png 100w, https:\/\/nuvem.paris\/wp-content\/uploads\/2025\/11\/1-4.png 1000w\" sizes=\"(max-width: 300px) 100vw, 300px\" \/><h2 class=\"woocommerce-loop-product__title\">T SHIRT Ado <br\/> Feliz Natal<\/h2>\n\t<span class=\"price\"><span class=\"woocommerce-Price-amount amount\"><bdi>29,95&nbsp;<span class=\"woocommerce-Price-currencySymbol\">&euro;<\/span><\/bdi><\/span><\/span>\n<\/a><a href=\"https:\/\/nuvem.paris\/index.php\/produit\/t-shirt-feliz-natal-ado-personnalisable\/\" aria-describedby=\"woocommerce_loop_add_to_cart_link_describedby_7506\" data-quantity=\"1\" class=\"button product_type_variable add_to_cart_button\" data-product_id=\"7506\" data-product_sku=\"\" aria-label=\"S\u00e9lectionner les options pour &ldquo;T SHIRT Ado  Feliz Natal&rdquo;\" rel=\"nofollow\">Choix des options<\/a>\t<span id=\"woocommerce_loop_add_to_cart_link_describedby_7506\" class=\"screen-reader-text\">\n\t\tCe produit a plusieurs variations. Les options peuvent \u00eatre choisies sur la page du produit\t<\/span>\n<\/li>\n<li class=\"product type-product post-4040 status-publish instock product_cat-sweat-ados has-post-thumbnail shipping-taxable purchasable product-type-variable\">\n\t<a href=\"https:\/\/nuvem.paris\/index.php\/produit\/t-shirt-ado-porto-noir\/\" class=\"woocommerce-LoopProduct-link woocommerce-loop-product__link\"><img decoding=\"async\" width=\"300\" height=\"300\" src=\"https:\/\/nuvem.paris\/wp-content\/uploads\/2025\/05\/1-32-300x300.png\" class=\"attachment-woocommerce_thumbnail size-woocommerce_thumbnail\" alt=\"T SHIRT Ado &lt;br \/&gt; Porto Noir\" srcset=\"https:\/\/nuvem.paris\/wp-content\/uploads\/2025\/05\/1-32-300x300.png 300w, https:\/\/nuvem.paris\/wp-content\/uploads\/2025\/05\/1-32-150x150.png 150w, https:\/\/nuvem.paris\/wp-content\/uploads\/2025\/05\/1-32-768x768.png 768w, https:\/\/nuvem.paris\/wp-content\/uploads\/2025\/05\/1-32-600x600.png 600w, https:\/\/nuvem.paris\/wp-content\/uploads\/2025\/05\/1-32-100x100.png 100w, https:\/\/nuvem.paris\/wp-content\/uploads\/2025\/05\/1-32.png 1000w\" sizes=\"(max-width: 300px) 100vw, 300px\" \/><h2 class=\"woocommerce-loop-product__title\">T SHIRT Ado <br \/> Porto Noir<\/h2>\n\t<span class=\"price\"><span class=\"woocommerce-Price-amount amount\"><bdi>29,95&nbsp;<span class=\"woocommerce-Price-currencySymbol\">&euro;<\/span><\/bdi><\/span><\/span>\n<\/a><a href=\"https:\/\/nuvem.paris\/index.php\/produit\/t-shirt-ado-porto-noir\/\" aria-describedby=\"woocommerce_loop_add_to_cart_link_describedby_4040\" data-quantity=\"1\" class=\"button product_type_variable add_to_cart_button\" data-product_id=\"4040\" data-product_sku=\"\" aria-label=\"S\u00e9lectionner les options pour &ldquo;T SHIRT Ado  Porto Noir&rdquo;\" rel=\"nofollow\">Choix des options<\/a>\t<span id=\"woocommerce_loop_add_to_cart_link_describedby_4040\" class=\"screen-reader-text\">\n\t\tCe produit a plusieurs variations. Les options peuvent \u00eatre choisies sur la page du produit\t<\/span>\n<\/li>\n<li class=\"product type-product post-4035 status-publish instock product_cat-sweat-ados has-post-thumbnail shipping-taxable purchasable product-type-variable\">\n\t<a href=\"https:\/\/nuvem.paris\/index.php\/produit\/t-shirt-ado-porto-blanc\/\" class=\"woocommerce-LoopProduct-link woocommerce-loop-product__link\"><img decoding=\"async\" width=\"300\" height=\"300\" src=\"https:\/\/nuvem.paris\/wp-content\/uploads\/2025\/05\/1-30-300x300.png\" class=\"attachment-woocommerce_thumbnail size-woocommerce_thumbnail\" alt=\"T SHIRT Ado &lt;br \/&gt; Porto Blanc\" srcset=\"https:\/\/nuvem.paris\/wp-content\/uploads\/2025\/05\/1-30-300x300.png 300w, https:\/\/nuvem.paris\/wp-content\/uploads\/2025\/05\/1-30-150x150.png 150w, https:\/\/nuvem.paris\/wp-content\/uploads\/2025\/05\/1-30-768x768.png 768w, https:\/\/nuvem.paris\/wp-content\/uploads\/2025\/05\/1-30-600x600.png 600w, https:\/\/nuvem.paris\/wp-content\/uploads\/2025\/05\/1-30-100x100.png 100w, https:\/\/nuvem.paris\/wp-content\/uploads\/2025\/05\/1-30.png 1000w\" sizes=\"(max-width: 300px) 100vw, 300px\" \/><h2 class=\"woocommerce-loop-product__title\">T SHIRT Ado <br \/> Porto Blanc<\/h2>\n\t<span class=\"price\"><span class=\"woocommerce-Price-amount amount\"><bdi>29,95&nbsp;<span class=\"woocommerce-Price-currencySymbol\">&euro;<\/span><\/bdi><\/span><\/span>\n<\/a><a href=\"https:\/\/nuvem.paris\/index.php\/produit\/t-shirt-ado-porto-blanc\/\" aria-describedby=\"woocommerce_loop_add_to_cart_link_describedby_4035\" data-quantity=\"1\" class=\"button product_type_variable add_to_cart_button\" data-product_id=\"4035\" data-product_sku=\"\" aria-label=\"S\u00e9lectionner les options pour &ldquo;T SHIRT Ado  Porto Blanc&rdquo;\" rel=\"nofollow\">Choix des options<\/a>\t<span id=\"woocommerce_loop_add_to_cart_link_describedby_4035\" class=\"screen-reader-text\">\n\t\tCe produit a plusieurs variations. Les options peuvent \u00eatre choisies sur la page du produit\t<\/span>\n<\/li>\n<li class=\"product type-product post-4028 status-publish last instock product_cat-sweat-ados has-post-thumbnail shipping-taxable purchasable product-type-variable\">\n\t<a href=\"https:\/\/nuvem.paris\/index.php\/produit\/t-shirt-ado-sportinguista-noir\/\" class=\"woocommerce-LoopProduct-link woocommerce-loop-product__link\"><img loading=\"lazy\" decoding=\"async\" width=\"300\" height=\"300\" src=\"https:\/\/nuvem.paris\/wp-content\/uploads\/2025\/05\/1-27-300x300.png\" class=\"attachment-woocommerce_thumbnail size-woocommerce_thumbnail\" alt=\"T SHIRT Ado &lt;br \/&gt; Sportinguista Noir\" srcset=\"https:\/\/nuvem.paris\/wp-content\/uploads\/2025\/05\/1-27-300x300.png 300w, https:\/\/nuvem.paris\/wp-content\/uploads\/2025\/05\/1-27-150x150.png 150w, https:\/\/nuvem.paris\/wp-content\/uploads\/2025\/05\/1-27-768x768.png 768w, https:\/\/nuvem.paris\/wp-content\/uploads\/2025\/05\/1-27-600x600.png 600w, https:\/\/nuvem.paris\/wp-content\/uploads\/2025\/05\/1-27-100x100.png 100w, https:\/\/nuvem.paris\/wp-content\/uploads\/2025\/05\/1-27.png 1000w\" sizes=\"(max-width: 300px) 100vw, 300px\" \/><h2 class=\"woocommerce-loop-product__title\">T SHIRT Ado <br \/> Sportinguista Noir<\/h2>\n\t<span class=\"price\"><span class=\"woocommerce-Price-amount amount\"><bdi>29,95&nbsp;<span class=\"woocommerce-Price-currencySymbol\">&euro;<\/span><\/bdi><\/span><\/span>\n<\/a><a href=\"https:\/\/nuvem.paris\/index.php\/produit\/t-shirt-ado-sportinguista-noir\/\" aria-describedby=\"woocommerce_loop_add_to_cart_link_describedby_4028\" data-quantity=\"1\" class=\"button product_type_variable add_to_cart_button\" data-product_id=\"4028\" data-product_sku=\"\" aria-label=\"S\u00e9lectionner les options pour &ldquo;T SHIRT Ado  Sportinguista Noir&rdquo;\" rel=\"nofollow\">Choix des options<\/a>\t<span id=\"woocommerce_loop_add_to_cart_link_describedby_4028\" class=\"screen-reader-text\">\n\t\tCe produit a plusieurs variations. Les options peuvent \u00eatre choisies sur la page du produit\t<\/span>\n<\/li>\n<li class=\"product type-product post-4022 status-publish first instock product_cat-sweat-ados has-post-thumbnail shipping-taxable purchasable product-type-variable\">\n\t<a href=\"https:\/\/nuvem.paris\/index.php\/produit\/t-shirt-ado-sportinguista-blanc\/\" class=\"woocommerce-LoopProduct-link woocommerce-loop-product__link\"><img loading=\"lazy\" decoding=\"async\" width=\"300\" height=\"300\" src=\"https:\/\/nuvem.paris\/wp-content\/uploads\/2025\/05\/1-24-300x300.png\" class=\"attachment-woocommerce_thumbnail size-woocommerce_thumbnail\" alt=\"T SHIRT Ado &lt;br \/&gt; Sportinguista Blanc\" srcset=\"https:\/\/nuvem.paris\/wp-content\/uploads\/2025\/05\/1-24-300x300.png 300w, https:\/\/nuvem.paris\/wp-content\/uploads\/2025\/05\/1-24-150x150.png 150w, https:\/\/nuvem.paris\/wp-content\/uploads\/2025\/05\/1-24-768x768.png 768w, https:\/\/nuvem.paris\/wp-content\/uploads\/2025\/05\/1-24-600x600.png 600w, https:\/\/nuvem.paris\/wp-content\/uploads\/2025\/05\/1-24-100x100.png 100w, https:\/\/nuvem.paris\/wp-content\/uploads\/2025\/05\/1-24.png 1000w\" sizes=\"(max-width: 300px) 100vw, 300px\" \/><h2 class=\"woocommerce-loop-product__title\">T SHIRT Ado <br \/> Sportinguista Blanc<\/h2>\n\t<span class=\"price\"><span class=\"woocommerce-Price-amount amount\"><bdi>29,95&nbsp;<span class=\"woocommerce-Price-currencySymbol\">&euro;<\/span><\/bdi><\/span><\/span>\n<\/a><a href=\"https:\/\/nuvem.paris\/index.php\/produit\/t-shirt-ado-sportinguista-blanc\/\" aria-describedby=\"woocommerce_loop_add_to_cart_link_describedby_4022\" data-quantity=\"1\" class=\"button product_type_variable add_to_cart_button\" data-product_id=\"4022\" data-product_sku=\"\" aria-label=\"S\u00e9lectionner les options pour &ldquo;T SHIRT Ado  Sportinguista Blanc&rdquo;\" rel=\"nofollow\">Choix des options<\/a>\t<span id=\"woocommerce_loop_add_to_cart_link_describedby_4022\" class=\"screen-reader-text\">\n\t\tCe produit a plusieurs variations. Les options peuvent \u00eatre choisies sur la page du produit\t<\/span>\n<\/li>\n<li class=\"product type-product post-3969 status-publish instock product_cat-sweat-ados has-post-thumbnail shipping-taxable purchasable product-type-variable\">\n\t<a href=\"https:\/\/nuvem.paris\/index.php\/produit\/t-shirt-ado-benfiquista-noir\/\" class=\"woocommerce-LoopProduct-link woocommerce-loop-product__link\"><img loading=\"lazy\" decoding=\"async\" width=\"300\" height=\"300\" src=\"https:\/\/nuvem.paris\/wp-content\/uploads\/2025\/05\/1-14-300x300.png\" class=\"attachment-woocommerce_thumbnail size-woocommerce_thumbnail\" alt=\"T SHIRT ADO &lt;br \/&gt; Benfiquista Noir\" srcset=\"https:\/\/nuvem.paris\/wp-content\/uploads\/2025\/05\/1-14-300x300.png 300w, https:\/\/nuvem.paris\/wp-content\/uploads\/2025\/05\/1-14-150x150.png 150w, https:\/\/nuvem.paris\/wp-content\/uploads\/2025\/05\/1-14-768x768.png 768w, https:\/\/nuvem.paris\/wp-content\/uploads\/2025\/05\/1-14-600x600.png 600w, https:\/\/nuvem.paris\/wp-content\/uploads\/2025\/05\/1-14-100x100.png 100w, https:\/\/nuvem.paris\/wp-content\/uploads\/2025\/05\/1-14.png 1000w\" sizes=\"(max-width: 300px) 100vw, 300px\" \/><h2 class=\"woocommerce-loop-product__title\">T SHIRT ADO <br \/> Benfiquista Noir<\/h2>\n\t<span class=\"price\"><span class=\"woocommerce-Price-amount amount\"><bdi>29,95&nbsp;<span class=\"woocommerce-Price-currencySymbol\">&euro;<\/span><\/bdi><\/span><\/span>\n<\/a><a href=\"https:\/\/nuvem.paris\/index.php\/produit\/t-shirt-ado-benfiquista-noir\/\" aria-describedby=\"woocommerce_loop_add_to_cart_link_describedby_3969\" data-quantity=\"1\" class=\"button product_type_variable add_to_cart_button\" data-product_id=\"3969\" data-product_sku=\"\" aria-label=\"S\u00e9lectionner les options pour &ldquo;T SHIRT ADO  Benfiquista Noir&rdquo;\" rel=\"nofollow\">Choix des options<\/a>\t<span id=\"woocommerce_loop_add_to_cart_link_describedby_3969\" class=\"screen-reader-text\">\n\t\tCe produit a plusieurs variations. Les options peuvent \u00eatre choisies sur la page du produit\t<\/span>\n<\/li>\n<li class=\"product type-product post-3964 status-publish instock product_cat-sweat-ados has-post-thumbnail shipping-taxable purchasable product-type-variable\">\n\t<a href=\"https:\/\/nuvem.paris\/index.php\/produit\/t-shirt-ado-benfiquista-blanc\/\" class=\"woocommerce-LoopProduct-link woocommerce-loop-product__link\"><img loading=\"lazy\" decoding=\"async\" width=\"300\" height=\"300\" src=\"https:\/\/nuvem.paris\/wp-content\/uploads\/2025\/05\/1-12-300x300.png\" class=\"attachment-woocommerce_thumbnail size-woocommerce_thumbnail\" alt=\"T SHIRT ADO &lt;br \/&gt;  Benfiquista Blanc\" srcset=\"https:\/\/nuvem.paris\/wp-content\/uploads\/2025\/05\/1-12-300x300.png 300w, https:\/\/nuvem.paris\/wp-content\/uploads\/2025\/05\/1-12-150x150.png 150w, https:\/\/nuvem.paris\/wp-content\/uploads\/2025\/05\/1-12-768x768.png 768w, https:\/\/nuvem.paris\/wp-content\/uploads\/2025\/05\/1-12-600x600.png 600w, https:\/\/nuvem.paris\/wp-content\/uploads\/2025\/05\/1-12-100x100.png 100w, https:\/\/nuvem.paris\/wp-content\/uploads\/2025\/05\/1-12.png 1000w\" sizes=\"(max-width: 300px) 100vw, 300px\" \/><h2 class=\"woocommerce-loop-product__title\">T SHIRT ADO <br \/>  Benfiquista Blanc<\/h2>\n\t<span class=\"price\"><span class=\"woocommerce-Price-amount amount\"><bdi>29,95&nbsp;<span class=\"woocommerce-Price-currencySymbol\">&euro;<\/span><\/bdi><\/span><\/span>\n<\/a><a href=\"https:\/\/nuvem.paris\/index.php\/produit\/t-shirt-ado-benfiquista-blanc\/\" aria-describedby=\"woocommerce_loop_add_to_cart_link_describedby_3964\" data-quantity=\"1\" class=\"button product_type_variable add_to_cart_button\" data-product_id=\"3964\" data-product_sku=\"\" aria-label=\"S\u00e9lectionner les options pour &ldquo;T SHIRT ADO   Benfiquista Blanc&rdquo;\" rel=\"nofollow\">Choix des options<\/a>\t<span id=\"woocommerce_loop_add_to_cart_link_describedby_3964\" class=\"screen-reader-text\">\n\t\tCe produit a plusieurs variations. Les options peuvent \u00eatre choisies sur la page du produit\t<\/span>\n<\/li>\n<li class=\"product type-product post-2855 status-publish last instock product_cat-sweat-ados has-post-thumbnail shipping-taxable purchasable product-type-variable\">\n\t<a href=\"https:\/\/nuvem.paris\/index.php\/produit\/sweat-ado-nuvem-bleu\/\" class=\"woocommerce-LoopProduct-link woocommerce-loop-product__link\"><img loading=\"lazy\" decoding=\"async\" width=\"300\" height=\"300\" src=\"https:\/\/nuvem.paris\/wp-content\/uploads\/2025\/04\/1-4-300x300.png\" class=\"attachment-woocommerce_thumbnail size-woocommerce_thumbnail\" alt=\"Sweat ADO &lt;br \/&gt; Nuvem bleu\" srcset=\"https:\/\/nuvem.paris\/wp-content\/uploads\/2025\/04\/1-4-300x300.png 300w, https:\/\/nuvem.paris\/wp-content\/uploads\/2025\/04\/1-4-150x150.png 150w, https:\/\/nuvem.paris\/wp-content\/uploads\/2025\/04\/1-4-768x768.png 768w, https:\/\/nuvem.paris\/wp-content\/uploads\/2025\/04\/1-4-600x600.png 600w, https:\/\/nuvem.paris\/wp-content\/uploads\/2025\/04\/1-4-100x100.png 100w, https:\/\/nuvem.paris\/wp-content\/uploads\/2025\/04\/1-4.png 1000w\" sizes=\"(max-width: 300px) 100vw, 300px\" \/><h2 class=\"woocommerce-loop-product__title\">Sweat ADO <br \/> Nuvem bleu<\/h2>\n\t<span class=\"price\"><span class=\"woocommerce-Price-amount amount\"><bdi>54,95&nbsp;<span class=\"woocommerce-Price-currencySymbol\">&euro;<\/span><\/bdi><\/span><\/span>\n<\/a><a href=\"https:\/\/nuvem.paris\/index.php\/produit\/sweat-ado-nuvem-bleu\/\" aria-describedby=\"woocommerce_loop_add_to_cart_link_describedby_2855\" data-quantity=\"1\" class=\"button product_type_variable add_to_cart_button\" data-product_id=\"2855\" data-product_sku=\"\" aria-label=\"S\u00e9lectionner les options pour &ldquo;Sweat ADO  Nuvem bleu&rdquo;\" rel=\"nofollow\">Choix des options<\/a>\t<span id=\"woocommerce_loop_add_to_cart_link_describedby_2855\" class=\"screen-reader-text\">\n\t\tCe produit a plusieurs variations. Les options peuvent \u00eatre choisies sur la page du produit\t<\/span>\n<\/li>\n<li class=\"product type-product post-2850 status-publish first instock product_cat-sweat-ados has-post-thumbnail shipping-taxable purchasable product-type-variable\">\n\t<a href=\"https:\/\/nuvem.paris\/index.php\/produit\/sweat-ado-nuvem-rose\/\" class=\"woocommerce-LoopProduct-link woocommerce-loop-product__link\"><img loading=\"lazy\" decoding=\"async\" width=\"300\" height=\"300\" src=\"https:\/\/nuvem.paris\/wp-content\/uploads\/2025\/04\/1-300x300.png\" class=\"attachment-woocommerce_thumbnail size-woocommerce_thumbnail\" alt=\"Sweat ADO &lt;br \/&gt; Nuvem rose\" srcset=\"https:\/\/nuvem.paris\/wp-content\/uploads\/2025\/04\/1-300x300.png 300w, https:\/\/nuvem.paris\/wp-content\/uploads\/2025\/04\/1-150x150.png 150w, https:\/\/nuvem.paris\/wp-content\/uploads\/2025\/04\/1-768x768.png 768w, https:\/\/nuvem.paris\/wp-content\/uploads\/2025\/04\/1-600x600.png 600w, https:\/\/nuvem.paris\/wp-content\/uploads\/2025\/04\/1-100x100.png 100w, https:\/\/nuvem.paris\/wp-content\/uploads\/2025\/04\/1.png 1000w\" sizes=\"(max-width: 300px) 100vw, 300px\" \/><h2 class=\"woocommerce-loop-product__title\">Sweat ADO <br \/> Nuvem rose<\/h2>\n\t<span class=\"price\"><span class=\"woocommerce-Price-amount amount\"><bdi>54,95&nbsp;<span class=\"woocommerce-Price-currencySymbol\">&euro;<\/span><\/bdi><\/span><\/span>\n<\/a><a href=\"https:\/\/nuvem.paris\/index.php\/produit\/sweat-ado-nuvem-rose\/\" aria-describedby=\"woocommerce_loop_add_to_cart_link_describedby_2850\" data-quantity=\"1\" class=\"button product_type_variable add_to_cart_button\" data-product_id=\"2850\" data-product_sku=\"\" aria-label=\"S\u00e9lectionner les options pour &ldquo;Sweat ADO  Nuvem rose&rdquo;\" rel=\"nofollow\">Choix des options<\/a>\t<span id=\"woocommerce_loop_add_to_cart_link_describedby_2850\" class=\"screen-reader-text\">\n\t\tCe produit a plusieurs variations. Les options peuvent \u00eatre choisies sur la page du produit\t<\/span>\n<\/li>\n<li class=\"product type-product post-2316 status-publish instock product_cat-sweat-ados has-post-thumbnail shipping-taxable purchasable product-type-variable\">\n\t<a href=\"https:\/\/nuvem.paris\/index.php\/produit\/sweat-ado-portugal-noir\/\" class=\"woocommerce-LoopProduct-link woocommerce-loop-product__link\"><img loading=\"lazy\" decoding=\"async\" width=\"300\" height=\"300\" src=\"https:\/\/nuvem.paris\/wp-content\/uploads\/2025\/04\/1-10-300x300.png\" class=\"attachment-woocommerce_thumbnail size-woocommerce_thumbnail\" alt=\"SWEAT ADO &lt;br \/&gt; Portugal Noir\" srcset=\"https:\/\/nuvem.paris\/wp-content\/uploads\/2025\/04\/1-10-300x300.png 300w, https:\/\/nuvem.paris\/wp-content\/uploads\/2025\/04\/1-10-150x150.png 150w, https:\/\/nuvem.paris\/wp-content\/uploads\/2025\/04\/1-10-768x768.png 768w, https:\/\/nuvem.paris\/wp-content\/uploads\/2025\/04\/1-10-600x600.png 600w, https:\/\/nuvem.paris\/wp-content\/uploads\/2025\/04\/1-10-100x100.png 100w, https:\/\/nuvem.paris\/wp-content\/uploads\/2025\/04\/1-10.png 1000w\" sizes=\"(max-width: 300px) 100vw, 300px\" \/><h2 class=\"woocommerce-loop-product__title\">SWEAT ADO <br \/> Portugal Noir<\/h2>\n\t<span class=\"price\"><span class=\"woocommerce-Price-amount amount\"><bdi>54,95&nbsp;<span class=\"woocommerce-Price-currencySymbol\">&euro;<\/span><\/bdi><\/span><\/span>\n<\/a><a href=\"https:\/\/nuvem.paris\/index.php\/produit\/sweat-ado-portugal-noir\/\" aria-describedby=\"woocommerce_loop_add_to_cart_link_describedby_2316\" data-quantity=\"1\" class=\"button product_type_variable add_to_cart_button\" data-product_id=\"2316\" data-product_sku=\"579521424-P3244A2S111\" aria-label=\"S\u00e9lectionner les options pour &ldquo;SWEAT ADO  Portugal Noir&rdquo;\" rel=\"nofollow\">Choix des options<\/a>\t<span id=\"woocommerce_loop_add_to_cart_link_describedby_2316\" class=\"screen-reader-text\">\n\t\tCe produit a plusieurs variations. Les options peuvent \u00eatre choisies sur la page du produit\t<\/span>\n<\/li>\n<\/ul>\n<\/div>\t\t\t\t<\/div>\n\t\t\t\t<\/div>\n\t\t\t\t<div class=\"elementor-element elementor-element-534bb2b elementor-widget elementor-widget-spacer\" data-id=\"534bb2b\" data-element_type=\"widget\" data-widget_type=\"spacer.default\">\n\t\t\t\t<div class=\"elementor-widget-container\">\n\t\t\t\t\t\t\t<div class=\"elementor-spacer\">\n\t\t\t<div class=\"elementor-spacer-inner\"><\/div>\n\t\t<\/div>\n\t\t\t\t\t\t<\/div>\n\t\t\t\t<\/div>\n\t\t\t\t\t<\/div>\n\t\t\t\t<\/div>\n\t\t\t\t<\/div>\n\t\t","protected":false},"excerpt":{"rendered":"","protected":false},"author":2,"featured_media":0,"parent":0,"menu_order":0,"comment_status":"closed","ping_status":"closed","template":"elementor_header_footer","meta":{"footnotes":""},"class_list":["post-2835","page","type-page","status-publish","hentry"],"yoast_head":"<!-- This site is optimized with the Yoast SEO plugin v26.2 - https:\/\/yoast.com\/wordpress\/plugins\/seo\/ -->\n<title>Ados - Nuvem<\/title>\n<meta name=\"robots\" content=\"index, follow, max-snippet:-1, max-image-preview:large, max-video-preview:-1\" \/>\n<link rel=\"canonical\" href=\"https:\/\/nuvem.paris\/index.php\/ados\/\" \/>\n<meta property=\"og:locale\" content=\"fr_FR\" \/>\n<meta property=\"og:type\" content=\"article\" \/>\n<meta property=\"og:title\" content=\"Ados - Nuvem\" \/>\n<meta property=\"og:url\" content=\"https:\/\/nuvem.paris\/index.php\/ados\/\" \/>\n<meta property=\"og:site_name\" content=\"Nuvem\" \/>\n<meta property=\"article:modified_time\" content=\"2025-01-26T15:45:16+00:00\" \/>\n<meta name=\"twitter:card\" content=\"summary_large_image\" \/>\n<meta name=\"twitter:label1\" content=\"Dur\u00e9e de lecture estim\u00e9e\" \/>\n\t<meta name=\"twitter:data1\" content=\"1 minute\" \/>\n<script type=\"application\/ld+json\" class=\"yoast-schema-graph\">{\"@context\":\"https:\/\/schema.org\",\"@graph\":[{\"@type\":\"WebPage\",\"@id\":\"https:\/\/nuvem.paris\/index.php\/ados\/\",\"url\":\"https:\/\/nuvem.paris\/index.php\/ados\/\",\"name\":\"Ados - Nuvem\",\"isPartOf\":{\"@id\":\"https:\/\/nuvem.paris\/#website\"},\"datePublished\":\"2025-01-26T15:44:01+00:00\",\"dateModified\":\"2025-01-26T15:45:16+00:00\",\"breadcrumb\":{\"@id\":\"https:\/\/nuvem.paris\/index.php\/ados\/#breadcrumb\"},\"inLanguage\":\"fr-FR\",\"potentialAction\":[{\"@type\":\"ReadAction\",\"target\":[\"https:\/\/nuvem.paris\/index.php\/ados\/\"]}]},{\"@type\":\"BreadcrumbList\",\"@id\":\"https:\/\/nuvem.paris\/index.php\/ados\/#breadcrumb\",\"itemListElement\":[{\"@type\":\"ListItem\",\"position\":1,\"name\":\"Accueil\",\"item\":\"https:\/\/nuvem.paris\/\"},{\"@type\":\"ListItem\",\"position\":2,\"name\":\"Ados\"}]},{\"@type\":\"WebSite\",\"@id\":\"https:\/\/nuvem.paris\/#website\",\"url\":\"https:\/\/nuvem.paris\/\",\"name\":\"Nuvem\",\"description\":\"Portugal inspir\u00e9, nature pr\u00e9serv\u00e9e - la mode \u00e9co-consciente\",\"publisher\":{\"@id\":\"https:\/\/nuvem.paris\/#organization\"},\"potentialAction\":[{\"@type\":\"SearchAction\",\"target\":{\"@type\":\"EntryPoint\",\"urlTemplate\":\"https:\/\/nuvem.paris\/?s={search_term_string}\"},\"query-input\":{\"@type\":\"PropertyValueSpecification\",\"valueRequired\":true,\"valueName\":\"search_term_string\"}}],\"inLanguage\":\"fr-FR\"},{\"@type\":\"Organization\",\"@id\":\"https:\/\/nuvem.paris\/#organization\",\"name\":\"Nuvem\",\"url\":\"https:\/\/nuvem.paris\/\",\"logo\":{\"@type\":\"ImageObject\",\"inLanguage\":\"fr-FR\",\"@id\":\"https:\/\/nuvem.paris\/#\/schema\/logo\/image\/\",\"url\":\"https:\/\/nuvem.paris\/wp-content\/uploads\/2024\/04\/autocollant.png\",\"contentUrl\":\"https:\/\/nuvem.paris\/wp-content\/uploads\/2024\/04\/autocollant.png\",\"width\":800,\"height\":360,\"caption\":\"Nuvem\"},\"image\":{\"@id\":\"https:\/\/nuvem.paris\/#\/schema\/logo\/image\/\"}}]}<\/script>\n<!-- \/ Yoast SEO plugin. -->","yoast_head_json":{"title":"Ados - Nuvem","robots":{"index":"index","follow":"follow","max-snippet":"max-snippet:-1","max-image-preview":"max-image-preview:large","max-video-preview":"max-video-preview:-1"},"canonical":"https:\/\/nuvem.paris\/index.php\/ados\/","og_locale":"fr_FR","og_type":"article","og_title":"Ados - Nuvem","og_url":"https:\/\/nuvem.paris\/index.php\/ados\/","og_site_name":"Nuvem","article_modified_time":"2025-01-26T15:45:16+00:00","twitter_card":"summary_large_image","twitter_misc":{"Dur\u00e9e de lecture estim\u00e9e":"1 minute"},"schema":{"@context":"https:\/\/schema.org","@graph":[{"@type":"WebPage","@id":"https:\/\/nuvem.paris\/index.php\/ados\/","url":"https:\/\/nuvem.paris\/index.php\/ados\/","name":"Ados - Nuvem","isPartOf":{"@id":"https:\/\/nuvem.paris\/#website"},"datePublished":"2025-01-26T15:44:01+00:00","dateModified":"2025-01-26T15:45:16+00:00","breadcrumb":{"@id":"https:\/\/nuvem.paris\/index.php\/ados\/#breadcrumb"},"inLanguage":"fr-FR","potentialAction":[{"@type":"ReadAction","target":["https:\/\/nuvem.paris\/index.php\/ados\/"]}]},{"@type":"BreadcrumbList","@id":"https:\/\/nuvem.paris\/index.php\/ados\/#breadcrumb","itemListElement":[{"@type":"ListItem","position":1,"name":"Accueil","item":"https:\/\/nuvem.paris\/"},{"@type":"ListItem","position":2,"name":"Ados"}]},{"@type":"WebSite","@id":"https:\/\/nuvem.paris\/#website","url":"https:\/\/nuvem.paris\/","name":"Nuvem","description":"Portugal inspir\u00e9, nature pr\u00e9serv\u00e9e - la mode \u00e9co-consciente","publisher":{"@id":"https:\/\/nuvem.paris\/#organization"},"potentialAction":[{"@type":"SearchAction","target":{"@type":"EntryPoint","urlTemplate":"https:\/\/nuvem.paris\/?s={search_term_string}"},"query-input":{"@type":"PropertyValueSpecification","valueRequired":true,"valueName":"search_term_string"}}],"inLanguage":"fr-FR"},{"@type":"Organization","@id":"https:\/\/nuvem.paris\/#organization","name":"Nuvem","url":"https:\/\/nuvem.paris\/","logo":{"@type":"ImageObject","inLanguage":"fr-FR","@id":"https:\/\/nuvem.paris\/#\/schema\/logo\/image\/","url":"https:\/\/nuvem.paris\/wp-content\/uploads\/2024\/04\/autocollant.png","contentUrl":"https:\/\/nuvem.paris\/wp-content\/uploads\/2024\/04\/autocollant.png","width":800,"height":360,"caption":"Nuvem"},"image":{"@id":"https:\/\/nuvem.paris\/#\/schema\/logo\/image\/"}}]}},"_links":{"self":[{"href":"https:\/\/nuvem.paris\/index.php\/wp-json\/wp\/v2\/pages\/2835","targetHints":{"allow":["GET"]}}],"collection":[{"href":"https:\/\/nuvem.paris\/index.php\/wp-json\/wp\/v2\/pages"}],"about":[{"href":"https:\/\/nuvem.paris\/index.php\/wp-json\/wp\/v2\/types\/page"}],"author":[{"embeddable":true,"href":"https:\/\/nuvem.paris\/index.php\/wp-json\/wp\/v2\/users\/2"}],"replies":[{"embeddable":true,"href":"https:\/\/nuvem.paris\/index.php\/wp-json\/wp\/v2\/comments?post=2835"}],"version-history":[{"count":7,"href":"https:\/\/nuvem.paris\/index.php\/wp-json\/wp\/v2\/pages\/2835\/revisions"}],"predecessor-version":[{"id":2842,"href":"https:\/\/nuvem.paris\/index.php\/wp-json\/wp\/v2\/pages\/2835\/revisions\/2842"}],"wp:attachment":[{"href":"https:\/\/nuvem.paris\/index.php\/wp-json\/wp\/v2\/media?parent=2835"}],"curies":[{"name":"wp","href":"https:\/\/api.w.org\/{rel}","templated":true}]}}