{"id":2830,"date":"2025-01-26T16:41:36","date_gmt":"2025-01-26T15:41:36","guid":{"rendered":"https:\/\/nuvem.paris\/?page_id=2830"},"modified":"2025-02-27T19:41:09","modified_gmt":"2025-02-27T18:41:09","slug":"enfants","status":"publish","type":"page","link":"https:\/\/nuvem.paris\/index.php\/enfants\/","title":{"rendered":"Enfants"},"content":{"rendered":"\t\t<div data-elementor-type=\"wp-page\" data-elementor-id=\"2830\" class=\"elementor elementor-2830\" data-elementor-post-type=\"page\">\n\t\t\t\t<div class=\"elementor-element elementor-element-8a33534 e-flex e-con-boxed e-con e-parent\" data-id=\"8a33534\" data-element_type=\"container\">\n\t\t\t\t\t<div class=\"e-con-inner\">\n\t\t<div class=\"elementor-element elementor-element-0ef51a5 e-con-full e-flex e-con e-child\" data-id=\"0ef51a5\" data-element_type=\"container\">\n\t\t<div class=\"elementor-element elementor-element-3b09473 e-con-full e-flex e-con e-child\" data-id=\"3b09473\" data-element_type=\"container\">\n\t\t\t\t<div class=\"elementor-element elementor-element-c182dde elementor-view-default elementor-widget elementor-widget-icon\" data-id=\"c182dde\" data-element_type=\"widget\" data-widget_type=\"icon.default\">\n\t\t\t\t<div class=\"elementor-widget-container\">\n\t\t\t\t\t\t\t<div class=\"elementor-icon-wrapper\">\n\t\t\t<a class=\"elementor-icon\" href=\"https:\/\/nuvem.paris\/index.php\/shop\/\">\n\t\t\t<svg aria-hidden=\"true\" class=\"e-font-icon-svg e-fas-arrow-alt-circle-left\" viewBox=\"0 0 512 512\" xmlns=\"http:\/\/www.w3.org\/2000\/svg\"><path d=\"M256 504C119 504 8 393 8 256S119 8 256 8s248 111 248 248-111 248-248 248zm116-292H256v-70.9c0-10.7-13-16.1-20.5-8.5L121.2 247.5c-4.7 4.7-4.7 12.2 0 16.9l114.3 114.9c7.6 7.6 20.5 2.2 20.5-8.5V300h116c6.6 0 12-5.4 12-12v-64c0-6.6-5.4-12-12-12z\"><\/path><\/svg>\t\t\t<\/a>\n\t\t<\/div>\n\t\t\t\t\t\t<\/div>\n\t\t\t\t<\/div>\n\t\t\t\t<\/div>\n\t\t<div class=\"elementor-element elementor-element-90f4ced e-con-full e-flex e-con e-child\" data-id=\"90f4ced\" data-element_type=\"container\">\n\t\t\t\t<\/div>\n\t\t<div class=\"elementor-element elementor-element-8be0f9b e-con-full e-flex e-con e-child\" data-id=\"8be0f9b\" data-element_type=\"container\">\n\t\t\t\t<\/div>\n\t\t<div class=\"elementor-element elementor-element-76077cd e-con-full e-flex e-con e-child\" data-id=\"76077cd\" data-element_type=\"container\">\n\t\t\t\t<\/div>\n\t\t\t\t<\/div>\n\t\t\t\t\t<\/div>\n\t\t\t\t<\/div>\n\t\t<div class=\"elementor-element elementor-element-04ec135 e-flex e-con-boxed e-con e-parent\" data-id=\"04ec135\" data-element_type=\"container\">\n\t\t\t\t\t<div class=\"e-con-inner\">\n\t\t\t\t<div class=\"elementor-element elementor-element-b80f9aa elementor-product-loop-item--align-center elementor-grid-4 elementor-grid-tablet-3 elementor-grid-mobile-2 elementor-products-grid elementor-wc-products elementor-widget elementor-widget-woocommerce-products\" data-id=\"b80f9aa\" data-element_type=\"widget\" data-widget_type=\"woocommerce-products.default\">\n\t\t\t\t<div class=\"elementor-widget-container\">\n\t\t\t\t\t<div class=\"woocommerce columns-4 \"><ul class=\"products elementor-grid columns-4\">\n<li class=\"product type-product post-7500 status-publish first instock product_cat-noel product_cat-sweat-enfants has-post-thumbnail shipping-taxable purchasable product-type-variable\">\n\t<a href=\"https:\/\/nuvem.paris\/index.php\/produit\/t-shirt-feliz-natal-enfant-personnalisable\/\" class=\"woocommerce-LoopProduct-link woocommerce-loop-product__link\"><img fetchpriority=\"high\" decoding=\"async\" width=\"300\" height=\"300\" src=\"https:\/\/nuvem.paris\/wp-content\/uploads\/2025\/11\/1-2-300x300.png\" class=\"attachment-woocommerce_thumbnail size-woocommerce_thumbnail\" alt=\"T SHIRT Enfant &lt;br\/&gt; Feliz Natal\" srcset=\"https:\/\/nuvem.paris\/wp-content\/uploads\/2025\/11\/1-2-300x300.png 300w, https:\/\/nuvem.paris\/wp-content\/uploads\/2025\/11\/1-2-150x150.png 150w, https:\/\/nuvem.paris\/wp-content\/uploads\/2025\/11\/1-2-768x768.png 768w, https:\/\/nuvem.paris\/wp-content\/uploads\/2025\/11\/1-2-600x600.png 600w, https:\/\/nuvem.paris\/wp-content\/uploads\/2025\/11\/1-2-100x100.png 100w, https:\/\/nuvem.paris\/wp-content\/uploads\/2025\/11\/1-2.png 1000w\" sizes=\"(max-width: 300px) 100vw, 300px\" \/><h2 class=\"woocommerce-loop-product__title\">T SHIRT Enfant <br\/> Feliz Natal<\/h2>\n\t<span class=\"price\"><span class=\"woocommerce-Price-amount amount\"><bdi>29,95&nbsp;<span class=\"woocommerce-Price-currencySymbol\">&euro;<\/span><\/bdi><\/span><\/span>\n<\/a><a href=\"https:\/\/nuvem.paris\/index.php\/produit\/t-shirt-feliz-natal-enfant-personnalisable\/\" aria-describedby=\"woocommerce_loop_add_to_cart_link_describedby_7500\" data-quantity=\"1\" class=\"button product_type_variable add_to_cart_button\" data-product_id=\"7500\" data-product_sku=\"\" aria-label=\"S\u00e9lectionner les options pour &ldquo;T SHIRT Enfant  Feliz Natal&rdquo;\" rel=\"nofollow\">Choix des options<\/a>\t<span id=\"woocommerce_loop_add_to_cart_link_describedby_7500\" class=\"screen-reader-text\">\n\t\tCe produit a plusieurs variations. Les options peuvent \u00eatre choisies sur la page du produit\t<\/span>\n<\/li>\n<li class=\"product type-product post-4063 status-publish instock product_cat-sweat-enfants has-post-thumbnail shipping-taxable purchasable product-type-variable\">\n\t<a href=\"https:\/\/nuvem.paris\/index.php\/produit\/t-shirt-enfant-porto-blanc\/\" class=\"woocommerce-LoopProduct-link woocommerce-loop-product__link\"><img decoding=\"async\" width=\"300\" height=\"300\" src=\"https:\/\/nuvem.paris\/wp-content\/uploads\/2025\/05\/1-37-300x300.png\" class=\"attachment-woocommerce_thumbnail size-woocommerce_thumbnail\" alt=\"T SHIRT Enfant &lt;br \/&gt; Porto Blanc\" srcset=\"https:\/\/nuvem.paris\/wp-content\/uploads\/2025\/05\/1-37-300x300.png 300w, https:\/\/nuvem.paris\/wp-content\/uploads\/2025\/05\/1-37-150x150.png 150w, https:\/\/nuvem.paris\/wp-content\/uploads\/2025\/05\/1-37-768x768.png 768w, https:\/\/nuvem.paris\/wp-content\/uploads\/2025\/05\/1-37-600x600.png 600w, https:\/\/nuvem.paris\/wp-content\/uploads\/2025\/05\/1-37-100x100.png 100w, https:\/\/nuvem.paris\/wp-content\/uploads\/2025\/05\/1-37.png 1000w\" sizes=\"(max-width: 300px) 100vw, 300px\" \/><h2 class=\"woocommerce-loop-product__title\">T SHIRT Enfant <br \/> Porto Blanc<\/h2>\n\t<span class=\"price\"><span class=\"woocommerce-Price-amount amount\"><bdi>29,95&nbsp;<span class=\"woocommerce-Price-currencySymbol\">&euro;<\/span><\/bdi><\/span><\/span>\n<\/a><a href=\"https:\/\/nuvem.paris\/index.php\/produit\/t-shirt-enfant-porto-blanc\/\" aria-describedby=\"woocommerce_loop_add_to_cart_link_describedby_4063\" data-quantity=\"1\" class=\"button product_type_variable add_to_cart_button\" data-product_id=\"4063\" data-product_sku=\"\" aria-label=\"S\u00e9lectionner les options pour &ldquo;T SHIRT Enfant  Porto Blanc&rdquo;\" rel=\"nofollow\">Choix des options<\/a>\t<span id=\"woocommerce_loop_add_to_cart_link_describedby_4063\" class=\"screen-reader-text\">\n\t\tCe produit a plusieurs variations. Les options peuvent \u00eatre choisies sur la page du produit\t<\/span>\n<\/li>\n<li class=\"product type-product post-4056 status-publish instock product_cat-sweat-enfants has-post-thumbnail shipping-taxable purchasable product-type-variable\">\n\t<a href=\"https:\/\/nuvem.paris\/index.php\/produit\/t-shirt-enfant-porto-noir\/\" class=\"woocommerce-LoopProduct-link woocommerce-loop-product__link\"><img decoding=\"async\" width=\"300\" height=\"300\" src=\"https:\/\/nuvem.paris\/wp-content\/uploads\/2025\/05\/1-34-300x300.png\" class=\"attachment-woocommerce_thumbnail size-woocommerce_thumbnail\" alt=\"T SHIRT Enfant &lt;br \/&gt; Porto Noir\" srcset=\"https:\/\/nuvem.paris\/wp-content\/uploads\/2025\/05\/1-34-300x300.png 300w, https:\/\/nuvem.paris\/wp-content\/uploads\/2025\/05\/1-34-150x150.png 150w, https:\/\/nuvem.paris\/wp-content\/uploads\/2025\/05\/1-34-768x768.png 768w, https:\/\/nuvem.paris\/wp-content\/uploads\/2025\/05\/1-34-600x600.png 600w, https:\/\/nuvem.paris\/wp-content\/uploads\/2025\/05\/1-34-100x100.png 100w, https:\/\/nuvem.paris\/wp-content\/uploads\/2025\/05\/1-34.png 1000w\" sizes=\"(max-width: 300px) 100vw, 300px\" \/><h2 class=\"woocommerce-loop-product__title\">T SHIRT Enfant <br \/> Porto Noir<\/h2>\n\t<span class=\"price\"><span class=\"woocommerce-Price-amount amount\"><bdi>29,95&nbsp;<span class=\"woocommerce-Price-currencySymbol\">&euro;<\/span><\/bdi><\/span><\/span>\n<\/a><a href=\"https:\/\/nuvem.paris\/index.php\/produit\/t-shirt-enfant-porto-noir\/\" aria-describedby=\"woocommerce_loop_add_to_cart_link_describedby_4056\" data-quantity=\"1\" class=\"button product_type_variable add_to_cart_button\" data-product_id=\"4056\" data-product_sku=\"\" aria-label=\"S\u00e9lectionner les options pour &ldquo;T SHIRT Enfant  Porto Noir&rdquo;\" rel=\"nofollow\">Choix des options<\/a>\t<span id=\"woocommerce_loop_add_to_cart_link_describedby_4056\" class=\"screen-reader-text\">\n\t\tCe produit a plusieurs variations. Les options peuvent \u00eatre choisies sur la page du produit\t<\/span>\n<\/li>\n<li class=\"product type-product post-4005 status-publish last instock product_cat-sweat-enfants has-post-thumbnail shipping-taxable purchasable product-type-variable\">\n\t<a href=\"https:\/\/nuvem.paris\/index.php\/produit\/t-shirt-enfant-sportinguista-noir\/\" class=\"woocommerce-LoopProduct-link woocommerce-loop-product__link\"><img loading=\"lazy\" decoding=\"async\" width=\"300\" height=\"300\" src=\"https:\/\/nuvem.paris\/wp-content\/uploads\/2025\/05\/1-22-300x300.png\" class=\"attachment-woocommerce_thumbnail size-woocommerce_thumbnail\" alt=\"T SHIRT Enfant &lt;br \/&gt; Sportinguista Noir\" srcset=\"https:\/\/nuvem.paris\/wp-content\/uploads\/2025\/05\/1-22-300x300.png 300w, https:\/\/nuvem.paris\/wp-content\/uploads\/2025\/05\/1-22-150x150.png 150w, https:\/\/nuvem.paris\/wp-content\/uploads\/2025\/05\/1-22-768x768.png 768w, https:\/\/nuvem.paris\/wp-content\/uploads\/2025\/05\/1-22-600x600.png 600w, https:\/\/nuvem.paris\/wp-content\/uploads\/2025\/05\/1-22-100x100.png 100w, https:\/\/nuvem.paris\/wp-content\/uploads\/2025\/05\/1-22.png 1000w\" sizes=\"(max-width: 300px) 100vw, 300px\" \/><h2 class=\"woocommerce-loop-product__title\">T SHIRT Enfant <br \/> Sportinguista Noir<\/h2>\n\t<span class=\"price\"><span class=\"woocommerce-Price-amount amount\"><bdi>29,95&nbsp;<span class=\"woocommerce-Price-currencySymbol\">&euro;<\/span><\/bdi><\/span><\/span>\n<\/a><a href=\"https:\/\/nuvem.paris\/index.php\/produit\/t-shirt-enfant-sportinguista-noir\/\" aria-describedby=\"woocommerce_loop_add_to_cart_link_describedby_4005\" data-quantity=\"1\" class=\"button product_type_variable add_to_cart_button\" data-product_id=\"4005\" data-product_sku=\"\" aria-label=\"S\u00e9lectionner les options pour &ldquo;T SHIRT Enfant  Sportinguista Noir&rdquo;\" rel=\"nofollow\">Choix des options<\/a>\t<span id=\"woocommerce_loop_add_to_cart_link_describedby_4005\" class=\"screen-reader-text\">\n\t\tCe produit a plusieurs variations. Les options peuvent \u00eatre choisies sur la page du produit\t<\/span>\n<\/li>\n<li class=\"product type-product post-3999 status-publish first instock product_cat-sweat-enfants has-post-thumbnail shipping-taxable purchasable product-type-variable\">\n\t<a href=\"https:\/\/nuvem.paris\/index.php\/produit\/t-shirt-enfant-sportinguista-blanc\/\" class=\"woocommerce-LoopProduct-link woocommerce-loop-product__link\"><img loading=\"lazy\" decoding=\"async\" width=\"300\" height=\"300\" src=\"https:\/\/nuvem.paris\/wp-content\/uploads\/2025\/05\/1-20-300x300.png\" class=\"attachment-woocommerce_thumbnail size-woocommerce_thumbnail\" alt=\"T SHIRT Enfant &lt;br \/&gt; Sportinguista Blanc\" srcset=\"https:\/\/nuvem.paris\/wp-content\/uploads\/2025\/05\/1-20-300x300.png 300w, https:\/\/nuvem.paris\/wp-content\/uploads\/2025\/05\/1-20-150x150.png 150w, https:\/\/nuvem.paris\/wp-content\/uploads\/2025\/05\/1-20-768x768.png 768w, https:\/\/nuvem.paris\/wp-content\/uploads\/2025\/05\/1-20-600x600.png 600w, https:\/\/nuvem.paris\/wp-content\/uploads\/2025\/05\/1-20-100x100.png 100w, https:\/\/nuvem.paris\/wp-content\/uploads\/2025\/05\/1-20.png 1000w\" sizes=\"(max-width: 300px) 100vw, 300px\" \/><h2 class=\"woocommerce-loop-product__title\">T SHIRT Enfant <br \/> Sportinguista Blanc<\/h2>\n\t<span class=\"price\"><span class=\"woocommerce-Price-amount amount\"><bdi>29,95&nbsp;<span class=\"woocommerce-Price-currencySymbol\">&euro;<\/span><\/bdi><\/span><\/span>\n<\/a><a href=\"https:\/\/nuvem.paris\/index.php\/produit\/t-shirt-enfant-sportinguista-blanc\/\" aria-describedby=\"woocommerce_loop_add_to_cart_link_describedby_3999\" data-quantity=\"1\" class=\"button product_type_variable add_to_cart_button\" data-product_id=\"3999\" data-product_sku=\"\" aria-label=\"S\u00e9lectionner les options pour &ldquo;T SHIRT Enfant  Sportinguista Blanc&rdquo;\" rel=\"nofollow\">Choix des options<\/a>\t<span id=\"woocommerce_loop_add_to_cart_link_describedby_3999\" class=\"screen-reader-text\">\n\t\tCe produit a plusieurs variations. Les options peuvent \u00eatre choisies sur la page du produit\t<\/span>\n<\/li>\n<li class=\"product type-product post-3980 status-publish instock product_cat-sweat-enfants has-post-thumbnail shipping-taxable purchasable product-type-variable\">\n\t<a href=\"https:\/\/nuvem.paris\/index.php\/produit\/t-shirt-enfant-benfiquista-blanc\/\" class=\"woocommerce-LoopProduct-link woocommerce-loop-product__link\"><img loading=\"lazy\" decoding=\"async\" width=\"300\" height=\"300\" src=\"https:\/\/nuvem.paris\/wp-content\/uploads\/2025\/05\/1-18-300x300.png\" class=\"attachment-woocommerce_thumbnail size-woocommerce_thumbnail\" alt=\"T SHIRT ENFANT &lt;br \/&gt; Benfiquista Blanc\" srcset=\"https:\/\/nuvem.paris\/wp-content\/uploads\/2025\/05\/1-18-300x300.png 300w, https:\/\/nuvem.paris\/wp-content\/uploads\/2025\/05\/1-18-150x150.png 150w, https:\/\/nuvem.paris\/wp-content\/uploads\/2025\/05\/1-18-768x768.png 768w, https:\/\/nuvem.paris\/wp-content\/uploads\/2025\/05\/1-18-600x600.png 600w, https:\/\/nuvem.paris\/wp-content\/uploads\/2025\/05\/1-18-100x100.png 100w, https:\/\/nuvem.paris\/wp-content\/uploads\/2025\/05\/1-18.png 1000w\" sizes=\"(max-width: 300px) 100vw, 300px\" \/><h2 class=\"woocommerce-loop-product__title\">T SHIRT ENFANT <br \/> Benfiquista Blanc<\/h2>\n\t<span class=\"price\"><span class=\"woocommerce-Price-amount amount\"><bdi>29,95&nbsp;<span class=\"woocommerce-Price-currencySymbol\">&euro;<\/span><\/bdi><\/span><\/span>\n<\/a><a href=\"https:\/\/nuvem.paris\/index.php\/produit\/t-shirt-enfant-benfiquista-blanc\/\" aria-describedby=\"woocommerce_loop_add_to_cart_link_describedby_3980\" data-quantity=\"1\" class=\"button product_type_variable add_to_cart_button\" data-product_id=\"3980\" data-product_sku=\"\" aria-label=\"S\u00e9lectionner les options pour &ldquo;T SHIRT ENFANT  Benfiquista Blanc&rdquo;\" rel=\"nofollow\">Choix des options<\/a>\t<span id=\"woocommerce_loop_add_to_cart_link_describedby_3980\" class=\"screen-reader-text\">\n\t\tCe produit a plusieurs variations. Les options peuvent \u00eatre choisies sur la page du produit\t<\/span>\n<\/li>\n<li class=\"product type-product post-3974 status-publish instock product_cat-sweat-enfants has-post-thumbnail shipping-taxable purchasable product-type-variable\">\n\t<a href=\"https:\/\/nuvem.paris\/index.php\/produit\/t-shirt-enfant-benfiquista-noir\/\" class=\"woocommerce-LoopProduct-link woocommerce-loop-product__link\"><img loading=\"lazy\" decoding=\"async\" width=\"300\" height=\"300\" src=\"https:\/\/nuvem.paris\/wp-content\/uploads\/2025\/05\/1-16-300x300.png\" class=\"attachment-woocommerce_thumbnail size-woocommerce_thumbnail\" alt=\"T SHIRT ENFANT &lt;br \/&gt; Benfiquista Noir\" srcset=\"https:\/\/nuvem.paris\/wp-content\/uploads\/2025\/05\/1-16-300x300.png 300w, https:\/\/nuvem.paris\/wp-content\/uploads\/2025\/05\/1-16-150x150.png 150w, https:\/\/nuvem.paris\/wp-content\/uploads\/2025\/05\/1-16-768x768.png 768w, https:\/\/nuvem.paris\/wp-content\/uploads\/2025\/05\/1-16-600x600.png 600w, https:\/\/nuvem.paris\/wp-content\/uploads\/2025\/05\/1-16-100x100.png 100w, https:\/\/nuvem.paris\/wp-content\/uploads\/2025\/05\/1-16.png 1000w\" sizes=\"(max-width: 300px) 100vw, 300px\" \/><h2 class=\"woocommerce-loop-product__title\">T SHIRT ENFANT <br \/> Benfiquista Noir<\/h2>\n\t<span class=\"price\"><span class=\"woocommerce-Price-amount amount\"><bdi>29,95&nbsp;<span class=\"woocommerce-Price-currencySymbol\">&euro;<\/span><\/bdi><\/span><\/span>\n<\/a><a href=\"https:\/\/nuvem.paris\/index.php\/produit\/t-shirt-enfant-benfiquista-noir\/\" aria-describedby=\"woocommerce_loop_add_to_cart_link_describedby_3974\" data-quantity=\"1\" class=\"button product_type_variable add_to_cart_button\" data-product_id=\"3974\" data-product_sku=\"\" aria-label=\"S\u00e9lectionner les options pour &ldquo;T SHIRT ENFANT  Benfiquista Noir&rdquo;\" rel=\"nofollow\">Choix des options<\/a>\t<span id=\"woocommerce_loop_add_to_cart_link_describedby_3974\" class=\"screen-reader-text\">\n\t\tCe produit a plusieurs variations. Les options peuvent \u00eatre choisies sur la page du produit\t<\/span>\n<\/li>\n<li class=\"product type-product post-2866 status-publish last instock product_cat-sweat-enfants has-post-thumbnail shipping-taxable purchasable product-type-variable\">\n\t<a href=\"https:\/\/nuvem.paris\/index.php\/produit\/sweat-enfant-nuvem-bleu\/\" class=\"woocommerce-LoopProduct-link woocommerce-loop-product__link\"><img loading=\"lazy\" decoding=\"async\" width=\"300\" height=\"300\" src=\"https:\/\/nuvem.paris\/wp-content\/uploads\/2025\/04\/1-8-300x300.png\" class=\"attachment-woocommerce_thumbnail size-woocommerce_thumbnail\" alt=\"Sweat ENFANT &lt;br \/&gt; Nuvem bleu\" srcset=\"https:\/\/nuvem.paris\/wp-content\/uploads\/2025\/04\/1-8-300x300.png 300w, https:\/\/nuvem.paris\/wp-content\/uploads\/2025\/04\/1-8-150x150.png 150w, https:\/\/nuvem.paris\/wp-content\/uploads\/2025\/04\/1-8-768x768.png 768w, https:\/\/nuvem.paris\/wp-content\/uploads\/2025\/04\/1-8-600x600.png 600w, https:\/\/nuvem.paris\/wp-content\/uploads\/2025\/04\/1-8-100x100.png 100w, https:\/\/nuvem.paris\/wp-content\/uploads\/2025\/04\/1-8.png 1000w\" sizes=\"(max-width: 300px) 100vw, 300px\" \/><h2 class=\"woocommerce-loop-product__title\">Sweat ENFANT <br \/> Nuvem bleu<\/h2>\n\t<span class=\"price\"><span class=\"woocommerce-Price-amount amount\"><bdi>54,95&nbsp;<span class=\"woocommerce-Price-currencySymbol\">&euro;<\/span><\/bdi><\/span><\/span>\n<\/a><a href=\"https:\/\/nuvem.paris\/index.php\/produit\/sweat-enfant-nuvem-bleu\/\" aria-describedby=\"woocommerce_loop_add_to_cart_link_describedby_2866\" data-quantity=\"1\" class=\"button product_type_variable add_to_cart_button\" data-product_id=\"2866\" data-product_sku=\"\" aria-label=\"S\u00e9lectionner les options pour &ldquo;Sweat ENFANT  Nuvem bleu&rdquo;\" rel=\"nofollow\">Choix des options<\/a>\t<span id=\"woocommerce_loop_add_to_cart_link_describedby_2866\" class=\"screen-reader-text\">\n\t\tCe produit a plusieurs variations. Les options peuvent \u00eatre choisies sur la page du produit\t<\/span>\n<\/li>\n<li class=\"product type-product post-2860 status-publish first instock product_cat-sweat-enfants has-post-thumbnail shipping-taxable purchasable product-type-variable\">\n\t<a href=\"https:\/\/nuvem.paris\/index.php\/produit\/sweat-enfant-nuvem-rose\/\" class=\"woocommerce-LoopProduct-link woocommerce-loop-product__link\"><img loading=\"lazy\" decoding=\"async\" width=\"300\" height=\"300\" src=\"https:\/\/nuvem.paris\/wp-content\/uploads\/2025\/04\/1-2-300x300.png\" class=\"attachment-woocommerce_thumbnail size-woocommerce_thumbnail\" alt=\"Sweat ENFANT &lt;br \/&gt; Nuvem rose\" srcset=\"https:\/\/nuvem.paris\/wp-content\/uploads\/2025\/04\/1-2-300x300.png 300w, https:\/\/nuvem.paris\/wp-content\/uploads\/2025\/04\/1-2-150x150.png 150w, https:\/\/nuvem.paris\/wp-content\/uploads\/2025\/04\/1-2-768x768.png 768w, https:\/\/nuvem.paris\/wp-content\/uploads\/2025\/04\/1-2-600x600.png 600w, https:\/\/nuvem.paris\/wp-content\/uploads\/2025\/04\/1-2-100x100.png 100w, https:\/\/nuvem.paris\/wp-content\/uploads\/2025\/04\/1-2.png 1000w\" sizes=\"(max-width: 300px) 100vw, 300px\" \/><h2 class=\"woocommerce-loop-product__title\">Sweat ENFANT <br \/> Nuvem rose<\/h2>\n\t<span class=\"price\"><span class=\"woocommerce-Price-amount amount\"><bdi>54,95&nbsp;<span class=\"woocommerce-Price-currencySymbol\">&euro;<\/span><\/bdi><\/span><\/span>\n<\/a><a href=\"https:\/\/nuvem.paris\/index.php\/produit\/sweat-enfant-nuvem-rose\/\" aria-describedby=\"woocommerce_loop_add_to_cart_link_describedby_2860\" data-quantity=\"1\" class=\"button product_type_variable add_to_cart_button\" data-product_id=\"2860\" data-product_sku=\"\" aria-label=\"S\u00e9lectionner les options pour &ldquo;Sweat ENFANT  Nuvem rose&rdquo;\" rel=\"nofollow\">Choix des options<\/a>\t<span id=\"woocommerce_loop_add_to_cart_link_describedby_2860\" class=\"screen-reader-text\">\n\t\tCe produit a plusieurs variations. Les options peuvent \u00eatre choisies sur la page du produit\t<\/span>\n<\/li>\n<li class=\"product type-product post-2310 status-publish instock product_cat-sweat-enfants has-post-thumbnail shipping-taxable purchasable product-type-variable\">\n\t<a href=\"https:\/\/nuvem.paris\/index.php\/produit\/sweat-enfant-portugal-noir\/\" class=\"woocommerce-LoopProduct-link woocommerce-loop-product__link\"><img loading=\"lazy\" decoding=\"async\" width=\"300\" height=\"300\" src=\"https:\/\/nuvem.paris\/wp-content\/uploads\/2025\/04\/1-6-300x300.png\" class=\"attachment-woocommerce_thumbnail size-woocommerce_thumbnail\" alt=\"SWEAT ENFANT &lt;br \/&gt; Portugal Noir\" srcset=\"https:\/\/nuvem.paris\/wp-content\/uploads\/2025\/04\/1-6-300x300.png 300w, https:\/\/nuvem.paris\/wp-content\/uploads\/2025\/04\/1-6-150x150.png 150w, https:\/\/nuvem.paris\/wp-content\/uploads\/2025\/04\/1-6-768x768.png 768w, https:\/\/nuvem.paris\/wp-content\/uploads\/2025\/04\/1-6-600x600.png 600w, https:\/\/nuvem.paris\/wp-content\/uploads\/2025\/04\/1-6-100x100.png 100w, https:\/\/nuvem.paris\/wp-content\/uploads\/2025\/04\/1-6.png 1000w\" sizes=\"(max-width: 300px) 100vw, 300px\" \/><h2 class=\"woocommerce-loop-product__title\">SWEAT ENFANT <br \/> Portugal Noir<\/h2>\n\t<span class=\"price\"><span class=\"woocommerce-Price-amount amount\"><bdi>54,95&nbsp;<span class=\"woocommerce-Price-currencySymbol\">&euro;<\/span><\/bdi><\/span><\/span>\n<\/a><a href=\"https:\/\/nuvem.paris\/index.php\/produit\/sweat-enfant-portugal-noir\/\" aria-describedby=\"woocommerce_loop_add_to_cart_link_describedby_2310\" data-quantity=\"1\" class=\"button product_type_variable add_to_cart_button\" data-product_id=\"2310\" data-product_sku=\"\" aria-label=\"S\u00e9lectionner les options pour &ldquo;SWEAT ENFANT  Portugal Noir&rdquo;\" rel=\"nofollow\">Choix des options<\/a>\t<span id=\"woocommerce_loop_add_to_cart_link_describedby_2310\" class=\"screen-reader-text\">\n\t\tCe produit a plusieurs variations. Les options peuvent \u00eatre choisies sur la page du produit\t<\/span>\n<\/li>\n<\/ul>\n<\/div>\t\t\t\t<\/div>\n\t\t\t\t<\/div>\n\t\t\t\t<div class=\"elementor-element elementor-element-e5b6206 elementor-widget elementor-widget-spacer\" data-id=\"e5b6206\" data-element_type=\"widget\" data-widget_type=\"spacer.default\">\n\t\t\t\t<div class=\"elementor-widget-container\">\n\t\t\t\t\t\t\t<div class=\"elementor-spacer\">\n\t\t\t<div class=\"elementor-spacer-inner\"><\/div>\n\t\t<\/div>\n\t\t\t\t\t\t<\/div>\n\t\t\t\t<\/div>\n\t\t\t\t\t<\/div>\n\t\t\t\t<\/div>\n\t\t\t\t<\/div>\n\t\t","protected":false},"excerpt":{"rendered":"","protected":false},"author":2,"featured_media":0,"parent":0,"menu_order":0,"comment_status":"closed","ping_status":"closed","template":"elementor_header_footer","meta":{"footnotes":""},"class_list":["post-2830","page","type-page","status-publish","hentry"],"yoast_head":"<!-- This site is optimized with the Yoast SEO plugin v26.2 - https:\/\/yoast.com\/wordpress\/plugins\/seo\/ -->\n<title>Enfants - Nuvem<\/title>\n<meta name=\"robots\" content=\"index, follow, max-snippet:-1, max-image-preview:large, max-video-preview:-1\" \/>\n<link rel=\"canonical\" href=\"https:\/\/nuvem.paris\/index.php\/enfants\/\" \/>\n<meta property=\"og:locale\" content=\"fr_FR\" \/>\n<meta property=\"og:type\" content=\"article\" \/>\n<meta property=\"og:title\" content=\"Enfants - Nuvem\" \/>\n<meta property=\"og:url\" content=\"https:\/\/nuvem.paris\/index.php\/enfants\/\" \/>\n<meta property=\"og:site_name\" content=\"Nuvem\" \/>\n<meta property=\"article:modified_time\" content=\"2025-02-27T18:41:09+00:00\" \/>\n<meta name=\"twitter:card\" content=\"summary_large_image\" \/>\n<meta name=\"twitter:label1\" content=\"Dur\u00e9e de lecture estim\u00e9e\" \/>\n\t<meta name=\"twitter:data1\" content=\"1 minute\" \/>\n<script type=\"application\/ld+json\" class=\"yoast-schema-graph\">{\"@context\":\"https:\/\/schema.org\",\"@graph\":[{\"@type\":\"WebPage\",\"@id\":\"https:\/\/nuvem.paris\/index.php\/enfants\/\",\"url\":\"https:\/\/nuvem.paris\/index.php\/enfants\/\",\"name\":\"Enfants - Nuvem\",\"isPartOf\":{\"@id\":\"https:\/\/nuvem.paris\/#website\"},\"datePublished\":\"2025-01-26T15:41:36+00:00\",\"dateModified\":\"2025-02-27T18:41:09+00:00\",\"breadcrumb\":{\"@id\":\"https:\/\/nuvem.paris\/index.php\/enfants\/#breadcrumb\"},\"inLanguage\":\"fr-FR\",\"potentialAction\":[{\"@type\":\"ReadAction\",\"target\":[\"https:\/\/nuvem.paris\/index.php\/enfants\/\"]}]},{\"@type\":\"BreadcrumbList\",\"@id\":\"https:\/\/nuvem.paris\/index.php\/enfants\/#breadcrumb\",\"itemListElement\":[{\"@type\":\"ListItem\",\"position\":1,\"name\":\"Accueil\",\"item\":\"https:\/\/nuvem.paris\/\"},{\"@type\":\"ListItem\",\"position\":2,\"name\":\"Enfants\"}]},{\"@type\":\"WebSite\",\"@id\":\"https:\/\/nuvem.paris\/#website\",\"url\":\"https:\/\/nuvem.paris\/\",\"name\":\"Nuvem\",\"description\":\"Portugal inspir\u00e9, nature pr\u00e9serv\u00e9e - la mode \u00e9co-consciente\",\"publisher\":{\"@id\":\"https:\/\/nuvem.paris\/#organization\"},\"potentialAction\":[{\"@type\":\"SearchAction\",\"target\":{\"@type\":\"EntryPoint\",\"urlTemplate\":\"https:\/\/nuvem.paris\/?s={search_term_string}\"},\"query-input\":{\"@type\":\"PropertyValueSpecification\",\"valueRequired\":true,\"valueName\":\"search_term_string\"}}],\"inLanguage\":\"fr-FR\"},{\"@type\":\"Organization\",\"@id\":\"https:\/\/nuvem.paris\/#organization\",\"name\":\"Nuvem\",\"url\":\"https:\/\/nuvem.paris\/\",\"logo\":{\"@type\":\"ImageObject\",\"inLanguage\":\"fr-FR\",\"@id\":\"https:\/\/nuvem.paris\/#\/schema\/logo\/image\/\",\"url\":\"https:\/\/nuvem.paris\/wp-content\/uploads\/2024\/04\/autocollant.png\",\"contentUrl\":\"https:\/\/nuvem.paris\/wp-content\/uploads\/2024\/04\/autocollant.png\",\"width\":800,\"height\":360,\"caption\":\"Nuvem\"},\"image\":{\"@id\":\"https:\/\/nuvem.paris\/#\/schema\/logo\/image\/\"}}]}<\/script>\n<!-- \/ Yoast SEO plugin. -->","yoast_head_json":{"title":"Enfants - Nuvem","robots":{"index":"index","follow":"follow","max-snippet":"max-snippet:-1","max-image-preview":"max-image-preview:large","max-video-preview":"max-video-preview:-1"},"canonical":"https:\/\/nuvem.paris\/index.php\/enfants\/","og_locale":"fr_FR","og_type":"article","og_title":"Enfants - Nuvem","og_url":"https:\/\/nuvem.paris\/index.php\/enfants\/","og_site_name":"Nuvem","article_modified_time":"2025-02-27T18:41:09+00:00","twitter_card":"summary_large_image","twitter_misc":{"Dur\u00e9e de lecture estim\u00e9e":"1 minute"},"schema":{"@context":"https:\/\/schema.org","@graph":[{"@type":"WebPage","@id":"https:\/\/nuvem.paris\/index.php\/enfants\/","url":"https:\/\/nuvem.paris\/index.php\/enfants\/","name":"Enfants - Nuvem","isPartOf":{"@id":"https:\/\/nuvem.paris\/#website"},"datePublished":"2025-01-26T15:41:36+00:00","dateModified":"2025-02-27T18:41:09+00:00","breadcrumb":{"@id":"https:\/\/nuvem.paris\/index.php\/enfants\/#breadcrumb"},"inLanguage":"fr-FR","potentialAction":[{"@type":"ReadAction","target":["https:\/\/nuvem.paris\/index.php\/enfants\/"]}]},{"@type":"BreadcrumbList","@id":"https:\/\/nuvem.paris\/index.php\/enfants\/#breadcrumb","itemListElement":[{"@type":"ListItem","position":1,"name":"Accueil","item":"https:\/\/nuvem.paris\/"},{"@type":"ListItem","position":2,"name":"Enfants"}]},{"@type":"WebSite","@id":"https:\/\/nuvem.paris\/#website","url":"https:\/\/nuvem.paris\/","name":"Nuvem","description":"Portugal inspir\u00e9, nature pr\u00e9serv\u00e9e - la mode \u00e9co-consciente","publisher":{"@id":"https:\/\/nuvem.paris\/#organization"},"potentialAction":[{"@type":"SearchAction","target":{"@type":"EntryPoint","urlTemplate":"https:\/\/nuvem.paris\/?s={search_term_string}"},"query-input":{"@type":"PropertyValueSpecification","valueRequired":true,"valueName":"search_term_string"}}],"inLanguage":"fr-FR"},{"@type":"Organization","@id":"https:\/\/nuvem.paris\/#organization","name":"Nuvem","url":"https:\/\/nuvem.paris\/","logo":{"@type":"ImageObject","inLanguage":"fr-FR","@id":"https:\/\/nuvem.paris\/#\/schema\/logo\/image\/","url":"https:\/\/nuvem.paris\/wp-content\/uploads\/2024\/04\/autocollant.png","contentUrl":"https:\/\/nuvem.paris\/wp-content\/uploads\/2024\/04\/autocollant.png","width":800,"height":360,"caption":"Nuvem"},"image":{"@id":"https:\/\/nuvem.paris\/#\/schema\/logo\/image\/"}}]}},"_links":{"self":[{"href":"https:\/\/nuvem.paris\/index.php\/wp-json\/wp\/v2\/pages\/2830","targetHints":{"allow":["GET"]}}],"collection":[{"href":"https:\/\/nuvem.paris\/index.php\/wp-json\/wp\/v2\/pages"}],"about":[{"href":"https:\/\/nuvem.paris\/index.php\/wp-json\/wp\/v2\/types\/page"}],"author":[{"embeddable":true,"href":"https:\/\/nuvem.paris\/index.php\/wp-json\/wp\/v2\/users\/2"}],"replies":[{"embeddable":true,"href":"https:\/\/nuvem.paris\/index.php\/wp-json\/wp\/v2\/comments?post=2830"}],"version-history":[{"count":13,"href":"https:\/\/nuvem.paris\/index.php\/wp-json\/wp\/v2\/pages\/2830\/revisions"}],"predecessor-version":[{"id":3131,"href":"https:\/\/nuvem.paris\/index.php\/wp-json\/wp\/v2\/pages\/2830\/revisions\/3131"}],"wp:attachment":[{"href":"https:\/\/nuvem.paris\/index.php\/wp-json\/wp\/v2\/media?parent=2830"}],"curies":[{"name":"wp","href":"https:\/\/api.w.org\/{rel}","templated":true}]}}