{"id":2825,"date":"2025-01-26T16:38:08","date_gmt":"2025-01-26T15:38:08","guid":{"rendered":"https:\/\/nuvem.paris\/?page_id=2825"},"modified":"2026-08-03T19:28:57","modified_gmt":"2026-08-03T17:28:57","slug":"accessoires","status":"publish","type":"page","link":"https:\/\/nuvem.paris\/index.php\/accessoires\/","title":{"rendered":"accessoires"},"content":{"rendered":"\t\t<div data-elementor-type=\"wp-page\" data-elementor-id=\"2825\" class=\"elementor elementor-2825\" data-elementor-post-type=\"page\">\n\t\t\t\t<div class=\"elementor-element elementor-element-7606a43 e-flex e-con-boxed e-con e-parent\" data-id=\"7606a43\" data-element_type=\"container\" data-e-type=\"container\">\n\t\t\t\t\t<div class=\"e-con-inner\">\n\t\t<div class=\"elementor-element elementor-element-bbdcaab e-con-full e-flex e-con e-child\" data-id=\"bbdcaab\" data-element_type=\"container\" data-e-type=\"container\">\n\t\t<div class=\"elementor-element elementor-element-3b97802 e-con-full e-flex e-con e-child\" data-id=\"3b97802\" data-element_type=\"container\" data-e-type=\"container\">\n\t\t\t\t<div class=\"elementor-element elementor-element-ab35f45 elementor-view-default elementor-widget elementor-widget-icon\" data-id=\"ab35f45\" data-element_type=\"widget\" data-e-type=\"widget\" data-widget_type=\"icon.default\">\n\t\t\t\t<div class=\"elementor-widget-container\">\n\t\t\t\t\t\t\t<div class=\"elementor-icon-wrapper\">\n\t\t\t<a class=\"elementor-icon\" href=\"https:\/\/nuvem.paris\/index.php\/shop\/\">\n\t\t\t<svg aria-hidden=\"true\" class=\"e-font-icon-svg e-fas-arrow-alt-circle-left\" viewBox=\"0 0 512 512\" xmlns=\"http:\/\/www.w3.org\/2000\/svg\"><path d=\"M256 504C119 504 8 393 8 256S119 8 256 8s248 111 248 248-111 248-248 248zm116-292H256v-70.9c0-10.7-13-16.1-20.5-8.5L121.2 247.5c-4.7 4.7-4.7 12.2 0 16.9l114.3 114.9c7.6 7.6 20.5 2.2 20.5-8.5V300h116c6.6 0 12-5.4 12-12v-64c0-6.6-5.4-12-12-12z\"><\/path><\/svg>\t\t\t<\/a>\n\t\t<\/div>\n\t\t\t\t\t\t<\/div>\n\t\t\t\t<\/div>\n\t\t\t\t<\/div>\n\t\t<div class=\"elementor-element elementor-element-5a99e59 e-con-full e-flex e-con e-child\" data-id=\"5a99e59\" data-element_type=\"container\" data-e-type=\"container\">\n\t\t\t\t<\/div>\n\t\t<div class=\"elementor-element elementor-element-d49b524 e-con-full e-flex e-con e-child\" data-id=\"d49b524\" data-element_type=\"container\" data-e-type=\"container\">\n\t\t\t\t<\/div>\n\t\t<div class=\"elementor-element elementor-element-fe6502e e-con-full e-flex e-con e-child\" data-id=\"fe6502e\" data-element_type=\"container\" data-e-type=\"container\">\n\t\t\t\t<\/div>\n\t\t\t\t<\/div>\n\t\t\t\t\t<\/div>\n\t\t\t\t<\/div>\n\t\t<div class=\"elementor-element elementor-element-4a1689c e-flex e-con-boxed e-con e-parent\" data-id=\"4a1689c\" data-element_type=\"container\" data-e-type=\"container\">\n\t\t\t\t\t<div class=\"e-con-inner\">\n\t\t\t\t<div class=\"elementor-element elementor-element-ce6205a elementor-product-loop-item--align-center elementor-grid-4 elementor-grid-tablet-3 elementor-grid-mobile-2 elementor-products-grid elementor-wc-products elementor-widget elementor-widget-woocommerce-products\" data-id=\"ce6205a\" data-element_type=\"widget\" data-e-type=\"widget\" data-widget_type=\"woocommerce-products.default\">\n\t\t\t\t<div class=\"elementor-widget-container\">\n\t\t\t\t\t<div class=\"woocommerce columns-4 \"><ul class=\"products elementor-grid columns-4\">\n<li class=\"product type-product post-9046 status-publish first instock product_cat-accesoires product_cat-sweat-ados product_cat-sweat-enfants has-post-thumbnail shipping-taxable purchasable product-type-variable\">\n\t<a href=\"https:\/\/nuvem.paris\/index.php\/produit\/claquettes-enfant-portugal-2\/\" class=\"woocommerce-LoopProduct-link woocommerce-loop-product__link\"><img fetchpriority=\"high\" decoding=\"async\" width=\"300\" height=\"300\" src=\"https:\/\/nuvem.paris\/wp-content\/uploads\/2026\/08\/1-36-300x300.png\" class=\"attachment-woocommerce_thumbnail size-woocommerce_thumbnail\" alt=\"Claquettes enfant &lt;br \/&gt; Portugal\" srcset=\"https:\/\/nuvem.paris\/wp-content\/uploads\/2026\/08\/1-36-300x300.png 300w, https:\/\/nuvem.paris\/wp-content\/uploads\/2026\/08\/1-36-150x150.png 150w, https:\/\/nuvem.paris\/wp-content\/uploads\/2026\/08\/1-36-768x768.png 768w, https:\/\/nuvem.paris\/wp-content\/uploads\/2026\/08\/1-36-600x600.png 600w, https:\/\/nuvem.paris\/wp-content\/uploads\/2026\/08\/1-36-100x100.png 100w, https:\/\/nuvem.paris\/wp-content\/uploads\/2026\/08\/1-36.png 1000w\" sizes=\"(max-width: 300px) 100vw, 300px\" \/><h2 class=\"woocommerce-loop-product__title\">Claquettes enfant <br \/> Portugal<\/h2>\n\t<span class=\"price\"><span class=\"woocommerce-Price-amount amount\"><bdi>29,90&nbsp;<span class=\"woocommerce-Price-currencySymbol\" translate=\"no\">&euro;<\/span><\/bdi><\/span><\/span>\n<\/a><a href=\"https:\/\/nuvem.paris\/index.php\/produit\/claquettes-enfant-portugal-2\/\" aria-describedby=\"woocommerce_loop_add_to_cart_link_describedby_9046\" data-quantity=\"1\" class=\"button product_type_variable add_to_cart_button\" data-product_id=\"9046\" data-product_sku=\"\" aria-label=\"S\u00e9lectionner les options pour &ldquo;Claquettes enfant  Portugal&rdquo;\" rel=\"nofollow\">Choix des options<\/a>\t<span id=\"woocommerce_loop_add_to_cart_link_describedby_9046\" class=\"screen-reader-text\">\n\t\tCe produit a plusieurs variations. Les options peuvent \u00eatre choisies sur la page du produit\t<\/span>\n<\/li>\n<li class=\"product type-product post-9035 status-publish instock product_cat-accesoires product_cat-sweat-ados product_cat-sweat-enfants has-post-thumbnail shipping-taxable purchasable product-type-variable\">\n\t<a href=\"https:\/\/nuvem.paris\/index.php\/produit\/claquettes-enfant-noir\/\" class=\"woocommerce-LoopProduct-link woocommerce-loop-product__link\"><img decoding=\"async\" width=\"300\" height=\"300\" src=\"https:\/\/nuvem.paris\/wp-content\/uploads\/2026\/08\/1-34-300x300.png\" class=\"attachment-woocommerce_thumbnail size-woocommerce_thumbnail\" alt=\"Claquettes enfant &lt;br \/&gt; Noir\" srcset=\"https:\/\/nuvem.paris\/wp-content\/uploads\/2026\/08\/1-34-300x300.png 300w, https:\/\/nuvem.paris\/wp-content\/uploads\/2026\/08\/1-34-150x150.png 150w, https:\/\/nuvem.paris\/wp-content\/uploads\/2026\/08\/1-34-768x768.png 768w, https:\/\/nuvem.paris\/wp-content\/uploads\/2026\/08\/1-34-600x600.png 600w, https:\/\/nuvem.paris\/wp-content\/uploads\/2026\/08\/1-34-100x100.png 100w, https:\/\/nuvem.paris\/wp-content\/uploads\/2026\/08\/1-34.png 1000w\" sizes=\"(max-width: 300px) 100vw, 300px\" \/><h2 class=\"woocommerce-loop-product__title\">Claquettes enfant <br \/> Noir<\/h2>\n\t<span class=\"price\"><span class=\"woocommerce-Price-amount amount\"><bdi>29,90&nbsp;<span class=\"woocommerce-Price-currencySymbol\" translate=\"no\">&euro;<\/span><\/bdi><\/span><\/span>\n<\/a><a href=\"https:\/\/nuvem.paris\/index.php\/produit\/claquettes-enfant-noir\/\" aria-describedby=\"woocommerce_loop_add_to_cart_link_describedby_9035\" data-quantity=\"1\" class=\"button product_type_variable add_to_cart_button\" data-product_id=\"9035\" data-product_sku=\"\" aria-label=\"S\u00e9lectionner les options pour &ldquo;Claquettes enfant  Noir&rdquo;\" rel=\"nofollow\">Choix des options<\/a>\t<span id=\"woocommerce_loop_add_to_cart_link_describedby_9035\" class=\"screen-reader-text\">\n\t\tCe produit a plusieurs variations. Les options peuvent \u00eatre choisies sur la page du produit\t<\/span>\n<\/li>\n<li class=\"product type-product post-8970 status-publish instock product_cat-accesoires has-post-thumbnail shipping-taxable purchasable product-type-variable\">\n\t<a href=\"https:\/\/nuvem.paris\/index.php\/produit\/claquettes-homme-portugal\/\" class=\"woocommerce-LoopProduct-link woocommerce-loop-product__link\"><img decoding=\"async\" width=\"300\" height=\"300\" src=\"https:\/\/nuvem.paris\/wp-content\/uploads\/2026\/08\/1-32-300x300.png\" class=\"attachment-woocommerce_thumbnail size-woocommerce_thumbnail\" alt=\"Claquettes Homme &lt;br \/&gt; Portugal\" srcset=\"https:\/\/nuvem.paris\/wp-content\/uploads\/2026\/08\/1-32-300x300.png 300w, https:\/\/nuvem.paris\/wp-content\/uploads\/2026\/08\/1-32-150x150.png 150w, https:\/\/nuvem.paris\/wp-content\/uploads\/2026\/08\/1-32-768x768.png 768w, https:\/\/nuvem.paris\/wp-content\/uploads\/2026\/08\/1-32-600x600.png 600w, https:\/\/nuvem.paris\/wp-content\/uploads\/2026\/08\/1-32-100x100.png 100w, https:\/\/nuvem.paris\/wp-content\/uploads\/2026\/08\/1-32.png 1000w\" sizes=\"(max-width: 300px) 100vw, 300px\" \/><h2 class=\"woocommerce-loop-product__title\">Claquettes Homme <br \/> Portugal<\/h2>\n\t<span class=\"price\"><span class=\"woocommerce-Price-amount amount\"><bdi>29,90&nbsp;<span class=\"woocommerce-Price-currencySymbol\" translate=\"no\">&euro;<\/span><\/bdi><\/span><\/span>\n<\/a><a href=\"https:\/\/nuvem.paris\/index.php\/produit\/claquettes-homme-portugal\/\" aria-describedby=\"woocommerce_loop_add_to_cart_link_describedby_8970\" data-quantity=\"1\" class=\"button product_type_variable add_to_cart_button\" data-product_id=\"8970\" data-product_sku=\"\" aria-label=\"S\u00e9lectionner les options pour &ldquo;Claquettes Homme  Portugal&rdquo;\" rel=\"nofollow\">Choix des options<\/a>\t<span id=\"woocommerce_loop_add_to_cart_link_describedby_8970\" class=\"screen-reader-text\">\n\t\tCe produit a plusieurs variations. Les options peuvent \u00eatre choisies sur la page du produit\t<\/span>\n<\/li>\n<li class=\"product type-product post-8957 status-publish last instock product_cat-accesoires has-post-thumbnail shipping-taxable purchasable product-type-variable\">\n\t<a href=\"https:\/\/nuvem.paris\/index.php\/produit\/claquettes-femme-rose\/\" class=\"woocommerce-LoopProduct-link woocommerce-loop-product__link\"><img loading=\"lazy\" decoding=\"async\" width=\"300\" height=\"300\" src=\"https:\/\/nuvem.paris\/wp-content\/uploads\/2026\/08\/1-30-300x300.png\" class=\"attachment-woocommerce_thumbnail size-woocommerce_thumbnail\" alt=\"Claquettes Femme &lt;br \/&gt; Rose\" srcset=\"https:\/\/nuvem.paris\/wp-content\/uploads\/2026\/08\/1-30-300x300.png 300w, https:\/\/nuvem.paris\/wp-content\/uploads\/2026\/08\/1-30-150x150.png 150w, https:\/\/nuvem.paris\/wp-content\/uploads\/2026\/08\/1-30-768x768.png 768w, https:\/\/nuvem.paris\/wp-content\/uploads\/2026\/08\/1-30-600x600.png 600w, https:\/\/nuvem.paris\/wp-content\/uploads\/2026\/08\/1-30-100x100.png 100w, https:\/\/nuvem.paris\/wp-content\/uploads\/2026\/08\/1-30.png 1000w\" sizes=\"(max-width: 300px) 100vw, 300px\" \/><h2 class=\"woocommerce-loop-product__title\">Claquettes Femme <br \/> Rose<\/h2>\n\t<span class=\"price\"><span class=\"woocommerce-Price-amount amount\"><bdi>29,90&nbsp;<span class=\"woocommerce-Price-currencySymbol\" translate=\"no\">&euro;<\/span><\/bdi><\/span><\/span>\n<\/a><a href=\"https:\/\/nuvem.paris\/index.php\/produit\/claquettes-femme-rose\/\" aria-describedby=\"woocommerce_loop_add_to_cart_link_describedby_8957\" data-quantity=\"1\" class=\"button product_type_variable add_to_cart_button\" data-product_id=\"8957\" data-product_sku=\"\" aria-label=\"S\u00e9lectionner les options pour &ldquo;Claquettes Femme  Rose&rdquo;\" rel=\"nofollow\">Choix des options<\/a>\t<span id=\"woocommerce_loop_add_to_cart_link_describedby_8957\" class=\"screen-reader-text\">\n\t\tCe produit a plusieurs variations. Les options peuvent \u00eatre choisies sur la page du produit\t<\/span>\n<\/li>\n<li class=\"product type-product post-8947 status-publish first instock product_cat-accesoires has-post-thumbnail shipping-taxable purchasable product-type-variable\">\n\t<a href=\"https:\/\/nuvem.paris\/index.php\/produit\/claquettes-femme-sporting\/\" class=\"woocommerce-LoopProduct-link woocommerce-loop-product__link\"><img loading=\"lazy\" decoding=\"async\" width=\"300\" height=\"300\" src=\"https:\/\/nuvem.paris\/wp-content\/uploads\/2026\/08\/1-28-300x300.png\" class=\"attachment-woocommerce_thumbnail size-woocommerce_thumbnail\" alt=\"Claquettes Femme &lt;br \/&gt; Sporting\" srcset=\"https:\/\/nuvem.paris\/wp-content\/uploads\/2026\/08\/1-28-300x300.png 300w, https:\/\/nuvem.paris\/wp-content\/uploads\/2026\/08\/1-28-150x150.png 150w, https:\/\/nuvem.paris\/wp-content\/uploads\/2026\/08\/1-28-768x768.png 768w, https:\/\/nuvem.paris\/wp-content\/uploads\/2026\/08\/1-28-600x600.png 600w, https:\/\/nuvem.paris\/wp-content\/uploads\/2026\/08\/1-28-100x100.png 100w, https:\/\/nuvem.paris\/wp-content\/uploads\/2026\/08\/1-28.png 1000w\" sizes=\"(max-width: 300px) 100vw, 300px\" \/><h2 class=\"woocommerce-loop-product__title\">Claquettes Femme <br \/> Sporting<\/h2>\n\t<span class=\"price\"><span class=\"woocommerce-Price-amount amount\"><bdi>29,90&nbsp;<span class=\"woocommerce-Price-currencySymbol\" translate=\"no\">&euro;<\/span><\/bdi><\/span><\/span>\n<\/a><a href=\"https:\/\/nuvem.paris\/index.php\/produit\/claquettes-femme-sporting\/\" aria-describedby=\"woocommerce_loop_add_to_cart_link_describedby_8947\" data-quantity=\"1\" class=\"button product_type_variable add_to_cart_button\" data-product_id=\"8947\" data-product_sku=\"\" aria-label=\"S\u00e9lectionner les options pour &ldquo;Claquettes Femme  Sporting&rdquo;\" rel=\"nofollow\">Choix des options<\/a>\t<span id=\"woocommerce_loop_add_to_cart_link_describedby_8947\" class=\"screen-reader-text\">\n\t\tCe produit a plusieurs variations. Les options peuvent \u00eatre choisies sur la page du produit\t<\/span>\n<\/li>\n<li class=\"product type-product post-8937 status-publish instock product_cat-accesoires has-post-thumbnail shipping-taxable purchasable product-type-variable\">\n\t<a href=\"https:\/\/nuvem.paris\/index.php\/produit\/claquettes-femme-porto\/\" class=\"woocommerce-LoopProduct-link woocommerce-loop-product__link\"><img loading=\"lazy\" decoding=\"async\" width=\"300\" height=\"300\" src=\"https:\/\/nuvem.paris\/wp-content\/uploads\/2026\/08\/1-26-300x300.png\" class=\"attachment-woocommerce_thumbnail size-woocommerce_thumbnail\" alt=\"Claquettes Femme &lt;br \/&gt; Porto\" srcset=\"https:\/\/nuvem.paris\/wp-content\/uploads\/2026\/08\/1-26-300x300.png 300w, https:\/\/nuvem.paris\/wp-content\/uploads\/2026\/08\/1-26-150x150.png 150w, https:\/\/nuvem.paris\/wp-content\/uploads\/2026\/08\/1-26-768x768.png 768w, https:\/\/nuvem.paris\/wp-content\/uploads\/2026\/08\/1-26-600x600.png 600w, https:\/\/nuvem.paris\/wp-content\/uploads\/2026\/08\/1-26-100x100.png 100w, https:\/\/nuvem.paris\/wp-content\/uploads\/2026\/08\/1-26.png 1000w\" sizes=\"(max-width: 300px) 100vw, 300px\" \/><h2 class=\"woocommerce-loop-product__title\">Claquettes Femme <br \/> Porto<\/h2>\n\t<span class=\"price\"><span class=\"woocommerce-Price-amount amount\"><bdi>29,90&nbsp;<span class=\"woocommerce-Price-currencySymbol\" translate=\"no\">&euro;<\/span><\/bdi><\/span><\/span>\n<\/a><a href=\"https:\/\/nuvem.paris\/index.php\/produit\/claquettes-femme-porto\/\" aria-describedby=\"woocommerce_loop_add_to_cart_link_describedby_8937\" data-quantity=\"1\" class=\"button product_type_variable add_to_cart_button\" data-product_id=\"8937\" data-product_sku=\"\" aria-label=\"S\u00e9lectionner les options pour &ldquo;Claquettes Femme  Porto&rdquo;\" rel=\"nofollow\">Choix des options<\/a>\t<span id=\"woocommerce_loop_add_to_cart_link_describedby_8937\" class=\"screen-reader-text\">\n\t\tCe produit a plusieurs variations. Les options peuvent \u00eatre choisies sur la page du produit\t<\/span>\n<\/li>\n<li class=\"product type-product post-8927 status-publish instock product_cat-accesoires has-post-thumbnail shipping-taxable purchasable product-type-variable\">\n\t<a href=\"https:\/\/nuvem.paris\/index.php\/produit\/claquettes-femme-noir\/\" class=\"woocommerce-LoopProduct-link woocommerce-loop-product__link\"><img loading=\"lazy\" decoding=\"async\" width=\"300\" height=\"300\" src=\"https:\/\/nuvem.paris\/wp-content\/uploads\/2026\/08\/1-24-300x300.png\" class=\"attachment-woocommerce_thumbnail size-woocommerce_thumbnail\" alt=\"Claquettes Femme &lt;br \/&gt; Noir\" srcset=\"https:\/\/nuvem.paris\/wp-content\/uploads\/2026\/08\/1-24-300x300.png 300w, https:\/\/nuvem.paris\/wp-content\/uploads\/2026\/08\/1-24-150x150.png 150w, https:\/\/nuvem.paris\/wp-content\/uploads\/2026\/08\/1-24-768x768.png 768w, https:\/\/nuvem.paris\/wp-content\/uploads\/2026\/08\/1-24-600x600.png 600w, https:\/\/nuvem.paris\/wp-content\/uploads\/2026\/08\/1-24-100x100.png 100w, https:\/\/nuvem.paris\/wp-content\/uploads\/2026\/08\/1-24.png 1000w\" sizes=\"(max-width: 300px) 100vw, 300px\" \/><h2 class=\"woocommerce-loop-product__title\">Claquettes Femme <br \/> Noir<\/h2>\n\t<span class=\"price\"><span class=\"woocommerce-Price-amount amount\"><bdi>29,90&nbsp;<span class=\"woocommerce-Price-currencySymbol\" translate=\"no\">&euro;<\/span><\/bdi><\/span><\/span>\n<\/a><a href=\"https:\/\/nuvem.paris\/index.php\/produit\/claquettes-femme-noir\/\" aria-describedby=\"woocommerce_loop_add_to_cart_link_describedby_8927\" data-quantity=\"1\" class=\"button product_type_variable add_to_cart_button\" data-product_id=\"8927\" data-product_sku=\"\" aria-label=\"S\u00e9lectionner les options pour &ldquo;Claquettes Femme  Noir&rdquo;\" rel=\"nofollow\">Choix des options<\/a>\t<span id=\"woocommerce_loop_add_to_cart_link_describedby_8927\" class=\"screen-reader-text\">\n\t\tCe produit a plusieurs variations. Les options peuvent \u00eatre choisies sur la page du produit\t<\/span>\n<\/li>\n<li class=\"product type-product post-8917 status-publish last instock product_cat-accesoires has-post-thumbnail shipping-taxable purchasable product-type-variable\">\n\t<a href=\"https:\/\/nuvem.paris\/index.php\/produit\/claquettes-femme-portugal\/\" class=\"woocommerce-LoopProduct-link woocommerce-loop-product__link\"><img loading=\"lazy\" decoding=\"async\" width=\"300\" height=\"300\" src=\"https:\/\/nuvem.paris\/wp-content\/uploads\/2026\/08\/1-22-300x300.png\" class=\"attachment-woocommerce_thumbnail size-woocommerce_thumbnail\" alt=\"Claquettes Femme &lt;br \/&gt; Portugal\" srcset=\"https:\/\/nuvem.paris\/wp-content\/uploads\/2026\/08\/1-22-300x300.png 300w, https:\/\/nuvem.paris\/wp-content\/uploads\/2026\/08\/1-22-150x150.png 150w, https:\/\/nuvem.paris\/wp-content\/uploads\/2026\/08\/1-22-768x768.png 768w, https:\/\/nuvem.paris\/wp-content\/uploads\/2026\/08\/1-22-600x600.png 600w, https:\/\/nuvem.paris\/wp-content\/uploads\/2026\/08\/1-22-100x100.png 100w, https:\/\/nuvem.paris\/wp-content\/uploads\/2026\/08\/1-22.png 1000w\" sizes=\"(max-width: 300px) 100vw, 300px\" \/><h2 class=\"woocommerce-loop-product__title\">Claquettes Femme <br \/> Portugal<\/h2>\n\t<span class=\"price\"><span class=\"woocommerce-Price-amount amount\"><bdi>29,90&nbsp;<span class=\"woocommerce-Price-currencySymbol\" translate=\"no\">&euro;<\/span><\/bdi><\/span><\/span>\n<\/a><a href=\"https:\/\/nuvem.paris\/index.php\/produit\/claquettes-femme-portugal\/\" aria-describedby=\"woocommerce_loop_add_to_cart_link_describedby_8917\" data-quantity=\"1\" class=\"button product_type_variable add_to_cart_button\" data-product_id=\"8917\" data-product_sku=\"\" aria-label=\"S\u00e9lectionner les options pour &ldquo;Claquettes Femme  Portugal&rdquo;\" rel=\"nofollow\">Choix des options<\/a>\t<span id=\"woocommerce_loop_add_to_cart_link_describedby_8917\" class=\"screen-reader-text\">\n\t\tCe produit a plusieurs variations. Les options peuvent \u00eatre choisies sur la page du produit\t<\/span>\n<\/li>\n<li class=\"product type-product post-8907 status-publish first instock product_cat-accesoires has-post-thumbnail shipping-taxable purchasable product-type-variable\">\n\t<a href=\"https:\/\/nuvem.paris\/index.php\/produit\/claquettes-femme-benfica\/\" class=\"woocommerce-LoopProduct-link woocommerce-loop-product__link\"><img loading=\"lazy\" decoding=\"async\" width=\"300\" height=\"300\" src=\"https:\/\/nuvem.paris\/wp-content\/uploads\/2026\/08\/1-20-300x300.png\" class=\"attachment-woocommerce_thumbnail size-woocommerce_thumbnail\" alt=\"Claquettes Femme &lt;br \/&gt; Benfica\" srcset=\"https:\/\/nuvem.paris\/wp-content\/uploads\/2026\/08\/1-20-300x300.png 300w, https:\/\/nuvem.paris\/wp-content\/uploads\/2026\/08\/1-20-150x150.png 150w, https:\/\/nuvem.paris\/wp-content\/uploads\/2026\/08\/1-20-768x768.png 768w, https:\/\/nuvem.paris\/wp-content\/uploads\/2026\/08\/1-20-600x600.png 600w, https:\/\/nuvem.paris\/wp-content\/uploads\/2026\/08\/1-20-100x100.png 100w, https:\/\/nuvem.paris\/wp-content\/uploads\/2026\/08\/1-20.png 1000w\" sizes=\"(max-width: 300px) 100vw, 300px\" \/><h2 class=\"woocommerce-loop-product__title\">Claquettes Femme <br \/> Benfica<\/h2>\n\t<span class=\"price\"><span class=\"woocommerce-Price-amount amount\"><bdi>29,90&nbsp;<span class=\"woocommerce-Price-currencySymbol\" translate=\"no\">&euro;<\/span><\/bdi><\/span><\/span>\n<\/a><a href=\"https:\/\/nuvem.paris\/index.php\/produit\/claquettes-femme-benfica\/\" aria-describedby=\"woocommerce_loop_add_to_cart_link_describedby_8907\" data-quantity=\"1\" class=\"button product_type_variable add_to_cart_button\" data-product_id=\"8907\" data-product_sku=\"\" aria-label=\"S\u00e9lectionner les options pour &ldquo;Claquettes Femme  Benfica&rdquo;\" rel=\"nofollow\">Choix des options<\/a>\t<span id=\"woocommerce_loop_add_to_cart_link_describedby_8907\" class=\"screen-reader-text\">\n\t\tCe produit a plusieurs variations. Les options peuvent \u00eatre choisies sur la page du produit\t<\/span>\n<\/li>\n<li class=\"product type-product post-8897 status-publish instock product_cat-accesoires has-post-thumbnail shipping-taxable purchasable product-type-variable\">\n\t<a href=\"https:\/\/nuvem.paris\/index.php\/produit\/claquettes-homme-rose\/\" class=\"woocommerce-LoopProduct-link woocommerce-loop-product__link\"><img loading=\"lazy\" decoding=\"async\" width=\"300\" height=\"300\" src=\"https:\/\/nuvem.paris\/wp-content\/uploads\/2026\/08\/1-18-300x300.png\" class=\"attachment-woocommerce_thumbnail size-woocommerce_thumbnail\" alt=\"Claquettes Homme &lt;br \/&gt; Rose\" srcset=\"https:\/\/nuvem.paris\/wp-content\/uploads\/2026\/08\/1-18-300x300.png 300w, https:\/\/nuvem.paris\/wp-content\/uploads\/2026\/08\/1-18-150x150.png 150w, https:\/\/nuvem.paris\/wp-content\/uploads\/2026\/08\/1-18-768x768.png 768w, https:\/\/nuvem.paris\/wp-content\/uploads\/2026\/08\/1-18-600x600.png 600w, https:\/\/nuvem.paris\/wp-content\/uploads\/2026\/08\/1-18-100x100.png 100w, https:\/\/nuvem.paris\/wp-content\/uploads\/2026\/08\/1-18.png 1000w\" sizes=\"(max-width: 300px) 100vw, 300px\" \/><h2 class=\"woocommerce-loop-product__title\">Claquettes Homme <br \/> Rose<\/h2>\n\t<span class=\"price\"><span class=\"woocommerce-Price-amount amount\"><bdi>29,90&nbsp;<span class=\"woocommerce-Price-currencySymbol\" translate=\"no\">&euro;<\/span><\/bdi><\/span><\/span>\n<\/a><a href=\"https:\/\/nuvem.paris\/index.php\/produit\/claquettes-homme-rose\/\" aria-describedby=\"woocommerce_loop_add_to_cart_link_describedby_8897\" data-quantity=\"1\" class=\"button product_type_variable add_to_cart_button\" data-product_id=\"8897\" data-product_sku=\"\" aria-label=\"S\u00e9lectionner les options pour &ldquo;Claquettes Homme  Rose&rdquo;\" rel=\"nofollow\">Choix des options<\/a>\t<span id=\"woocommerce_loop_add_to_cart_link_describedby_8897\" class=\"screen-reader-text\">\n\t\tCe produit a plusieurs variations. Les options peuvent \u00eatre choisies sur la page du produit\t<\/span>\n<\/li>\n<li class=\"product type-product post-8887 status-publish instock product_cat-accesoires has-post-thumbnail shipping-taxable purchasable product-type-variable\">\n\t<a href=\"https:\/\/nuvem.paris\/index.php\/produit\/claquettes-homme-sporting\/\" class=\"woocommerce-LoopProduct-link woocommerce-loop-product__link\"><img loading=\"lazy\" decoding=\"async\" width=\"300\" height=\"300\" src=\"https:\/\/nuvem.paris\/wp-content\/uploads\/2026\/08\/1-16-300x300.png\" class=\"attachment-woocommerce_thumbnail size-woocommerce_thumbnail\" alt=\"Claquettes Homme &lt;br \/&gt; Sporting\" srcset=\"https:\/\/nuvem.paris\/wp-content\/uploads\/2026\/08\/1-16-300x300.png 300w, https:\/\/nuvem.paris\/wp-content\/uploads\/2026\/08\/1-16-150x150.png 150w, https:\/\/nuvem.paris\/wp-content\/uploads\/2026\/08\/1-16-768x768.png 768w, https:\/\/nuvem.paris\/wp-content\/uploads\/2026\/08\/1-16-600x600.png 600w, https:\/\/nuvem.paris\/wp-content\/uploads\/2026\/08\/1-16-100x100.png 100w, https:\/\/nuvem.paris\/wp-content\/uploads\/2026\/08\/1-16.png 1000w\" sizes=\"(max-width: 300px) 100vw, 300px\" \/><h2 class=\"woocommerce-loop-product__title\">Claquettes Homme <br \/> Sporting<\/h2>\n\t<span class=\"price\"><span class=\"woocommerce-Price-amount amount\"><bdi>29,90&nbsp;<span class=\"woocommerce-Price-currencySymbol\" translate=\"no\">&euro;<\/span><\/bdi><\/span><\/span>\n<\/a><a href=\"https:\/\/nuvem.paris\/index.php\/produit\/claquettes-homme-sporting\/\" aria-describedby=\"woocommerce_loop_add_to_cart_link_describedby_8887\" data-quantity=\"1\" class=\"button product_type_variable add_to_cart_button\" data-product_id=\"8887\" data-product_sku=\"\" aria-label=\"S\u00e9lectionner les options pour &ldquo;Claquettes Homme  Sporting&rdquo;\" rel=\"nofollow\">Choix des options<\/a>\t<span id=\"woocommerce_loop_add_to_cart_link_describedby_8887\" class=\"screen-reader-text\">\n\t\tCe produit a plusieurs variations. Les options peuvent \u00eatre choisies sur la page du produit\t<\/span>\n<\/li>\n<li class=\"product type-product post-8877 status-publish last instock product_cat-accesoires has-post-thumbnail shipping-taxable purchasable product-type-variable\">\n\t<a href=\"https:\/\/nuvem.paris\/index.php\/produit\/claquettes-homme-benfica\/\" class=\"woocommerce-LoopProduct-link woocommerce-loop-product__link\"><img loading=\"lazy\" decoding=\"async\" width=\"300\" height=\"300\" src=\"https:\/\/nuvem.paris\/wp-content\/uploads\/2026\/08\/1-14-300x300.png\" class=\"attachment-woocommerce_thumbnail size-woocommerce_thumbnail\" alt=\"Claquettes Homme &lt;br \/&gt; Benfica\" srcset=\"https:\/\/nuvem.paris\/wp-content\/uploads\/2026\/08\/1-14-300x300.png 300w, https:\/\/nuvem.paris\/wp-content\/uploads\/2026\/08\/1-14-150x150.png 150w, https:\/\/nuvem.paris\/wp-content\/uploads\/2026\/08\/1-14-768x768.png 768w, https:\/\/nuvem.paris\/wp-content\/uploads\/2026\/08\/1-14-600x600.png 600w, https:\/\/nuvem.paris\/wp-content\/uploads\/2026\/08\/1-14-100x100.png 100w, https:\/\/nuvem.paris\/wp-content\/uploads\/2026\/08\/1-14.png 1000w\" sizes=\"(max-width: 300px) 100vw, 300px\" \/><h2 class=\"woocommerce-loop-product__title\">Claquettes Homme <br \/> Benfica<\/h2>\n\t<span class=\"price\"><span class=\"woocommerce-Price-amount amount\"><bdi>29,90&nbsp;<span class=\"woocommerce-Price-currencySymbol\" translate=\"no\">&euro;<\/span><\/bdi><\/span><\/span>\n<\/a><a href=\"https:\/\/nuvem.paris\/index.php\/produit\/claquettes-homme-benfica\/\" aria-describedby=\"woocommerce_loop_add_to_cart_link_describedby_8877\" data-quantity=\"1\" class=\"button product_type_variable add_to_cart_button\" data-product_id=\"8877\" data-product_sku=\"\" aria-label=\"S\u00e9lectionner les options pour &ldquo;Claquettes Homme  Benfica&rdquo;\" rel=\"nofollow\">Choix des options<\/a>\t<span id=\"woocommerce_loop_add_to_cart_link_describedby_8877\" class=\"screen-reader-text\">\n\t\tCe produit a plusieurs variations. Les options peuvent \u00eatre choisies sur la page du produit\t<\/span>\n<\/li>\n<li class=\"product type-product post-8867 status-publish first instock product_cat-accesoires has-post-thumbnail shipping-taxable purchasable product-type-variable\">\n\t<a href=\"https:\/\/nuvem.paris\/index.php\/produit\/claquettes-homme-porto\/\" class=\"woocommerce-LoopProduct-link woocommerce-loop-product__link\"><img loading=\"lazy\" decoding=\"async\" width=\"300\" height=\"300\" src=\"https:\/\/nuvem.paris\/wp-content\/uploads\/2026\/08\/1-12-300x300.png\" class=\"attachment-woocommerce_thumbnail size-woocommerce_thumbnail\" alt=\"Claquettes Homme &lt;br \/&gt; Porto\" srcset=\"https:\/\/nuvem.paris\/wp-content\/uploads\/2026\/08\/1-12-300x300.png 300w, https:\/\/nuvem.paris\/wp-content\/uploads\/2026\/08\/1-12-150x150.png 150w, https:\/\/nuvem.paris\/wp-content\/uploads\/2026\/08\/1-12-768x768.png 768w, https:\/\/nuvem.paris\/wp-content\/uploads\/2026\/08\/1-12-600x600.png 600w, https:\/\/nuvem.paris\/wp-content\/uploads\/2026\/08\/1-12-100x100.png 100w, https:\/\/nuvem.paris\/wp-content\/uploads\/2026\/08\/1-12.png 1000w\" sizes=\"(max-width: 300px) 100vw, 300px\" \/><h2 class=\"woocommerce-loop-product__title\">Claquettes Homme <br \/> Porto<\/h2>\n\t<span class=\"price\"><span class=\"woocommerce-Price-amount amount\"><bdi>29,90&nbsp;<span class=\"woocommerce-Price-currencySymbol\" translate=\"no\">&euro;<\/span><\/bdi><\/span><\/span>\n<\/a><a href=\"https:\/\/nuvem.paris\/index.php\/produit\/claquettes-homme-porto\/\" aria-describedby=\"woocommerce_loop_add_to_cart_link_describedby_8867\" data-quantity=\"1\" class=\"button product_type_variable add_to_cart_button\" data-product_id=\"8867\" data-product_sku=\"\" aria-label=\"S\u00e9lectionner les options pour &ldquo;Claquettes Homme  Porto&rdquo;\" rel=\"nofollow\">Choix des options<\/a>\t<span id=\"woocommerce_loop_add_to_cart_link_describedby_8867\" class=\"screen-reader-text\">\n\t\tCe produit a plusieurs variations. Les options peuvent \u00eatre choisies sur la page du produit\t<\/span>\n<\/li>\n<li class=\"product type-product post-8857 status-publish instock product_cat-accesoires has-post-thumbnail shipping-taxable purchasable product-type-variable\">\n\t<a href=\"https:\/\/nuvem.paris\/index.php\/produit\/claquettes-homme-noir\/\" class=\"woocommerce-LoopProduct-link woocommerce-loop-product__link\"><img loading=\"lazy\" decoding=\"async\" width=\"300\" height=\"300\" src=\"https:\/\/nuvem.paris\/wp-content\/uploads\/2026\/08\/1-10-300x300.png\" class=\"attachment-woocommerce_thumbnail size-woocommerce_thumbnail\" alt=\"Claquettes Homme &lt;br \/&gt; Noir\" srcset=\"https:\/\/nuvem.paris\/wp-content\/uploads\/2026\/08\/1-10-300x300.png 300w, https:\/\/nuvem.paris\/wp-content\/uploads\/2026\/08\/1-10-150x150.png 150w, https:\/\/nuvem.paris\/wp-content\/uploads\/2026\/08\/1-10-768x768.png 768w, https:\/\/nuvem.paris\/wp-content\/uploads\/2026\/08\/1-10-600x600.png 600w, https:\/\/nuvem.paris\/wp-content\/uploads\/2026\/08\/1-10-100x100.png 100w, https:\/\/nuvem.paris\/wp-content\/uploads\/2026\/08\/1-10.png 1000w\" sizes=\"(max-width: 300px) 100vw, 300px\" \/><h2 class=\"woocommerce-loop-product__title\">Claquettes Homme <br \/> Noir<\/h2>\n\t<span class=\"price\"><span class=\"woocommerce-Price-amount amount\"><bdi>29,90&nbsp;<span class=\"woocommerce-Price-currencySymbol\" translate=\"no\">&euro;<\/span><\/bdi><\/span><\/span>\n<\/a><a href=\"https:\/\/nuvem.paris\/index.php\/produit\/claquettes-homme-noir\/\" aria-describedby=\"woocommerce_loop_add_to_cart_link_describedby_8857\" data-quantity=\"1\" class=\"button product_type_variable add_to_cart_button\" data-product_id=\"8857\" data-product_sku=\"\" aria-label=\"S\u00e9lectionner les options pour &ldquo;Claquettes Homme  Noir&rdquo;\" rel=\"nofollow\">Choix des options<\/a>\t<span id=\"woocommerce_loop_add_to_cart_link_describedby_8857\" class=\"screen-reader-text\">\n\t\tCe produit a plusieurs variations. Les options peuvent \u00eatre choisies sur la page du produit\t<\/span>\n<\/li>\n<li class=\"product type-product post-8836 status-publish instock product_cat-accesoires product_cat-sweat-ados product_cat-sweat-enfants has-post-thumbnail shipping-taxable purchasable product-type-variable\">\n\t<a href=\"https:\/\/nuvem.paris\/index.php\/produit\/claquettes-enfant-portugal\/\" class=\"woocommerce-LoopProduct-link woocommerce-loop-product__link\"><img loading=\"lazy\" decoding=\"async\" width=\"300\" height=\"300\" src=\"https:\/\/nuvem.paris\/wp-content\/uploads\/2026\/08\/1-6-300x300.png\" class=\"attachment-woocommerce_thumbnail size-woocommerce_thumbnail\" alt=\"Claquettes enfant &lt;br \/&gt; Portugal\" srcset=\"https:\/\/nuvem.paris\/wp-content\/uploads\/2026\/08\/1-6-300x300.png 300w, https:\/\/nuvem.paris\/wp-content\/uploads\/2026\/08\/1-6-150x150.png 150w, https:\/\/nuvem.paris\/wp-content\/uploads\/2026\/08\/1-6-768x768.png 768w, https:\/\/nuvem.paris\/wp-content\/uploads\/2026\/08\/1-6-600x600.png 600w, https:\/\/nuvem.paris\/wp-content\/uploads\/2026\/08\/1-6-100x100.png 100w, https:\/\/nuvem.paris\/wp-content\/uploads\/2026\/08\/1-6.png 1000w\" sizes=\"(max-width: 300px) 100vw, 300px\" \/><h2 class=\"woocommerce-loop-product__title\">Claquettes enfant <br \/> Portugal<\/h2>\n\t<span class=\"price\"><span class=\"woocommerce-Price-amount amount\"><bdi>29,90&nbsp;<span class=\"woocommerce-Price-currencySymbol\" translate=\"no\">&euro;<\/span><\/bdi><\/span><\/span>\n<\/a><a href=\"https:\/\/nuvem.paris\/index.php\/produit\/claquettes-enfant-portugal\/\" aria-describedby=\"woocommerce_loop_add_to_cart_link_describedby_8836\" data-quantity=\"1\" class=\"button product_type_variable add_to_cart_button\" data-product_id=\"8836\" data-product_sku=\"\" aria-label=\"S\u00e9lectionner les options pour &ldquo;Claquettes enfant  Portugal&rdquo;\" rel=\"nofollow\">Choix des options<\/a>\t<span id=\"woocommerce_loop_add_to_cart_link_describedby_8836\" class=\"screen-reader-text\">\n\t\tCe produit a plusieurs variations. Les options peuvent \u00eatre choisies sur la page du produit\t<\/span>\n<\/li>\n<li class=\"product type-product post-8825 status-publish last instock product_cat-accesoires product_cat-sweat-ados product_cat-sweat-enfants has-post-thumbnail shipping-taxable purchasable product-type-variable\">\n\t<a href=\"https:\/\/nuvem.paris\/index.php\/produit\/claquettes-enfant-sporting\/\" class=\"woocommerce-LoopProduct-link woocommerce-loop-product__link\"><img loading=\"lazy\" decoding=\"async\" width=\"300\" height=\"300\" src=\"https:\/\/nuvem.paris\/wp-content\/uploads\/2026\/08\/1-4-300x300.png\" class=\"attachment-woocommerce_thumbnail size-woocommerce_thumbnail\" alt=\"Claquettes enfant &lt;br \/&gt; Sporting\" srcset=\"https:\/\/nuvem.paris\/wp-content\/uploads\/2026\/08\/1-4-300x300.png 300w, https:\/\/nuvem.paris\/wp-content\/uploads\/2026\/08\/1-4-150x150.png 150w, https:\/\/nuvem.paris\/wp-content\/uploads\/2026\/08\/1-4-768x768.png 768w, https:\/\/nuvem.paris\/wp-content\/uploads\/2026\/08\/1-4-600x600.png 600w, https:\/\/nuvem.paris\/wp-content\/uploads\/2026\/08\/1-4-100x100.png 100w, https:\/\/nuvem.paris\/wp-content\/uploads\/2026\/08\/1-4.png 1000w\" sizes=\"(max-width: 300px) 100vw, 300px\" \/><h2 class=\"woocommerce-loop-product__title\">Claquettes enfant <br \/> Sporting<\/h2>\n\t<span class=\"price\"><span class=\"woocommerce-Price-amount amount\"><bdi>29,90&nbsp;<span class=\"woocommerce-Price-currencySymbol\" translate=\"no\">&euro;<\/span><\/bdi><\/span><\/span>\n<\/a><a href=\"https:\/\/nuvem.paris\/index.php\/produit\/claquettes-enfant-sporting\/\" aria-describedby=\"woocommerce_loop_add_to_cart_link_describedby_8825\" data-quantity=\"1\" class=\"button product_type_variable add_to_cart_button\" data-product_id=\"8825\" data-product_sku=\"\" aria-label=\"S\u00e9lectionner les options pour &ldquo;Claquettes enfant  Sporting&rdquo;\" rel=\"nofollow\">Choix des options<\/a>\t<span id=\"woocommerce_loop_add_to_cart_link_describedby_8825\" class=\"screen-reader-text\">\n\t\tCe produit a plusieurs variations. Les options peuvent \u00eatre choisies sur la page du produit\t<\/span>\n<\/li>\n<li class=\"product type-product post-8814 status-publish first instock product_cat-accesoires product_cat-sweat-ados product_cat-sweat-enfants has-post-thumbnail shipping-taxable purchasable product-type-variable\">\n\t<a href=\"https:\/\/nuvem.paris\/index.php\/produit\/claquettes-enfant-porto\/\" class=\"woocommerce-LoopProduct-link woocommerce-loop-product__link\"><img loading=\"lazy\" decoding=\"async\" width=\"300\" height=\"300\" src=\"https:\/\/nuvem.paris\/wp-content\/uploads\/2026\/08\/1-2-300x300.png\" class=\"attachment-woocommerce_thumbnail size-woocommerce_thumbnail\" alt=\"Claquettes enfant &lt;br \/&gt; Porto\" srcset=\"https:\/\/nuvem.paris\/wp-content\/uploads\/2026\/08\/1-2-300x300.png 300w, https:\/\/nuvem.paris\/wp-content\/uploads\/2026\/08\/1-2-150x150.png 150w, https:\/\/nuvem.paris\/wp-content\/uploads\/2026\/08\/1-2-768x768.png 768w, https:\/\/nuvem.paris\/wp-content\/uploads\/2026\/08\/1-2-600x600.png 600w, https:\/\/nuvem.paris\/wp-content\/uploads\/2026\/08\/1-2-100x100.png 100w, https:\/\/nuvem.paris\/wp-content\/uploads\/2026\/08\/1-2.png 1000w\" sizes=\"(max-width: 300px) 100vw, 300px\" \/><h2 class=\"woocommerce-loop-product__title\">Claquettes enfant <br \/> Porto<\/h2>\n\t<span class=\"price\"><span class=\"woocommerce-Price-amount amount\"><bdi>29,90&nbsp;<span class=\"woocommerce-Price-currencySymbol\" translate=\"no\">&euro;<\/span><\/bdi><\/span><\/span>\n<\/a><a href=\"https:\/\/nuvem.paris\/index.php\/produit\/claquettes-enfant-porto\/\" aria-describedby=\"woocommerce_loop_add_to_cart_link_describedby_8814\" data-quantity=\"1\" class=\"button product_type_variable add_to_cart_button\" data-product_id=\"8814\" data-product_sku=\"\" aria-label=\"S\u00e9lectionner les options pour &ldquo;Claquettes enfant  Porto&rdquo;\" rel=\"nofollow\">Choix des options<\/a>\t<span id=\"woocommerce_loop_add_to_cart_link_describedby_8814\" class=\"screen-reader-text\">\n\t\tCe produit a plusieurs variations. Les options peuvent \u00eatre choisies sur la page du produit\t<\/span>\n<\/li>\n<li class=\"product type-product post-8803 status-publish instock product_cat-accesoires product_cat-sweat-ados product_cat-sweat-enfants has-post-thumbnail shipping-taxable purchasable product-type-variable\">\n\t<a href=\"https:\/\/nuvem.paris\/index.php\/produit\/claquettes-enfant-benfica\/\" class=\"woocommerce-LoopProduct-link woocommerce-loop-product__link\"><img loading=\"lazy\" decoding=\"async\" width=\"300\" height=\"300\" src=\"https:\/\/nuvem.paris\/wp-content\/uploads\/2026\/08\/1-300x300.png\" class=\"attachment-woocommerce_thumbnail size-woocommerce_thumbnail\" alt=\"Claquettes enfant &lt;br \/&gt; Benfica\" srcset=\"https:\/\/nuvem.paris\/wp-content\/uploads\/2026\/08\/1-300x300.png 300w, https:\/\/nuvem.paris\/wp-content\/uploads\/2026\/08\/1-150x150.png 150w, https:\/\/nuvem.paris\/wp-content\/uploads\/2026\/08\/1-768x768.png 768w, https:\/\/nuvem.paris\/wp-content\/uploads\/2026\/08\/1-600x600.png 600w, https:\/\/nuvem.paris\/wp-content\/uploads\/2026\/08\/1-100x100.png 100w, https:\/\/nuvem.paris\/wp-content\/uploads\/2026\/08\/1.png 1000w\" sizes=\"(max-width: 300px) 100vw, 300px\" \/><h2 class=\"woocommerce-loop-product__title\">Claquettes enfant <br \/> Benfica<\/h2>\n\t<span class=\"price\"><span class=\"woocommerce-Price-amount amount\"><bdi>29,90&nbsp;<span class=\"woocommerce-Price-currencySymbol\" translate=\"no\">&euro;<\/span><\/bdi><\/span><\/span>\n<\/a><a href=\"https:\/\/nuvem.paris\/index.php\/produit\/claquettes-enfant-benfica\/\" aria-describedby=\"woocommerce_loop_add_to_cart_link_describedby_8803\" data-quantity=\"1\" class=\"button product_type_variable add_to_cart_button\" data-product_id=\"8803\" data-product_sku=\"\" aria-label=\"S\u00e9lectionner les options pour &ldquo;Claquettes enfant  Benfica&rdquo;\" rel=\"nofollow\">Choix des options<\/a>\t<span id=\"woocommerce_loop_add_to_cart_link_describedby_8803\" class=\"screen-reader-text\">\n\t\tCe produit a plusieurs variations. Les options peuvent \u00eatre choisies sur la page du produit\t<\/span>\n<\/li>\n<li class=\"product type-product post-3094 status-publish instock product_cat-accesoires has-post-thumbnail shipping-taxable purchasable product-type-simple\">\n\t<a href=\"https:\/\/nuvem.paris\/index.php\/produit\/top-bag-portugal\/\" class=\"woocommerce-LoopProduct-link woocommerce-loop-product__link\"><img loading=\"lazy\" decoding=\"async\" width=\"300\" height=\"300\" src=\"https:\/\/nuvem.paris\/wp-content\/uploads\/2025\/02\/1-18-300x300.png\" class=\"attachment-woocommerce_thumbnail size-woocommerce_thumbnail\" alt=\"TOP BAG &lt;br \/&gt; Portugal\" srcset=\"https:\/\/nuvem.paris\/wp-content\/uploads\/2025\/02\/1-18-300x300.png 300w, https:\/\/nuvem.paris\/wp-content\/uploads\/2025\/02\/1-18-150x150.png 150w, https:\/\/nuvem.paris\/wp-content\/uploads\/2025\/02\/1-18-768x768.png 768w, https:\/\/nuvem.paris\/wp-content\/uploads\/2025\/02\/1-18-600x600.png 600w, https:\/\/nuvem.paris\/wp-content\/uploads\/2025\/02\/1-18-100x100.png 100w, https:\/\/nuvem.paris\/wp-content\/uploads\/2025\/02\/1-18.png 1000w\" sizes=\"(max-width: 300px) 100vw, 300px\" \/><h2 class=\"woocommerce-loop-product__title\">TOP BAG <br \/> Portugal<\/h2>\n\t<span class=\"price\"><span class=\"woocommerce-Price-amount amount\"><bdi>22,95&nbsp;<span class=\"woocommerce-Price-currencySymbol\" translate=\"no\">&euro;<\/span><\/bdi><\/span><\/span>\n<\/a><a href=\"\/index.php\/wp-json\/wp\/v2\/pages\/2825?add-to-cart=3094\" aria-describedby=\"woocommerce_loop_add_to_cart_link_describedby_3094\" data-quantity=\"1\" class=\"button product_type_simple add_to_cart_button ajax_add_to_cart\" data-product_id=\"3094\" data-product_sku=\"582133074-P2973A2S29\" aria-label=\"Ajouter au panier\u00a0: &ldquo;TOP BAG  Portugal&rdquo;\" rel=\"nofollow\" data-success_message=\"\u00ab\u00a0TOP BAG &lt;br \/&gt; Portugal\u00a0\u00bb a \u00e9t\u00e9 ajout\u00e9 \u00e0 votre panier\" role=\"button\">Ajouter au panier<\/a>\t<span id=\"woocommerce_loop_add_to_cart_link_describedby_3094\" class=\"screen-reader-text\">\n\t\t\t<\/span>\n<\/li>\n<li class=\"product type-product post-3087 status-publish last instock product_cat-accesoires has-post-thumbnail shipping-taxable purchasable product-type-simple\">\n\t<a href=\"https:\/\/nuvem.paris\/index.php\/produit\/top-bag-porto\/\" class=\"woocommerce-LoopProduct-link woocommerce-loop-product__link\"><img loading=\"lazy\" decoding=\"async\" width=\"300\" height=\"300\" src=\"https:\/\/nuvem.paris\/wp-content\/uploads\/2025\/02\/1-17-300x300.png\" class=\"attachment-woocommerce_thumbnail size-woocommerce_thumbnail\" alt=\"TOP BAG &lt;br \/&gt; Porto\" srcset=\"https:\/\/nuvem.paris\/wp-content\/uploads\/2025\/02\/1-17-300x300.png 300w, https:\/\/nuvem.paris\/wp-content\/uploads\/2025\/02\/1-17-150x150.png 150w, https:\/\/nuvem.paris\/wp-content\/uploads\/2025\/02\/1-17-768x768.png 768w, https:\/\/nuvem.paris\/wp-content\/uploads\/2025\/02\/1-17-600x600.png 600w, https:\/\/nuvem.paris\/wp-content\/uploads\/2025\/02\/1-17-100x100.png 100w, https:\/\/nuvem.paris\/wp-content\/uploads\/2025\/02\/1-17.png 1000w\" sizes=\"(max-width: 300px) 100vw, 300px\" \/><h2 class=\"woocommerce-loop-product__title\">TOP BAG <br \/> Porto<\/h2>\n\t<span class=\"price\"><span class=\"woocommerce-Price-amount amount\"><bdi>22,95&nbsp;<span class=\"woocommerce-Price-currencySymbol\" translate=\"no\">&euro;<\/span><\/bdi><\/span><\/span>\n<\/a><a href=\"\/index.php\/wp-json\/wp\/v2\/pages\/2825?add-to-cart=3087\" aria-describedby=\"woocommerce_loop_add_to_cart_link_describedby_3087\" data-quantity=\"1\" class=\"button product_type_simple add_to_cart_button ajax_add_to_cart\" data-product_id=\"3087\" data-product_sku=\"582133119-P2973A2S29\" aria-label=\"Ajouter au panier\u00a0: &ldquo;TOP BAG  Porto&rdquo;\" rel=\"nofollow\" data-success_message=\"\u00ab\u00a0TOP BAG &lt;br \/&gt; Porto\u00a0\u00bb a \u00e9t\u00e9 ajout\u00e9 \u00e0 votre panier\" role=\"button\">Ajouter au panier<\/a>\t<span id=\"woocommerce_loop_add_to_cart_link_describedby_3087\" class=\"screen-reader-text\">\n\t\t\t<\/span>\n<\/li>\n<li class=\"product type-product post-3080 status-publish first instock product_cat-accesoires has-post-thumbnail shipping-taxable purchasable product-type-simple\">\n\t<a href=\"https:\/\/nuvem.paris\/index.php\/produit\/top-bag-lisbonne\/\" class=\"woocommerce-LoopProduct-link woocommerce-loop-product__link\"><img loading=\"lazy\" decoding=\"async\" width=\"300\" height=\"300\" src=\"https:\/\/nuvem.paris\/wp-content\/uploads\/2025\/02\/1-16-300x300.png\" class=\"attachment-woocommerce_thumbnail size-woocommerce_thumbnail\" alt=\"TOP BAG &lt;br \/&gt; Lisbonne\" srcset=\"https:\/\/nuvem.paris\/wp-content\/uploads\/2025\/02\/1-16-300x300.png 300w, https:\/\/nuvem.paris\/wp-content\/uploads\/2025\/02\/1-16-150x150.png 150w, https:\/\/nuvem.paris\/wp-content\/uploads\/2025\/02\/1-16-768x768.png 768w, https:\/\/nuvem.paris\/wp-content\/uploads\/2025\/02\/1-16-600x600.png 600w, https:\/\/nuvem.paris\/wp-content\/uploads\/2025\/02\/1-16-100x100.png 100w, https:\/\/nuvem.paris\/wp-content\/uploads\/2025\/02\/1-16.png 1000w\" sizes=\"(max-width: 300px) 100vw, 300px\" \/><h2 class=\"woocommerce-loop-product__title\">TOP BAG <br \/> Lisbonne<\/h2>\n\t<span class=\"price\"><span class=\"woocommerce-Price-amount amount\"><bdi>22,95&nbsp;<span class=\"woocommerce-Price-currencySymbol\" translate=\"no\">&euro;<\/span><\/bdi><\/span><\/span>\n<\/a><a href=\"\/index.php\/wp-json\/wp\/v2\/pages\/2825?add-to-cart=3080\" aria-describedby=\"woocommerce_loop_add_to_cart_link_describedby_3080\" data-quantity=\"1\" class=\"button product_type_simple add_to_cart_button ajax_add_to_cart\" data-product_id=\"3080\" data-product_sku=\"582133168-P2973A2S29\" aria-label=\"Ajouter au panier\u00a0: &ldquo;TOP BAG  Lisbonne&rdquo;\" rel=\"nofollow\" data-success_message=\"\u00ab\u00a0TOP BAG &lt;br \/&gt; Lisbonne\u00a0\u00bb a \u00e9t\u00e9 ajout\u00e9 \u00e0 votre panier\" role=\"button\">Ajouter au panier<\/a>\t<span id=\"woocommerce_loop_add_to_cart_link_describedby_3080\" class=\"screen-reader-text\">\n\t\t\t<\/span>\n<\/li>\n<li class=\"product type-product post-3073 status-publish instock product_cat-accesoires has-post-thumbnail shipping-taxable purchasable product-type-simple\">\n\t<a href=\"https:\/\/nuvem.paris\/index.php\/produit\/top-bag-fatima\/\" class=\"woocommerce-LoopProduct-link woocommerce-loop-product__link\"><img loading=\"lazy\" decoding=\"async\" width=\"300\" height=\"300\" src=\"https:\/\/nuvem.paris\/wp-content\/uploads\/2025\/02\/1-15-300x300.png\" class=\"attachment-woocommerce_thumbnail size-woocommerce_thumbnail\" alt=\"TOP BAG &lt;br \/&gt; Fatima\" srcset=\"https:\/\/nuvem.paris\/wp-content\/uploads\/2025\/02\/1-15-300x300.png 300w, https:\/\/nuvem.paris\/wp-content\/uploads\/2025\/02\/1-15-150x150.png 150w, https:\/\/nuvem.paris\/wp-content\/uploads\/2025\/02\/1-15-768x768.png 768w, https:\/\/nuvem.paris\/wp-content\/uploads\/2025\/02\/1-15-600x600.png 600w, https:\/\/nuvem.paris\/wp-content\/uploads\/2025\/02\/1-15-100x100.png 100w, https:\/\/nuvem.paris\/wp-content\/uploads\/2025\/02\/1-15.png 1000w\" sizes=\"(max-width: 300px) 100vw, 300px\" \/><h2 class=\"woocommerce-loop-product__title\">TOP BAG <br \/> Fatima<\/h2>\n\t<span class=\"price\"><span class=\"woocommerce-Price-amount amount\"><bdi>22,95&nbsp;<span class=\"woocommerce-Price-currencySymbol\" translate=\"no\">&euro;<\/span><\/bdi><\/span><\/span>\n<\/a><a href=\"\/index.php\/wp-json\/wp\/v2\/pages\/2825?add-to-cart=3073\" aria-describedby=\"woocommerce_loop_add_to_cart_link_describedby_3073\" data-quantity=\"1\" class=\"button product_type_simple add_to_cart_button ajax_add_to_cart\" data-product_id=\"3073\" data-product_sku=\"582133156-P2973A2S29\" aria-label=\"Ajouter au panier\u00a0: &ldquo;TOP BAG  Fatima&rdquo;\" rel=\"nofollow\" data-success_message=\"\u00ab\u00a0TOP BAG &lt;br \/&gt; Fatima\u00a0\u00bb a \u00e9t\u00e9 ajout\u00e9 \u00e0 votre panier\" role=\"button\">Ajouter au panier<\/a>\t<span id=\"woocommerce_loop_add_to_cart_link_describedby_3073\" class=\"screen-reader-text\">\n\t\t\t<\/span>\n<\/li>\n<li class=\"product type-product post-3063 status-publish outofstock product_cat-accesoires has-post-thumbnail shipping-taxable purchasable product-type-simple\">\n\t<a href=\"https:\/\/nuvem.paris\/index.php\/produit\/casquette-grise-nuvem\/\" class=\"woocommerce-LoopProduct-link woocommerce-loop-product__link\"><img loading=\"lazy\" decoding=\"async\" width=\"300\" height=\"300\" src=\"https:\/\/nuvem.paris\/wp-content\/uploads\/2025\/02\/1-14-300x300.png\" class=\"attachment-woocommerce_thumbnail size-woocommerce_thumbnail\" alt=\"Casquette Grise &lt;br \/&gt; Nuvem\" srcset=\"https:\/\/nuvem.paris\/wp-content\/uploads\/2025\/02\/1-14-300x300.png 300w, https:\/\/nuvem.paris\/wp-content\/uploads\/2025\/02\/1-14-150x150.png 150w, https:\/\/nuvem.paris\/wp-content\/uploads\/2025\/02\/1-14-768x768.png 768w, https:\/\/nuvem.paris\/wp-content\/uploads\/2025\/02\/1-14-600x600.png 600w, https:\/\/nuvem.paris\/wp-content\/uploads\/2025\/02\/1-14-100x100.png 100w, https:\/\/nuvem.paris\/wp-content\/uploads\/2025\/02\/1-14.png 1000w\" sizes=\"(max-width: 300px) 100vw, 300px\" \/><h2 class=\"woocommerce-loop-product__title\">Casquette Grise <br \/> Nuvem<\/h2>\n\t<span class=\"price\"><span class=\"woocommerce-Price-amount amount\"><bdi>24,95&nbsp;<span class=\"woocommerce-Price-currencySymbol\" translate=\"no\">&euro;<\/span><\/bdi><\/span><\/span>\n<\/a><a href=\"https:\/\/nuvem.paris\/index.php\/produit\/casquette-grise-nuvem\/\" aria-describedby=\"woocommerce_loop_add_to_cart_link_describedby_3063\" data-quantity=\"1\" class=\"button product_type_simple\" data-product_id=\"3063\" data-product_sku=\"583151423-P3109A1329S29\" aria-label=\"En savoir plus sur &ldquo;Casquette Grise  Nuvem&rdquo;\" rel=\"nofollow\" data-success_message=\"\">Lire la suite<\/a>\t<span id=\"woocommerce_loop_add_to_cart_link_describedby_3063\" class=\"screen-reader-text\">\n\t\t\t<\/span>\n<\/li>\n<li class=\"product type-product post-3061 status-publish last outofstock product_cat-accesoires has-post-thumbnail shipping-taxable purchasable product-type-simple\">\n\t<a href=\"https:\/\/nuvem.paris\/index.php\/produit\/casquette-bleu-nuvem\/\" class=\"woocommerce-LoopProduct-link woocommerce-loop-product__link\"><img loading=\"lazy\" decoding=\"async\" width=\"300\" height=\"300\" src=\"https:\/\/nuvem.paris\/wp-content\/uploads\/2025\/02\/1-13-300x300.png\" class=\"attachment-woocommerce_thumbnail size-woocommerce_thumbnail\" alt=\"Casquette Bleu &lt;br \/&gt; Nuvem\" srcset=\"https:\/\/nuvem.paris\/wp-content\/uploads\/2025\/02\/1-13-300x300.png 300w, https:\/\/nuvem.paris\/wp-content\/uploads\/2025\/02\/1-13-150x150.png 150w, https:\/\/nuvem.paris\/wp-content\/uploads\/2025\/02\/1-13-768x768.png 768w, https:\/\/nuvem.paris\/wp-content\/uploads\/2025\/02\/1-13-600x600.png 600w, https:\/\/nuvem.paris\/wp-content\/uploads\/2025\/02\/1-13-100x100.png 100w, https:\/\/nuvem.paris\/wp-content\/uploads\/2025\/02\/1-13.png 1000w\" sizes=\"(max-width: 300px) 100vw, 300px\" \/><h2 class=\"woocommerce-loop-product__title\">Casquette Bleu <br \/> Nuvem<\/h2>\n\t<span class=\"price\"><span class=\"woocommerce-Price-amount amount\"><bdi>24,95&nbsp;<span class=\"woocommerce-Price-currencySymbol\" translate=\"no\">&euro;<\/span><\/bdi><\/span><\/span>\n<\/a><a href=\"https:\/\/nuvem.paris\/index.php\/produit\/casquette-bleu-nuvem\/\" aria-describedby=\"woocommerce_loop_add_to_cart_link_describedby_3061\" data-quantity=\"1\" class=\"button product_type_simple\" data-product_id=\"3061\" data-product_sku=\"582127557-P3109A688S29\" aria-label=\"En savoir plus sur &ldquo;Casquette Bleu  Nuvem&rdquo;\" rel=\"nofollow\" data-success_message=\"\">Lire la suite<\/a>\t<span id=\"woocommerce_loop_add_to_cart_link_describedby_3061\" class=\"screen-reader-text\">\n\t\t\t<\/span>\n<\/li>\n<li class=\"product type-product post-3048 status-publish first instock product_cat-accesoires has-post-thumbnail shipping-taxable purchasable product-type-variable\">\n\t<a href=\"https:\/\/nuvem.paris\/index.php\/produit\/bob-portugal-nuvem\/\" class=\"woocommerce-LoopProduct-link woocommerce-loop-product__link\"><img loading=\"lazy\" decoding=\"async\" width=\"300\" height=\"300\" src=\"https:\/\/nuvem.paris\/wp-content\/uploads\/2025\/02\/1-11-300x300.png\" class=\"attachment-woocommerce_thumbnail size-woocommerce_thumbnail\" alt=\"BOB PORTUGAL &lt;br \/&gt; Nuvem\" srcset=\"https:\/\/nuvem.paris\/wp-content\/uploads\/2025\/02\/1-11-300x300.png 300w, https:\/\/nuvem.paris\/wp-content\/uploads\/2025\/02\/1-11-150x150.png 150w, https:\/\/nuvem.paris\/wp-content\/uploads\/2025\/02\/1-11-768x768.png 768w, https:\/\/nuvem.paris\/wp-content\/uploads\/2025\/02\/1-11-600x600.png 600w, https:\/\/nuvem.paris\/wp-content\/uploads\/2025\/02\/1-11-100x100.png 100w, https:\/\/nuvem.paris\/wp-content\/uploads\/2025\/02\/1-11.png 1000w\" sizes=\"(max-width: 300px) 100vw, 300px\" \/><h2 class=\"woocommerce-loop-product__title\">BOB PORTUGAL <br \/> Nuvem<\/h2>\n\t<span class=\"price\"><span class=\"woocommerce-Price-amount amount\"><bdi>29,95&nbsp;<span class=\"woocommerce-Price-currencySymbol\" translate=\"no\">&euro;<\/span><\/bdi><\/span><\/span>\n<\/a><a href=\"https:\/\/nuvem.paris\/index.php\/produit\/bob-portugal-nuvem\/\" aria-describedby=\"woocommerce_loop_add_to_cart_link_describedby_3048\" data-quantity=\"1\" class=\"button product_type_variable add_to_cart_button\" data-product_id=\"3048\" data-product_sku=\"\" aria-label=\"S\u00e9lectionner les options pour &ldquo;BOB PORTUGAL  Nuvem&rdquo;\" rel=\"nofollow\">Choix des options<\/a>\t<span id=\"woocommerce_loop_add_to_cart_link_describedby_3048\" class=\"screen-reader-text\">\n\t\tCe produit a plusieurs variations. Les options peuvent \u00eatre choisies sur la page du produit\t<\/span>\n<\/li>\n<li class=\"product type-product post-3037 status-publish instock product_cat-accesoires has-post-thumbnail shipping-taxable purchasable product-type-variable\">\n\t<a href=\"https:\/\/nuvem.paris\/index.php\/produit\/bob-noir-nuvem\/\" class=\"woocommerce-LoopProduct-link woocommerce-loop-product__link\"><img loading=\"lazy\" decoding=\"async\" width=\"300\" height=\"300\" src=\"https:\/\/nuvem.paris\/wp-content\/uploads\/2025\/02\/1-9-300x300.png\" class=\"attachment-woocommerce_thumbnail size-woocommerce_thumbnail\" alt=\"BOB NOIR &lt;br \/&gt; Nuvem\" srcset=\"https:\/\/nuvem.paris\/wp-content\/uploads\/2025\/02\/1-9-300x300.png 300w, https:\/\/nuvem.paris\/wp-content\/uploads\/2025\/02\/1-9-150x150.png 150w, https:\/\/nuvem.paris\/wp-content\/uploads\/2025\/02\/1-9-768x768.png 768w, https:\/\/nuvem.paris\/wp-content\/uploads\/2025\/02\/1-9-600x600.png 600w, https:\/\/nuvem.paris\/wp-content\/uploads\/2025\/02\/1-9-100x100.png 100w, https:\/\/nuvem.paris\/wp-content\/uploads\/2025\/02\/1-9.png 1000w\" sizes=\"(max-width: 300px) 100vw, 300px\" \/><h2 class=\"woocommerce-loop-product__title\">BOB NOIR <br \/> Nuvem<\/h2>\n\t<span class=\"price\"><span class=\"woocommerce-Price-amount amount\"><bdi>29,95&nbsp;<span class=\"woocommerce-Price-currencySymbol\" translate=\"no\">&euro;<\/span><\/bdi><\/span><\/span>\n<\/a><a href=\"https:\/\/nuvem.paris\/index.php\/produit\/bob-noir-nuvem\/\" aria-describedby=\"woocommerce_loop_add_to_cart_link_describedby_3037\" data-quantity=\"1\" class=\"button product_type_variable add_to_cart_button\" data-product_id=\"3037\" data-product_sku=\"\" aria-label=\"S\u00e9lectionner les options pour &ldquo;BOB NOIR  Nuvem&rdquo;\" rel=\"nofollow\">Choix des options<\/a>\t<span id=\"woocommerce_loop_add_to_cart_link_describedby_3037\" class=\"screen-reader-text\">\n\t\tCe produit a plusieurs variations. Les options peuvent \u00eatre choisies sur la page du produit\t<\/span>\n<\/li>\n<li class=\"product type-product post-3025 status-publish instock product_cat-accesoires has-post-thumbnail shipping-taxable purchasable product-type-variable\">\n\t<a href=\"https:\/\/nuvem.paris\/index.php\/produit\/bob-beige-nuvem\/\" class=\"woocommerce-LoopProduct-link woocommerce-loop-product__link\"><img loading=\"lazy\" decoding=\"async\" width=\"300\" height=\"300\" src=\"https:\/\/nuvem.paris\/wp-content\/uploads\/2025\/02\/1-7-300x300.png\" class=\"attachment-woocommerce_thumbnail size-woocommerce_thumbnail\" alt=\"BOB BEIGE &lt;br \/&gt; Nuvem\" srcset=\"https:\/\/nuvem.paris\/wp-content\/uploads\/2025\/02\/1-7-300x300.png 300w, https:\/\/nuvem.paris\/wp-content\/uploads\/2025\/02\/1-7-150x150.png 150w, https:\/\/nuvem.paris\/wp-content\/uploads\/2025\/02\/1-7-768x768.png 768w, https:\/\/nuvem.paris\/wp-content\/uploads\/2025\/02\/1-7-600x600.png 600w, https:\/\/nuvem.paris\/wp-content\/uploads\/2025\/02\/1-7-100x100.png 100w, https:\/\/nuvem.paris\/wp-content\/uploads\/2025\/02\/1-7.png 1000w\" sizes=\"(max-width: 300px) 100vw, 300px\" \/><h2 class=\"woocommerce-loop-product__title\">BOB BEIGE <br \/> Nuvem<\/h2>\n\t<span class=\"price\"><span class=\"woocommerce-Price-amount amount\"><bdi>29,95&nbsp;<span class=\"woocommerce-Price-currencySymbol\" translate=\"no\">&euro;<\/span><\/bdi><\/span><\/span>\n<\/a><a href=\"https:\/\/nuvem.paris\/index.php\/produit\/bob-beige-nuvem\/\" aria-describedby=\"woocommerce_loop_add_to_cart_link_describedby_3025\" data-quantity=\"1\" class=\"button product_type_variable add_to_cart_button\" data-product_id=\"3025\" data-product_sku=\"\" aria-label=\"S\u00e9lectionner les options pour &ldquo;BOB BEIGE  Nuvem&rdquo;\" rel=\"nofollow\">Choix des options<\/a>\t<span id=\"woocommerce_loop_add_to_cart_link_describedby_3025\" class=\"screen-reader-text\">\n\t\tCe produit a plusieurs variations. Les options peuvent \u00eatre choisies sur la page du produit\t<\/span>\n<\/li>\n<li class=\"product type-product post-2906 status-publish last instock product_cat-accesoires has-post-thumbnail shipping-taxable purchasable product-type-simple\">\n\t<a href=\"https:\/\/nuvem.paris\/index.php\/produit\/top-bag-azulejos-2\/\" class=\"woocommerce-LoopProduct-link woocommerce-loop-product__link\"><img loading=\"lazy\" decoding=\"async\" width=\"300\" height=\"300\" src=\"https:\/\/nuvem.paris\/wp-content\/uploads\/2025\/01\/1-13-300x300.png\" class=\"attachment-woocommerce_thumbnail size-woocommerce_thumbnail\" alt=\"TOP BAG &lt;br \/&gt; Azulejos\" srcset=\"https:\/\/nuvem.paris\/wp-content\/uploads\/2025\/01\/1-13-300x300.png 300w, https:\/\/nuvem.paris\/wp-content\/uploads\/2025\/01\/1-13-150x150.png 150w, https:\/\/nuvem.paris\/wp-content\/uploads\/2025\/01\/1-13-768x768.png 768w, https:\/\/nuvem.paris\/wp-content\/uploads\/2025\/01\/1-13-600x600.png 600w, https:\/\/nuvem.paris\/wp-content\/uploads\/2025\/01\/1-13-100x100.png 100w, https:\/\/nuvem.paris\/wp-content\/uploads\/2025\/01\/1-13.png 1000w\" sizes=\"(max-width: 300px) 100vw, 300px\" \/><h2 class=\"woocommerce-loop-product__title\">TOP BAG <br \/> Azulejos<\/h2>\n\t<span class=\"price\"><span class=\"woocommerce-Price-amount amount\"><bdi>22,95&nbsp;<span class=\"woocommerce-Price-currencySymbol\" translate=\"no\">&euro;<\/span><\/bdi><\/span><\/span>\n<\/a><a href=\"\/index.php\/wp-json\/wp\/v2\/pages\/2825?add-to-cart=2906\" aria-describedby=\"woocommerce_loop_add_to_cart_link_describedby_2906\" data-quantity=\"1\" class=\"button product_type_simple add_to_cart_button ajax_add_to_cart\" data-product_id=\"2906\" data-product_sku=\"582478285-P2973A2S29\" aria-label=\"Ajouter au panier\u00a0: &ldquo;TOP BAG  Azulejos&rdquo;\" rel=\"nofollow\" data-success_message=\"\u00ab\u00a0TOP BAG &lt;br \/&gt; Azulejos\u00a0\u00bb a \u00e9t\u00e9 ajout\u00e9 \u00e0 votre panier\" role=\"button\">Ajouter au panier<\/a>\t<span id=\"woocommerce_loop_add_to_cart_link_describedby_2906\" class=\"screen-reader-text\">\n\t\t\t<\/span>\n<\/li>\n<li class=\"product type-product post-1445 status-publish first instock product_cat-accesoires has-post-thumbnail shipping-taxable purchasable product-type-simple\">\n\t<a href=\"https:\/\/nuvem.paris\/index.php\/produit\/top-bag-nuvem-noir\/\" class=\"woocommerce-LoopProduct-link woocommerce-loop-product__link\"><img loading=\"lazy\" decoding=\"async\" width=\"300\" height=\"300\" src=\"https:\/\/nuvem.paris\/wp-content\/uploads\/2024\/09\/1-9-300x300.png\" class=\"attachment-woocommerce_thumbnail size-woocommerce_thumbnail\" alt=\"TOP BAG NUVEM &lt;br\/&gt; Noir\" srcset=\"https:\/\/nuvem.paris\/wp-content\/uploads\/2024\/09\/1-9-300x300.png 300w, https:\/\/nuvem.paris\/wp-content\/uploads\/2024\/09\/1-9-150x150.png 150w, https:\/\/nuvem.paris\/wp-content\/uploads\/2024\/09\/1-9-768x768.png 768w, https:\/\/nuvem.paris\/wp-content\/uploads\/2024\/09\/1-9-600x600.png 600w, https:\/\/nuvem.paris\/wp-content\/uploads\/2024\/09\/1-9-100x100.png 100w, https:\/\/nuvem.paris\/wp-content\/uploads\/2024\/09\/1-9.png 1000w\" sizes=\"(max-width: 300px) 100vw, 300px\" \/><h2 class=\"woocommerce-loop-product__title\">TOP BAG NUVEM <br\/> Noir<\/h2>\n\t<span class=\"price\"><span class=\"woocommerce-Price-amount amount\"><bdi>22,95&nbsp;<span class=\"woocommerce-Price-currencySymbol\" translate=\"no\">&euro;<\/span><\/bdi><\/span><\/span>\n<\/a><a href=\"\/index.php\/wp-json\/wp\/v2\/pages\/2825?add-to-cart=1445\" aria-describedby=\"woocommerce_loop_add_to_cart_link_describedby_1445\" data-quantity=\"1\" class=\"button product_type_simple add_to_cart_button ajax_add_to_cart\" data-product_id=\"1445\" data-product_sku=\"578639789-P2973A2S29\" aria-label=\"Ajouter au panier\u00a0: &ldquo;TOP BAG NUVEM  Noir&rdquo;\" rel=\"nofollow\" data-success_message=\"\u00ab\u00a0TOP BAG NUVEM &lt;br\/&gt; Noir\u00a0\u00bb a \u00e9t\u00e9 ajout\u00e9 \u00e0 votre panier\" role=\"button\">Ajouter au panier<\/a>\t<span id=\"woocommerce_loop_add_to_cart_link_describedby_1445\" class=\"screen-reader-text\">\n\t\t\t<\/span>\n<\/li>\n<li class=\"product type-product post-1383 status-publish instock product_cat-accesoires has-post-thumbnail shipping-taxable purchasable product-type-simple\">\n\t<a href=\"https:\/\/nuvem.paris\/index.php\/produit\/top-bag-nuvem-azulejos-moderne\/\" class=\"woocommerce-LoopProduct-link woocommerce-loop-product__link\"><img loading=\"lazy\" decoding=\"async\" width=\"300\" height=\"300\" src=\"https:\/\/nuvem.paris\/wp-content\/uploads\/2024\/09\/1-10-300x300.png\" class=\"attachment-woocommerce_thumbnail size-woocommerce_thumbnail\" alt=\"TOP BAG &lt;br \/&gt; Azulejos Moderne\" srcset=\"https:\/\/nuvem.paris\/wp-content\/uploads\/2024\/09\/1-10-300x300.png 300w, https:\/\/nuvem.paris\/wp-content\/uploads\/2024\/09\/1-10-150x150.png 150w, https:\/\/nuvem.paris\/wp-content\/uploads\/2024\/09\/1-10-768x768.png 768w, https:\/\/nuvem.paris\/wp-content\/uploads\/2024\/09\/1-10-600x600.png 600w, https:\/\/nuvem.paris\/wp-content\/uploads\/2024\/09\/1-10-100x100.png 100w, https:\/\/nuvem.paris\/wp-content\/uploads\/2024\/09\/1-10.png 1000w\" sizes=\"(max-width: 300px) 100vw, 300px\" \/><h2 class=\"woocommerce-loop-product__title\">TOP BAG <br \/> Azulejos Moderne<\/h2>\n\t<span class=\"price\"><span class=\"woocommerce-Price-amount amount\"><bdi>22,95&nbsp;<span class=\"woocommerce-Price-currencySymbol\" translate=\"no\">&euro;<\/span><\/bdi><\/span><\/span>\n<\/a><a href=\"\/index.php\/wp-json\/wp\/v2\/pages\/2825?add-to-cart=1383\" aria-describedby=\"woocommerce_loop_add_to_cart_link_describedby_1383\" data-quantity=\"1\" class=\"button product_type_simple add_to_cart_button ajax_add_to_cart\" data-product_id=\"1383\" data-product_sku=\"578639825-P2973A2S29\" aria-label=\"Ajouter au panier\u00a0: &ldquo;TOP BAG  Azulejos Moderne&rdquo;\" rel=\"nofollow\" data-success_message=\"\u00ab\u00a0TOP BAG &lt;br \/&gt; Azulejos Moderne\u00a0\u00bb a \u00e9t\u00e9 ajout\u00e9 \u00e0 votre panier\" role=\"button\">Ajouter au panier<\/a>\t<span id=\"woocommerce_loop_add_to_cart_link_describedby_1383\" class=\"screen-reader-text\">\n\t\t\t<\/span>\n<\/li>\n<\/ul>\n<\/div>\t\t\t\t<\/div>\n\t\t\t\t<\/div>\n\t\t\t\t<div class=\"elementor-element elementor-element-e6e429a elementor-widget elementor-widget-spacer\" data-id=\"e6e429a\" data-element_type=\"widget\" data-e-type=\"widget\" data-widget_type=\"spacer.default\">\n\t\t\t\t<div class=\"elementor-widget-container\">\n\t\t\t\t\t\t\t<div class=\"elementor-spacer\">\n\t\t\t<div class=\"elementor-spacer-inner\"><\/div>\n\t\t<\/div>\n\t\t\t\t\t\t<\/div>\n\t\t\t\t<\/div>\n\t\t\t\t\t<\/div>\n\t\t\t\t<\/div>\n\t\t\t\t<\/div>\n\t\t","protected":false},"excerpt":{"rendered":"","protected":false},"author":2,"featured_media":0,"parent":0,"menu_order":0,"comment_status":"closed","ping_status":"closed","template":"elementor_header_footer","meta":{"footnotes":""},"class_list":["post-2825","page","type-page","status-publish","hentry"],"yoast_head":"<!-- This site is optimized with the Yoast SEO plugin v28.2 - https:\/\/yoast.com\/product\/yoast-seo-wordpress\/ -->\n<title>accessoires - Nuvem<\/title>\n<meta name=\"robots\" content=\"index, follow, max-snippet:-1, max-image-preview:large, max-video-preview:-1\" \/>\n<link rel=\"canonical\" href=\"https:\/\/nuvem.paris\/index.php\/accessoires\/\" \/>\n<meta property=\"og:locale\" content=\"fr_FR\" \/>\n<meta property=\"og:type\" content=\"article\" \/>\n<meta property=\"og:title\" content=\"accessoires - Nuvem\" \/>\n<meta property=\"og:url\" content=\"https:\/\/nuvem.paris\/index.php\/accessoires\/\" \/>\n<meta property=\"og:site_name\" content=\"Nuvem\" \/>\n<meta property=\"article:modified_time\" content=\"2026-08-03T17:28:57+00:00\" \/>\n<meta name=\"twitter:card\" content=\"summary_large_image\" \/>\n<meta name=\"twitter:label1\" content=\"Dur\u00e9e de lecture estim\u00e9e\" \/>\n\t<meta name=\"twitter:data1\" content=\"12 minutes\" \/>\n<script type=\"application\/ld+json\" class=\"yoast-schema-graph\">{\"@context\":\"https:\\\/\\\/schema.org\",\"@graph\":[{\"@type\":\"WebPage\",\"@id\":\"https:\\\/\\\/nuvem.paris\\\/index.php\\\/accessoires\\\/\",\"url\":\"https:\\\/\\\/nuvem.paris\\\/index.php\\\/accessoires\\\/\",\"name\":\"accessoires - Nuvem\",\"isPartOf\":{\"@id\":\"https:\\\/\\\/nuvem.paris\\\/#website\"},\"datePublished\":\"2025-01-26T15:38:08+00:00\",\"dateModified\":\"2026-08-03T17:28:57+00:00\",\"breadcrumb\":{\"@id\":\"https:\\\/\\\/nuvem.paris\\\/index.php\\\/accessoires\\\/#breadcrumb\"},\"inLanguage\":\"fr-FR\",\"potentialAction\":[{\"@type\":\"ReadAction\",\"target\":[\"https:\\\/\\\/nuvem.paris\\\/index.php\\\/accessoires\\\/\"]}]},{\"@type\":\"BreadcrumbList\",\"@id\":\"https:\\\/\\\/nuvem.paris\\\/index.php\\\/accessoires\\\/#breadcrumb\",\"itemListElement\":[{\"@type\":\"ListItem\",\"position\":1,\"name\":\"Accueil\",\"item\":\"https:\\\/\\\/nuvem.paris\\\/\"},{\"@type\":\"ListItem\",\"position\":2,\"name\":\"accessoires\"}]},{\"@type\":\"WebSite\",\"@id\":\"https:\\\/\\\/nuvem.paris\\\/#website\",\"url\":\"https:\\\/\\\/nuvem.paris\\\/\",\"name\":\"Nuvem\",\"description\":\"Portugal inspir\u00e9, nature pr\u00e9serv\u00e9e - la mode \u00e9co-consciente\",\"publisher\":{\"@id\":\"https:\\\/\\\/nuvem.paris\\\/#organization\"},\"potentialAction\":[{\"@type\":\"SearchAction\",\"target\":{\"@type\":\"EntryPoint\",\"urlTemplate\":\"https:\\\/\\\/nuvem.paris\\\/?s={search_term_string}\"},\"query-input\":{\"@type\":\"PropertyValueSpecification\",\"valueRequired\":true,\"valueName\":\"search_term_string\"}}],\"inLanguage\":\"fr-FR\"},{\"@type\":\"Organization\",\"@id\":\"https:\\\/\\\/nuvem.paris\\\/#organization\",\"name\":\"Nuvem\",\"url\":\"https:\\\/\\\/nuvem.paris\\\/\",\"logo\":{\"@type\":\"ImageObject\",\"inLanguage\":\"fr-FR\",\"@id\":\"https:\\\/\\\/nuvem.paris\\\/#\\\/schema\\\/logo\\\/image\\\/\",\"url\":\"https:\\\/\\\/nuvem.paris\\\/wp-content\\\/uploads\\\/2024\\\/04\\\/autocollant.png\",\"contentUrl\":\"https:\\\/\\\/nuvem.paris\\\/wp-content\\\/uploads\\\/2024\\\/04\\\/autocollant.png\",\"width\":800,\"height\":360,\"caption\":\"Nuvem\"},\"image\":{\"@id\":\"https:\\\/\\\/nuvem.paris\\\/#\\\/schema\\\/logo\\\/image\\\/\"}}]}<\/script>\n<!-- \/ Yoast SEO plugin. -->","yoast_head_json":{"title":"accessoires - Nuvem","robots":{"index":"index","follow":"follow","max-snippet":"max-snippet:-1","max-image-preview":"max-image-preview:large","max-video-preview":"max-video-preview:-1"},"canonical":"https:\/\/nuvem.paris\/index.php\/accessoires\/","og_locale":"fr_FR","og_type":"article","og_title":"accessoires - Nuvem","og_url":"https:\/\/nuvem.paris\/index.php\/accessoires\/","og_site_name":"Nuvem","article_modified_time":"2026-08-03T17:28:57+00:00","twitter_card":"summary_large_image","twitter_misc":{"Dur\u00e9e de lecture estim\u00e9e":"12 minutes"},"schema":{"@context":"https:\/\/schema.org","@graph":[{"@type":"WebPage","@id":"https:\/\/nuvem.paris\/index.php\/accessoires\/","url":"https:\/\/nuvem.paris\/index.php\/accessoires\/","name":"accessoires - Nuvem","isPartOf":{"@id":"https:\/\/nuvem.paris\/#website"},"datePublished":"2025-01-26T15:38:08+00:00","dateModified":"2026-08-03T17:28:57+00:00","breadcrumb":{"@id":"https:\/\/nuvem.paris\/index.php\/accessoires\/#breadcrumb"},"inLanguage":"fr-FR","potentialAction":[{"@type":"ReadAction","target":["https:\/\/nuvem.paris\/index.php\/accessoires\/"]}]},{"@type":"BreadcrumbList","@id":"https:\/\/nuvem.paris\/index.php\/accessoires\/#breadcrumb","itemListElement":[{"@type":"ListItem","position":1,"name":"Accueil","item":"https:\/\/nuvem.paris\/"},{"@type":"ListItem","position":2,"name":"accessoires"}]},{"@type":"WebSite","@id":"https:\/\/nuvem.paris\/#website","url":"https:\/\/nuvem.paris\/","name":"Nuvem","description":"Portugal inspir\u00e9, nature pr\u00e9serv\u00e9e - la mode \u00e9co-consciente","publisher":{"@id":"https:\/\/nuvem.paris\/#organization"},"potentialAction":[{"@type":"SearchAction","target":{"@type":"EntryPoint","urlTemplate":"https:\/\/nuvem.paris\/?s={search_term_string}"},"query-input":{"@type":"PropertyValueSpecification","valueRequired":true,"valueName":"search_term_string"}}],"inLanguage":"fr-FR"},{"@type":"Organization","@id":"https:\/\/nuvem.paris\/#organization","name":"Nuvem","url":"https:\/\/nuvem.paris\/","logo":{"@type":"ImageObject","inLanguage":"fr-FR","@id":"https:\/\/nuvem.paris\/#\/schema\/logo\/image\/","url":"https:\/\/nuvem.paris\/wp-content\/uploads\/2024\/04\/autocollant.png","contentUrl":"https:\/\/nuvem.paris\/wp-content\/uploads\/2024\/04\/autocollant.png","width":800,"height":360,"caption":"Nuvem"},"image":{"@id":"https:\/\/nuvem.paris\/#\/schema\/logo\/image\/"}}]}},"_links":{"self":[{"href":"https:\/\/nuvem.paris\/index.php\/wp-json\/wp\/v2\/pages\/2825","targetHints":{"allow":["GET"]}}],"collection":[{"href":"https:\/\/nuvem.paris\/index.php\/wp-json\/wp\/v2\/pages"}],"about":[{"href":"https:\/\/nuvem.paris\/index.php\/wp-json\/wp\/v2\/types\/page"}],"author":[{"embeddable":true,"href":"https:\/\/nuvem.paris\/index.php\/wp-json\/wp\/v2\/users\/2"}],"replies":[{"embeddable":true,"href":"https:\/\/nuvem.paris\/index.php\/wp-json\/wp\/v2\/comments?post=2825"}],"version-history":[{"count":7,"href":"https:\/\/nuvem.paris\/index.php\/wp-json\/wp\/v2\/pages\/2825\/revisions"}],"predecessor-version":[{"id":9033,"href":"https:\/\/nuvem.paris\/index.php\/wp-json\/wp\/v2\/pages\/2825\/revisions\/9033"}],"wp:attachment":[{"href":"https:\/\/nuvem.paris\/index.php\/wp-json\/wp\/v2\/media?parent=2825"}],"curies":[{"name":"wp","href":"https:\/\/api.w.org\/{rel}","templated":true}]}}